{"id":23474,"date":"2026-04-28T09:52:41","date_gmt":"2026-04-28T07:52:41","guid":{"rendered":"https:\/\/www.gastro-pacht.de\/gastronomie\/immobilien\/berglocation-zu-verpachten\/"},"modified":"2026-04-28T09:53:11","modified_gmt":"2026-04-28T07:53:11","slug":"berglocation-zu-verpachten","status":"publish","type":"property","link":"https:\/\/www.gastro-pacht.de\/gastronomie\/immobilien\/berglocation-zu-verpachten\/","title":{"rendered":"Wundersch\u00f6ne Berglocation zu verpachten"},"content":{"rendered":"<p>Die bekannte <strong>ROSEMI-ALM<\/strong> am Stoderzinken \u2013 ein herrlich in den Hang eingebetteter Gastbetrieb in typisch \u00f6sterreichischem Almcharakter.<\/p>\n<p>Die Alm wurde 2001 gebaut und bietet in gem\u00fctlicher und exklusiver Atmosph\u00e4re im Inneren Platz f\u00fcr ca. 70 G\u00e4ste und au\u00dfen, auf der gro\u00dfen S\u00fcdterrasse, befinden sich ebenfalls Pl\u00e4tze f\u00fcr 60-70 G\u00e4ste.<\/p>\n<p>Das Geb\u00e4ude ist vollunterkellert.<\/p>\n<p>Die Alm ist auf 1800 m und sowohl im Winter f\u00fcr z.B. Tourenski- und Schneeschuhwanderer als auch im Sommer als Treffpunkt f\u00fcr Paraglider, Zipliner oder auch f\u00fcr Wanderer ein sehr beliebtes Ausflugsziel.<\/p>\n<p>Die <strong>ROSEMI-ALM<\/strong> bietet mit ihren R\u00e4umlichkeiten Platz f\u00fcr Familienfeiern jeglicher Art. F\u00fcr Trauungen bietet sich das nahegelegene \u201eFriedenskircherl\u201c an.<\/p>\n","protected":false},"excerpt":{"rendered":"<p>Die bekannte ROSEMI-ALM am Stoderzinken \u2013 ein herrlich in den Hang eingebetteter Gastbetrieb in typisch \u00f6sterreichischem Almcharakter. Die Alm wurde 2001 gebaut und bietet in gem\u00fctlicher und exklusiver Atmosph\u00e4re im Inneren Platz f\u00fcr ca. 70 G\u00e4ste und au\u00dfen, auf der gro\u00dfen S\u00fcdterrasse, befinden sich ebenfalls Pl\u00e4tze f\u00fcr 60-70 G\u00e4ste. Das Geb\u00e4ude ist vollunterkellert. Die Alm [&hellip;]<\/p>\n","protected":false},"author":6215,"featured_media":23468,"parent":0,"menu_order":0,"template":"","property_type":[182,193,172,170,168],"property_status":[34],"property_feature":[344,345,126],"property_label":[38],"property_country":[88],"property_state":[471],"property_city":[469],"property_area":[470],"class_list":["post-23474","property","type-property","status-publish","has-post-thumbnail","hentry","property_type-ausflugslokal","property_type-gasthof","property_type-gaststaette","property_type-restaurant","property_type-restaurant-gaststaette","property_status-zu-verpachten","property_feature-garten","property_feature-paechterwohnung","property_feature-theke","property_label-guter-zustand","property_country-oesterreich","property_state-steiermark","property_city-aich","property_area-schladming-dachstein"],"aioseo_notices":[],"property_meta":{"fave_property_year":["2001"],"fave_property_price":["auf Anfrage"],"fave_property_price_placeholder":[""],"fave_property_price_prefix":[""],"fave_show_price_placeholder":["0"],"additional_features":["a:1:{i:0;a:2:{s:29:\"fave_additional_feature_title\";s:0:\"\";s:29:\"fave_additional_feature_value\";s:0:\"\";}}"],"fave_additional_features_enable":["enable"],"floor_plans":[""],"fave_multi_units":[""],"fave_featured":["0"],"houzez_featured_listing_date":[""],"fave_virtual_tour":[""],"fave_innensitzplc3a4tze":["70"],"fave_auc39fensitzplc3a4tze":["70"],"fave_ausstattung":["Vollinventarisiert"],"fave_verfc3bcgbar-ab":["ab sofort"],"fave_status":["Geschlossen"],"fave_video_url":[""],"fave_property_zip":["8966"],"fave_property_map_address":["Aich"],"fave_property_address":["Aich"],"houzez_geolocation_lat":[""],"houzez_geolocation_long":[""],"fave_property_location":[","],"fave_property_map":["1"],"fave_property_map_street_view":["hide"],"fave_property_id":["23474"],"fave_energy_class":[""],"fave_energy_global_index":[""],"fave_renewable_energy_global_index":[""],"fave_energy_performance":[""],"fave_epc_current_rating":[""],"fave_epc_potential_rating":[""],"fave_payment_status":["not_paid"],"fave_agent_display_option":["agent_info"],"fave_mortgage_cal":["0"],"fave_property_images":["23468","23473","23471","23469","23472","23470"],"_thumbnail_id":["23468"],"fave_agents":["23465"],"_eael_post_view_count":["12"],"houzez_total_property_views":["12"],"houzez_views_by_date":["a:1:{s:10:\"04-28-2026\";i:12;}"],"houzez_recently_viewed":["2026-04-28 14:53:00"],"_elementor_page_assets":["a:0:{}"]},"_links":{"self":[{"href":"https:\/\/www.gastro-pacht.de\/gastronomie\/wp-json\/wp\/v2\/properties\/23474","targetHints":{"allow":["GET"]}}],"collection":[{"href":"https:\/\/www.gastro-pacht.de\/gastronomie\/wp-json\/wp\/v2\/properties"}],"about":[{"href":"https:\/\/www.gastro-pacht.de\/gastronomie\/wp-json\/wp\/v2\/types\/property"}],"author":[{"embeddable":true,"href":"https:\/\/www.gastro-pacht.de\/gastronomie\/wp-json\/wp\/v2\/users\/6215"}],"version-history":[{"count":1,"href":"https:\/\/www.gastro-pacht.de\/gastronomie\/wp-json\/wp\/v2\/properties\/23474\/revisions"}],"predecessor-version":[{"id":23475,"href":"https:\/\/www.gastro-pacht.de\/gastronomie\/wp-json\/wp\/v2\/properties\/23474\/revisions\/23475"}],"wp:featuredmedia":[{"embeddable":true,"href":"https:\/\/www.gastro-pacht.de\/gastronomie\/wp-json\/wp\/v2\/media\/23468"}],"wp:attachment":[{"href":"https:\/\/www.gastro-pacht.de\/gastronomie\/wp-json\/wp\/v2\/media?parent=23474"}],"wp:term":[{"taxonomy":"property_type","embeddable":true,"href":"https:\/\/www.gastro-pacht.de\/gastronomie\/wp-json\/wp\/v2\/property_type?post=23474"},{"taxonomy":"property_status","embeddable":true,"href":"https:\/\/www.gastro-pacht.de\/gastronomie\/wp-json\/wp\/v2\/property_status?post=23474"},{"taxonomy":"property_feature","embeddable":true,"href":"https:\/\/www.gastro-pacht.de\/gastronomie\/wp-json\/wp\/v2\/property_feature?post=23474"},{"taxonomy":"property_label","embeddable":true,"href":"https:\/\/www.gastro-pacht.de\/gastronomie\/wp-json\/wp\/v2\/property_label?post=23474"},{"taxonomy":"property_country","embeddable":true,"href":"https:\/\/www.gastro-pacht.de\/gastronomie\/wp-json\/wp\/v2\/property_country?post=23474"},{"taxonomy":"property_state","embeddable":true,"href":"https:\/\/www.gastro-pacht.de\/gastronomie\/wp-json\/wp\/v2\/property_state?post=23474"},{"taxonomy":"property_city","embeddable":true,"href":"https:\/\/www.gastro-pacht.de\/gastronomie\/wp-json\/wp\/v2\/property_city?post=23474"},{"taxonomy":"property_area","embeddable":true,"href":"https:\/\/www.gastro-pacht.de\/gastronomie\/wp-json\/wp\/v2\/property_area?post=23474"}],"curies":[{"name":"wp","href":"https:\/\/api.w.org\/{rel}","templated":true}]}}