{"id":23293,"date":"2026-03-17T14:13:48","date_gmt":"2026-03-17T13:13:48","guid":{"rendered":"https:\/\/www.gastro-pacht.de\/gastronomie\/?post_type=property&#038;p=23293"},"modified":"2026-03-20T13:33:15","modified_gmt":"2026-03-20T12:33:15","slug":"direkt-am-rhein-das-theaters-bonn-verpachtet-pausengastronomie-sowie-restaurant","status":"publish","type":"property","link":"https:\/\/www.gastro-pacht.de\/gastronomie\/immobilien\/direkt-am-rhein-das-theaters-bonn-verpachtet-pausengastronomie-sowie-restaurant\/","title":{"rendered":"THEATER BONN: PAUSENGASTRONOMIE UND RESTAURANT ZU VERPACHTEN"},"content":{"rendered":"<p>Sie sind auf der Suche nach einer architektonisch au\u00dfergew\u00f6hnlichen Restaurationsanlage, in der Kulturbegeisterte und Feinschmecker mit Blick auf den Rhein kulinarisch verw\u00f6hnt werden k\u00f6nnen?\u00a0 Zum 1. August werden die Pausengastronomie sowie das Restaurant mit Au\u00dfengastronomie und die Kantine in der Oper in Bonn, die Pausengastronomie der Werkstattb\u00fchne sowie die Pausengastronomie im Schauspielhaus in Bonn-Bad Godesberg verpachtet.\u00a0<strong>Details zur gew\u00fcnschten Leistung f\u00fcr die Pausengastronomie und Restauration sowie zum Bewerbungsverfahren erhalten Sie im Expos\u00e9 zur \u201eVerpachtung Gastronomie Theater Bonn\u201d.<\/strong><\/p>\n<p>Zur Besichtigung der Geb\u00e4ude und Kl\u00e4rung weiterer Fragen sowie Geb\u00e4udepl\u00e4ne wenden Sie sich bitte an: Sabine Mauel, E-Mail: <a href=\"mailto:sabine.mauel@bonn.de\">sabine.mauel@bonn.de<\/a>, Tel: 0228 778123.<\/p>\n<p>Ihr innovatives Pausen- sowie Restaurationsangebot sprechen f\u00fcr sich selbst. Mit Ihrer offenen und herzlichen Art gewinnen Sie schnell das Vertrauen der G\u00e4ste und verf\u00fcgen \u00fcber ein ausgewiesenes Flair als Gastgeber. \u00dcbersenden Sie uns Ihr gastronomisches Gesamtkonzept inklusive Gesch\u00e4ftsplan, zusammen mit Ihrer fachlichen Leistungsbeschreibung, die uns Ihren Werdegang beschreibt. Bitte \u00fcbermitteln Sie Ihre Bewerbung bis <strong>31.03.2026<\/strong> samt geforderter Unterlagen schriftlich an das Theater Bonn an: angebotseinziehung.theater@bonn.de.<\/p>\n","protected":false},"excerpt":{"rendered":"<p>Sie sind auf der Suche nach einer architektonisch au\u00dfergew\u00f6hnlichen Restaurationsanlage, in der Kulturbegeisterte und Feinschmecker mit Blick auf den Rhein kulinarisch verw\u00f6hnt werden k\u00f6nnen?\u00a0 Zum 1. August werden die Pausengastronomie sowie das Restaurant mit Au\u00dfengastronomie und die Kantine in der Oper in Bonn, die Pausengastronomie der Werkstattb\u00fchne sowie die Pausengastronomie im Schauspielhaus in Bonn-Bad Godesberg [&hellip;]<\/p>\n","protected":false},"author":6198,"featured_media":23291,"parent":0,"menu_order":0,"template":"","property_type":[182,178,153,167],"property_status":[34],"property_feature":[344,128,127,18,122,126],"property_label":[38],"property_country":[87],"property_state":[201],"property_city":[456],"property_area":[460],"class_list":["post-23293","property","type-property","status-publish","has-post-thumbnail","hentry","property_type-ausflugslokal","property_type-bistro-restaurant","property_type-gastronomie","property_type-ristorante","property_status-zu-verpachten","property_feature-garten","property_feature-grossinventar","property_feature-kleininventar","property_feature-klimatisiert","property_feature-kueche","property_feature-theke","property_label-guter-zustand","property_country-deutschland","property_state-nrw","property_city-bonn","property_area-rheinland"],"aioseo_notices":[],"property_meta":{"fave_property_year":["Baujahr 1965 - Sanierung erfolgt fortlaufend da Theaterbetrieb"],"fave_property_price":["Pacht VB"],"fave_show_price_placeholder":["0"],"fave_additional_features_enable":["enable"],"fave_featured":["0"],"houzez_featured_listing_date":[""],"fave_innensitzplc3a4tze":["Pl\u00e4ne auf Anfrage"],"fave_auc39fensitzplc3a4tze":["Pl\u00e4ne auf Anfrage"],"fave_gastraumflc3a4che":["195 m\u00b2 Restaurant \/ Fl\u00e4che f\u00fcr Pausengastronomie"],"fave_ausstattung":["Vollinventarisiert"],"fave_brauereifrei":["Ja"],"fave_parkplc3a4tze":["Parkhaus Opernhaus"],"fave_verfc3bcgbar-ab":["01.08.2026"],"fave_status":["Ge\u00f6ffnet"],"fave_objektlage":["Bonn am Rhein"],"fave_nebenkosten":["Auf Anfrage"],"fave_property_zip":["53111"],"fave_property_map_address":["Am Boeselagerhof 1"],"fave_property_address":["Am Boeselagerhof 1"],"houzez_geolocation_lat":["50.7366376"],"houzez_geolocation_long":["7.1042327"],"fave_property_location":["50.7366376,7.1042327"],"fave_property_map":["1"],"fave_property_map_street_view":["show"],"fave_property_id":["23293"],"fave_payment_status":["not_paid"],"fave_agent_display_option":["agent_info"],"_eael_post_view_count":["1015"],"houzez_total_property_views":["998"],"houzez_views_by_date":["a:48:{s:10:\"03-17-2026\";i:81;s:10:\"03-18-2026\";i:90;s:10:\"03-19-2026\";i:63;s:10:\"03-20-2026\";i:58;s:10:\"03-21-2026\";i:23;s:10:\"03-22-2026\";i:22;s:10:\"03-23-2026\";i:13;s:10:\"03-24-2026\";i:32;s:10:\"03-25-2026\";i:21;s:10:\"03-26-2026\";i:28;s:10:\"03-27-2026\";i:10;s:10:\"03-28-2026\";i:21;s:10:\"03-29-2026\";i:24;s:10:\"03-30-2026\";i:27;s:10:\"03-31-2026\";i:16;s:10:\"04-01-2026\";i:10;s:10:\"04-02-2026\";i:5;s:10:\"04-03-2026\";i:14;s:10:\"04-04-2026\";i:9;s:10:\"04-05-2026\";i:8;s:10:\"04-06-2026\";i:21;s:10:\"04-07-2026\";i:16;s:10:\"04-08-2026\";i:15;s:10:\"04-09-2026\";i:4;s:10:\"04-10-2026\";i:15;s:10:\"04-11-2026\";i:11;s:10:\"04-12-2026\";i:22;s:10:\"04-13-2026\";i:13;s:10:\"04-14-2026\";i:34;s:10:\"04-15-2026\";i:31;s:10:\"04-16-2026\";i:6;s:10:\"04-17-2026\";i:10;s:10:\"04-18-2026\";i:16;s:10:\"04-19-2026\";i:16;s:10:\"04-20-2026\";i:12;s:10:\"04-21-2026\";i:20;s:10:\"04-22-2026\";i:23;s:10:\"04-23-2026\";i:20;s:10:\"04-24-2026\";i:6;s:10:\"04-25-2026\";i:15;s:10:\"04-26-2026\";i:15;s:10:\"04-27-2026\";i:22;s:10:\"04-28-2026\";i:14;s:10:\"04-29-2026\";i:6;s:10:\"04-30-2026\";i:5;s:10:\"05-01-2026\";i:8;s:10:\"05-02-2026\";i:16;s:10:\"05-03-2026\";i:11;}"],"houzez_recently_viewed":["2026-05-03 14:05:15"],"_edit_lock":["1773830854:1"],"fave_loggedintoview":["0"],"_edit_last":["1"],"fave_single_top_area":["global"],"fave_single_content_area":["global"],"sib_push_meta_box_present":["1"],"sib_push_send_notification":["0"],"sib_push_send_notification_delay_seconds":[null],"sib_push_target_tags":[null],"sib_push_target_segment_ids":["@ALL"],"sib_push_target_brevo_segment_ids":[null],"sib_push_target_brevo_list_ids":[null],"sib_push_utm_source":[null],"sib_push_utm_medium":[null],"sib_push_utm_campaign":[null],"sib_push_utm_term":[null],"sib_push_utm_content":[null],"_aioseo_title":[null],"_aioseo_description":[null],"_aioseo_keywords":["a:0:{}"],"_aioseo_og_title":[""],"_aioseo_og_description":[""],"_aioseo_og_article_section":[""],"_aioseo_og_article_tags":["a:0:{}"],"_aioseo_twitter_title":[""],"_aioseo_twitter_description":[""],"cmplz_hide_cookiebanner":[""],"houzez_manual_expire":["0"],"_houzez_expiration_date_status":["saved"],"fave_property_price_placeholder":[""],"fave_property_price_prefix":[""],"additional_features":[""],"floor_plans":[""],"fave_multi_units":[""],"fave_virtual_tour":[""],"fave_video_url":[""],"fave_energy_class":[""],"fave_energy_global_index":[""],"fave_renewable_energy_global_index":[""],"fave_energy_performance":[""],"fave_epc_current_rating":[""],"fave_epc_potential_rating":[""],"fave_property_disclaimer":[""],"fave_property_images":["23291","23363","23362","23367","23357","23356","23364","23359","23358","23365","23366","23361","23368","23360","23348","23346","23347","23370","23351","23352","23353","23354","23355","23371"],"_thumbnail_id":["23291"],"fave_attachments":["23334","23335"],"fave_agents":["23288"],"_elementor_page_assets":["a:0:{}"]},"_links":{"self":[{"href":"https:\/\/www.gastro-pacht.de\/gastronomie\/wp-json\/wp\/v2\/properties\/23293","targetHints":{"allow":["GET"]}}],"collection":[{"href":"https:\/\/www.gastro-pacht.de\/gastronomie\/wp-json\/wp\/v2\/properties"}],"about":[{"href":"https:\/\/www.gastro-pacht.de\/gastronomie\/wp-json\/wp\/v2\/types\/property"}],"author":[{"embeddable":true,"href":"https:\/\/www.gastro-pacht.de\/gastronomie\/wp-json\/wp\/v2\/users\/6198"}],"version-history":[{"count":19,"href":"https:\/\/www.gastro-pacht.de\/gastronomie\/wp-json\/wp\/v2\/properties\/23293\/revisions"}],"predecessor-version":[{"id":23339,"href":"https:\/\/www.gastro-pacht.de\/gastronomie\/wp-json\/wp\/v2\/properties\/23293\/revisions\/23339"}],"wp:featuredmedia":[{"embeddable":true,"href":"https:\/\/www.gastro-pacht.de\/gastronomie\/wp-json\/wp\/v2\/media\/23291"}],"wp:attachment":[{"href":"https:\/\/www.gastro-pacht.de\/gastronomie\/wp-json\/wp\/v2\/media?parent=23293"}],"wp:term":[{"taxonomy":"property_type","embeddable":true,"href":"https:\/\/www.gastro-pacht.de\/gastronomie\/wp-json\/wp\/v2\/property_type?post=23293"},{"taxonomy":"property_status","embeddable":true,"href":"https:\/\/www.gastro-pacht.de\/gastronomie\/wp-json\/wp\/v2\/property_status?post=23293"},{"taxonomy":"property_feature","embeddable":true,"href":"https:\/\/www.gastro-pacht.de\/gastronomie\/wp-json\/wp\/v2\/property_feature?post=23293"},{"taxonomy":"property_label","embeddable":true,"href":"https:\/\/www.gastro-pacht.de\/gastronomie\/wp-json\/wp\/v2\/property_label?post=23293"},{"taxonomy":"property_country","embeddable":true,"href":"https:\/\/www.gastro-pacht.de\/gastronomie\/wp-json\/wp\/v2\/property_country?post=23293"},{"taxonomy":"property_state","embeddable":true,"href":"https:\/\/www.gastro-pacht.de\/gastronomie\/wp-json\/wp\/v2\/property_state?post=23293"},{"taxonomy":"property_city","embeddable":true,"href":"https:\/\/www.gastro-pacht.de\/gastronomie\/wp-json\/wp\/v2\/property_city?post=23293"},{"taxonomy":"property_area","embeddable":true,"href":"https:\/\/www.gastro-pacht.de\/gastronomie\/wp-json\/wp\/v2\/property_area?post=23293"}],"curies":[{"name":"wp","href":"https:\/\/api.w.org\/{rel}","templated":true}]}}