{"id":23064,"date":"2025-12-16T11:56:12","date_gmt":"2025-12-16T10:56:12","guid":{"rendered":"https:\/\/www.gastro-pacht.de\/gastronomie\/?post_type=property&#038;p=23064"},"modified":"2025-12-16T12:52:43","modified_gmt":"2025-12-16T11:52:43","slug":"gastronomie-mit-traumhafter-terrasse-in-top-golfclub-naehe-stuttgart-reutlingen","status":"publish","type":"property","link":"https:\/\/www.gastro-pacht.de\/gastronomie\/immobilien\/gastronomie-mit-traumhafter-terrasse-in-top-golfclub-naehe-stuttgart-reutlingen\/","title":{"rendered":"Gastronomie mit traumhafter Terrasse \u2013 in Top-Golfclub \u2013 N\u00e4he Stuttgart \/ Reutlingen"},"content":{"rendered":"<p>Diese au\u00dfergew\u00f6hnliche und gut eingef\u00fchrte Gastronomie wird neu verpachtet! Der Golf Club Hammetweil ist vielfach ausgezeichnet und z\u00e4hlt zu den Top-Golfanlagen Deutschlands.<\/p>\n<p>Das Clubhaus wurde 2007 fertig gestellt und befindet sich in einem Top-Zustand. Verpachtet wird die Gastronomie mit vollst\u00e4ndiger Ausstattung. Zudem kann das Personal (2 MA), welches die Gastronomie aktuell in unserem Namen f\u00fchrt, \u00fcbernommen werden.<\/p>\n<p>Das Restaurant verf\u00fcgt innen zwischen 50 und 120 Pl\u00e4tzen sowie zwei Au\u00dfenterrassen und einen Biergarten mit Grillstation sowie rund 180 Pl\u00e4tze. Verschiedene Abtrennm\u00f6glichkeiten erlauben zahlreiche Varianten von Veranstaltungen. Leidglich in der Hauptsaison ist eine Absprache zur Durchf\u00fchrung von Events notwendig \u2013 wenngleich der Verp\u00e4chter dabei selbst gr\u00f6\u00dfter Auftraggeber sein wird.<\/p>\n<p>Die langj\u00e4hrigen und umfassende Erfahrungen des Verp\u00e4chters zum Betrieb der Gastronomie werden den Einstieg und die Umsetzung eines zielgruppenspezifischen Konzeptes erleichtern.<\/p>\n<p>WIR SUCHEN einen ERFAHRENEN P\u00e4chter, Koch oder Ehepaar, welche mit Herzblut diese Gastronomie zu ihrer pers\u00f6nlichen Leidenschaft machen \u2013 und bereit ist \u00fcber viele Jahre hier das volle Potenzial dieses Location f\u00fcr sich zu nutzen.<\/p>\n<p>Als \u201cK\u00fcche\u201d wird eine internationale Ausrichtung erw\u00fcnscht \u2013 gerne mit deutschem, schw\u00e4bischen oder mediterranen\u00a0 Schwerpunkt.<\/p>\n","protected":false},"excerpt":{"rendered":"<p>Diese au\u00dfergew\u00f6hnliche und gut eingef\u00fchrte Gastronomie wird neu verpachtet! Der Golf Club Hammetweil ist vielfach ausgezeichnet und z\u00e4hlt zu den Top-Golfanlagen Deutschlands. Das Clubhaus wurde 2007 fertig gestellt und befindet sich in einem Top-Zustand. Verpachtet wird die Gastronomie mit vollst\u00e4ndiger Ausstattung. Zudem kann das Personal (2 MA), welches die Gastronomie aktuell in unserem Namen f\u00fchrt, [&hellip;]<\/p>\n","protected":false},"author":6167,"featured_media":23058,"parent":0,"menu_order":0,"template":"","property_type":[182,177,176,164],"property_status":[34],"property_feature":[344,100,128,125,75,127,122,101,97,126,124,123],"property_label":[38],"property_country":[],"property_state":[107],"property_city":[342],"property_area":[],"class_list":["post-23064","property","type-property","status-publish","has-post-thumbnail","hentry","property_type-ausflugslokal","property_type-cafe","property_type-cafe-restaurant","property_type-sportgaststaette","property_status-zu-verpachten","property_feature-garten","property_feature-golfanlage","property_feature-grossinventar","property_feature-heizstrahler","property_feature-kamin","property_feature-kleininventar","property_feature-kueche","property_feature-saal","property_feature-tagungsraeume","property_feature-theke","property_feature-ueberdachte-terrasse","property_feature-wintergarten","property_label-guter-zustand","property_state-baden-wuerttemberg","property_city-neckartenzlingen"],"aioseo_notices":[],"property_meta":{"fave_property_year":["2007\/2024"],"fave_property_price":["5"],"fave_property_price_placeholder":[""],"fave_property_price_prefix":["%"],"fave_show_price_placeholder":["0"],"additional_features":["a:1:{i:0;a:2:{s:29:\"fave_additional_feature_title\";s:0:\"\";s:29:\"fave_additional_feature_value\";s:0:\"\";}}"],"fave_additional_features_enable":["enable"],"floor_plans":[""],"fave_multi_units":[""],"fave_featured":["1"],"houzez_featured_listing_date":["2025-12-16 12:52:43"],"fave_virtual_tour":[""],"fave_innensitzplc3a4tze":["100"],"fave_auc39fensitzplc3a4tze":["140"],"fave_saal-tagungsrc3a4ume":["2"],"fave_gastraumflc3a4che":["300 m\u00b2"],"fave_grundstc3bccksflc3a4che":["5000 m\u00b2"],"fave_ausstattung":["Vollinventarisiert"],"fave_brauereifrei":["Ja"],"fave_parkplc3a4tze":["250"],"fave_status":["Ge\u00f6ffnet"],"fave_objektlage":["Top-Ausflugslokal im Ballungsgebiet"],"fave_video_url":[""],"fave_property_zip":["72654"],"fave_property_map_address":["Neckartenzlingen, Deutschland"],"fave_property_address":["Neckartenzlingen, Deutschland"],"houzez_geolocation_lat":["48.577766501323126"],"houzez_geolocation_long":["9.222714307324233"],"fave_property_location":["48.577766501323126,9.222714307324233"],"fave_property_map":["1"],"fave_property_map_street_view":["show"],"fave_property_id":["23064"],"fave_energy_class":[""],"fave_energy_global_index":[""],"fave_renewable_energy_global_index":[""],"fave_energy_performance":[""],"fave_epc_current_rating":[""],"fave_epc_potential_rating":[""],"fave_payment_status":["not_paid"],"fave_agent_display_option":["author_info"],"_eael_post_view_count":["4330"],"houzez_total_property_views":["4284"],"houzez_views_by_date":["a:61:{s:10:\"03-04-2026\";i:28;s:10:\"03-05-2026\";i:29;s:10:\"03-06-2026\";i:39;s:10:\"03-07-2026\";i:27;s:10:\"03-08-2026\";i:28;s:10:\"03-09-2026\";i:29;s:10:\"03-10-2026\";i:20;s:10:\"03-11-2026\";i:51;s:10:\"03-12-2026\";i:19;s:10:\"03-13-2026\";i:10;s:10:\"03-14-2026\";i:24;s:10:\"03-15-2026\";i:33;s:10:\"03-16-2026\";i:23;s:10:\"03-17-2026\";i:23;s:10:\"03-18-2026\";i:46;s:10:\"03-19-2026\";i:43;s:10:\"03-20-2026\";i:36;s:10:\"03-21-2026\";i:18;s:10:\"03-22-2026\";i:22;s:10:\"03-23-2026\";i:19;s:10:\"03-24-2026\";i:41;s:10:\"03-25-2026\";i:34;s:10:\"03-26-2026\";i:38;s:10:\"03-27-2026\";i:14;s:10:\"03-28-2026\";i:31;s:10:\"03-29-2026\";i:12;s:10:\"03-30-2026\";i:25;s:10:\"03-31-2026\";i:25;s:10:\"04-01-2026\";i:26;s:10:\"04-02-2026\";i:13;s:10:\"04-03-2026\";i:16;s:10:\"04-04-2026\";i:20;s:10:\"04-05-2026\";i:17;s:10:\"04-06-2026\";i:22;s:10:\"04-07-2026\";i:23;s:10:\"04-08-2026\";i:16;s:10:\"04-09-2026\";i:8;s:10:\"04-10-2026\";i:28;s:10:\"04-11-2026\";i:20;s:10:\"04-12-2026\";i:42;s:10:\"04-13-2026\";i:16;s:10:\"04-14-2026\";i:32;s:10:\"04-15-2026\";i:48;s:10:\"04-16-2026\";i:15;s:10:\"04-17-2026\";i:15;s:10:\"04-18-2026\";i:23;s:10:\"04-19-2026\";i:22;s:10:\"04-20-2026\";i:31;s:10:\"04-21-2026\";i:30;s:10:\"04-22-2026\";i:31;s:10:\"04-23-2026\";i:32;s:10:\"04-24-2026\";i:21;s:10:\"04-25-2026\";i:23;s:10:\"04-26-2026\";i:30;s:10:\"04-27-2026\";i:23;s:10:\"04-28-2026\";i:31;s:10:\"04-29-2026\";i:14;s:10:\"04-30-2026\";i:8;s:10:\"05-01-2026\";i:23;s:10:\"05-02-2026\";i:12;s:10:\"05-03-2026\";i:8;}"],"houzez_recently_viewed":["2026-05-03 14:04:35"],"fave_loggedintoview":["0"],"fave_property_disclaimer":[""],"fave_verfc3bcgbar-ab":["ab sofort"],"fave_property_images":["23058","23060","23059","23057","23063","23049","23052","23053","23050","23051","23054","23055","23056","23061","23062"],"_thumbnail_id":["23058"],"_elementor_page_assets":["a:0:{}"]},"_links":{"self":[{"href":"https:\/\/www.gastro-pacht.de\/gastronomie\/wp-json\/wp\/v2\/properties\/23064","targetHints":{"allow":["GET"]}}],"collection":[{"href":"https:\/\/www.gastro-pacht.de\/gastronomie\/wp-json\/wp\/v2\/properties"}],"about":[{"href":"https:\/\/www.gastro-pacht.de\/gastronomie\/wp-json\/wp\/v2\/types\/property"}],"author":[{"embeddable":true,"href":"https:\/\/www.gastro-pacht.de\/gastronomie\/wp-json\/wp\/v2\/users\/6167"}],"version-history":[{"count":2,"href":"https:\/\/www.gastro-pacht.de\/gastronomie\/wp-json\/wp\/v2\/properties\/23064\/revisions"}],"predecessor-version":[{"id":23066,"href":"https:\/\/www.gastro-pacht.de\/gastronomie\/wp-json\/wp\/v2\/properties\/23064\/revisions\/23066"}],"wp:featuredmedia":[{"embeddable":true,"href":"https:\/\/www.gastro-pacht.de\/gastronomie\/wp-json\/wp\/v2\/media\/23058"}],"wp:attachment":[{"href":"https:\/\/www.gastro-pacht.de\/gastronomie\/wp-json\/wp\/v2\/media?parent=23064"}],"wp:term":[{"taxonomy":"property_type","embeddable":true,"href":"https:\/\/www.gastro-pacht.de\/gastronomie\/wp-json\/wp\/v2\/property_type?post=23064"},{"taxonomy":"property_status","embeddable":true,"href":"https:\/\/www.gastro-pacht.de\/gastronomie\/wp-json\/wp\/v2\/property_status?post=23064"},{"taxonomy":"property_feature","embeddable":true,"href":"https:\/\/www.gastro-pacht.de\/gastronomie\/wp-json\/wp\/v2\/property_feature?post=23064"},{"taxonomy":"property_label","embeddable":true,"href":"https:\/\/www.gastro-pacht.de\/gastronomie\/wp-json\/wp\/v2\/property_label?post=23064"},{"taxonomy":"property_country","embeddable":true,"href":"https:\/\/www.gastro-pacht.de\/gastronomie\/wp-json\/wp\/v2\/property_country?post=23064"},{"taxonomy":"property_state","embeddable":true,"href":"https:\/\/www.gastro-pacht.de\/gastronomie\/wp-json\/wp\/v2\/property_state?post=23064"},{"taxonomy":"property_city","embeddable":true,"href":"https:\/\/www.gastro-pacht.de\/gastronomie\/wp-json\/wp\/v2\/property_city?post=23064"},{"taxonomy":"property_area","embeddable":true,"href":"https:\/\/www.gastro-pacht.de\/gastronomie\/wp-json\/wp\/v2\/property_area?post=23064"}],"curies":[{"name":"wp","href":"https:\/\/api.w.org\/{rel}","templated":true}]}}