{"id":22699,"date":"2025-09-12T17:53:18","date_gmt":"2025-09-12T15:53:18","guid":{"rendered":"https:\/\/www.gastro-pacht.de\/gastronomie\/immobilien\/mediterane-gastronomieimmobilie\/"},"modified":"2025-10-12T18:03:10","modified_gmt":"2025-10-12T16:03:10","slug":"mediterane-gastronomieimmobilie","status":"expired","type":"property","link":"https:\/\/www.gastro-pacht.de\/gastronomie\/immobilien\/mediterane-gastronomieimmobilie\/","title":{"rendered":"Mediterane Gastronomieimmobilie"},"content":{"rendered":"<p>Ihr Traum vom eigenen Betrieb im Rheinland \u2013 Jetzt durchstarten!<\/p>\n<p>Stellen Sie sich vor, Sie k\u00f6nnten schon morgen mit Ihrer Familie oder Ihrem Team G\u00e4ste in Ihrer eigenen Erlebnisgastronomie oder Eventlocation in Euskirchen begr\u00fc\u00dfen \u2013 und das ohne zus\u00e4tzliche Investitionen.<\/p>\n<p>Diese besondere Immobilie vereint stilvolles Ambiente mit gem\u00fctlicher Atmosph\u00e4re und bietet ideale Voraussetzungen f\u00fcr vielf\u00e4ltige Nutzungskonzepte: Gastronomie, Eventlocation, Seminarhaus, Firmensitz mit Kundenempfang \u2013 Ihrer Kreativit\u00e4t sind keine Grenzen gesetzt.<\/p>\n<p>Highlights f\u00fcr Ihren erfolgreichen Start:<\/p>\n<ul>\n<li>Die Gastronomie schlie\u00dft Altersbedingt zum 30.11.2025 ihre T\u00fcren<\/li>\n<li>Aktuelles, qualifiziertes Gutachten zur Unterst\u00fctzung Ihrer Finanzierungsanfrage<\/li>\n<li>Individuelle Beratung zur Kapitaldienstf\u00e4higkeit und Businessplanung durch unsere Experten<\/li>\n<li>Vielf\u00e4ltige Eventm\u00f6glichkeiten: Hochzeiten am Pool, Live-Cooking, Geburtstage, Firmenfeiern \u2013 alles ist m\u00f6glich<\/li>\n<li>Kulinarik und Atmosph\u00e4re: Hochwertige Ausstattung, stilvolle Einrichtung, flexible Raumgestaltung<\/li>\n<\/ul>\n<p>Ob Sie aus der Gastronomie, dem Eventmanagement, dem Handwerk oder einer ganz anderen Branche kommen \u2013 dieses Objekt bietet Ihnen die Chance, Ihre Vision sofort umzusetzen.<\/p>\n<p><b>Aus R\u00fccksicht auf Eigent\u00fcmer und den laufenden Betrieb bitten wir ausdr\u00fccklich, von eigenst\u00e4ndigen Besichtigungen oder Recherchen vor Ort abzusehen.<\/b><\/p>\n<p><b>Kontaktieren Sie uns ausschlie\u00dflich \u00fcber Cubes Hotels and Properties f\u00fcr Ihre pers\u00f6nliche Besichtigung.<\/b><\/p>\n","protected":false},"excerpt":{"rendered":"<p>Ihr Traum vom eigenen Betrieb im Rheinland \u2013 Jetzt durchstarten! Stellen Sie sich vor, Sie k\u00f6nnten schon morgen mit Ihrer Familie oder Ihrem Team G\u00e4ste in Ihrer eigenen Erlebnisgastronomie oder Eventlocation in Euskirchen begr\u00fc\u00dfen \u2013 und das ohne zus\u00e4tzliche Investitionen. Diese besondere Immobilie vereint stilvolles Ambiente mit gem\u00fctlicher Atmosph\u00e4re und bietet ideale Voraussetzungen f\u00fcr vielf\u00e4ltige [&hellip;]<\/p>\n","protected":false},"author":342,"featured_media":22690,"parent":0,"menu_order":0,"template":"","property_type":[153,170],"property_status":[35],"property_feature":[],"property_label":[38],"property_country":[87],"property_state":[93],"property_city":[438],"property_area":[],"class_list":["post-22699","property","type-property","status-expired","has-post-thumbnail","hentry","property_type-gastronomie","property_type-restaurant","property_status-zu-verkaufen","property_label-guter-zustand","property_country-deutschland","property_state-hotellerie-gastronomie-immobilien-nordrhein-westfalen-nrw","property_city-euskirchen"],"aioseo_notices":[],"property_meta":{"fave_property_year":["1995"],"fave_property_price":[""],"fave_property_price_placeholder":[""],"fave_property_price_prefix":[""],"fave_show_price_placeholder":["0"],"additional_features":["a:1:{i:0;a:2:{s:29:\"fave_additional_feature_title\";s:0:\"\";s:29:\"fave_additional_feature_value\";s:0:\"\";}}"],"fave_additional_features_enable":["enable"],"floor_plans":[""],"fave_multi_units":[""],"fave_featured":["0"],"houzez_featured_listing_date":[""],"fave_virtual_tour":[""],"fave_innensitzplc3a4tze":["70"],"fave_auc39fensitzplc3a4tze":["200"],"fave_gastraumflc3a4che":["198"],"fave_grundstc3bccksflc3a4che":["3876"],"fave_ausstattung":["Vollinventarisiert"],"fave_brauereifrei":["Ja"],"fave_parkplc3a4tze":["ja"],"fave_verfc3bcgbar-ab":["ab sofort"],"fave_status":["Ge\u00f6ffnet"],"fave_objektlage":["nat\u00fcrliche Idylle- sehr gute Lage"],"fave_video_url":[""],"fave_property_zip":["53879"],"fave_property_map_address":["M\u00fcnstereifeler Stra\u00dfe 148"],"fave_property_address":["M\u00fcnstereifeler Stra\u00dfe 148"],"houzez_geolocation_lat":["50.64136509999999"],"houzez_geolocation_long":["6.793056399999999"],"fave_property_location":["50.64136509999999,6.793056399999999"],"fave_property_map":["1"],"fave_property_map_street_view":["hide"],"fave_property_id":["22699"],"fave_energy_class":[""],"fave_energy_global_index":[""],"fave_renewable_energy_global_index":[""],"fave_energy_performance":[""],"fave_epc_current_rating":[""],"fave_epc_potential_rating":[""],"fave_payment_status":["not_paid"],"fave_agent_display_option":["agent_info"],"fave_mortgage_cal":["0"],"_eael_post_view_count":["381"],"houzez_total_property_views":["369"],"houzez_views_by_date":["a:61:{s:10:\"10-09-2025\";i:23;s:10:\"10-10-2025\";i:15;s:10:\"10-11-2025\";i:5;s:10:\"10-12-2025\";i:2;s:10:\"10-13-2025\";i:1;s:10:\"10-14-2025\";i:3;s:10:\"10-15-2025\";i:4;s:10:\"10-17-2025\";i:2;s:10:\"10-19-2025\";i:1;s:10:\"10-20-2025\";i:1;s:10:\"10-22-2025\";i:3;s:10:\"10-24-2025\";i:2;s:10:\"10-26-2025\";i:1;s:10:\"10-27-2025\";i:1;s:10:\"10-28-2025\";i:1;s:10:\"10-31-2025\";i:1;s:10:\"11-04-2025\";i:1;s:10:\"11-10-2025\";i:1;s:10:\"11-11-2025\";i:1;s:10:\"11-13-2025\";i:1;s:10:\"11-18-2025\";i:1;s:10:\"11-20-2025\";i:1;s:10:\"11-21-2025\";i:1;s:10:\"11-26-2025\";i:1;s:10:\"11-27-2025\";i:1;s:10:\"12-01-2025\";i:1;s:10:\"12-02-2025\";i:1;s:10:\"12-03-2025\";i:1;s:10:\"12-04-2025\";i:1;s:10:\"12-05-2025\";i:1;s:10:\"12-07-2025\";i:2;s:10:\"12-08-2025\";i:1;s:10:\"12-10-2025\";i:1;s:10:\"12-16-2025\";i:1;s:10:\"12-17-2025\";i:1;s:10:\"12-18-2025\";i:1;s:10:\"12-30-2025\";i:1;s:10:\"01-03-2026\";i:1;s:10:\"01-09-2026\";i:2;s:10:\"01-10-2026\";i:2;s:10:\"01-11-2026\";i:2;s:10:\"01-12-2026\";i:2;s:10:\"01-14-2026\";i:2;s:10:\"01-16-2026\";i:2;s:10:\"01-17-2026\";i:1;s:10:\"01-24-2026\";i:1;s:10:\"02-01-2026\";i:1;s:10:\"02-09-2026\";i:1;s:10:\"02-12-2026\";i:2;s:10:\"02-16-2026\";i:1;s:10:\"02-17-2026\";i:2;s:10:\"03-18-2026\";i:3;s:10:\"03-19-2026\";i:1;s:10:\"03-23-2026\";i:1;s:10:\"04-02-2026\";i:2;s:10:\"04-03-2026\";i:1;s:10:\"04-05-2026\";i:1;s:10:\"04-13-2026\";i:1;s:10:\"04-14-2026\";i:1;s:10:\"04-23-2026\";i:1;s:10:\"05-01-2026\";i:2;}"],"houzez_recently_viewed":["2026-05-01 09:05:59"],"fave_loggedintoview":["0"],"fave_property_disclaimer":[""],"fave_property_images":["22690","22691","22692","22693","22694","22695","22696","22697","22698"],"_thumbnail_id":["22690"],"fave_agents":["22687"],"_cmplz_scanned_post":["1"],"houzez_expired_listing_date":["2025-10-12 18:03:10"],"_elementor_page_assets":["a:0:{}"]},"_links":{"self":[{"href":"https:\/\/www.gastro-pacht.de\/gastronomie\/wp-json\/wp\/v2\/properties\/22699","targetHints":{"allow":["GET"]}}],"collection":[{"href":"https:\/\/www.gastro-pacht.de\/gastronomie\/wp-json\/wp\/v2\/properties"}],"about":[{"href":"https:\/\/www.gastro-pacht.de\/gastronomie\/wp-json\/wp\/v2\/types\/property"}],"author":[{"embeddable":true,"href":"https:\/\/www.gastro-pacht.de\/gastronomie\/wp-json\/wp\/v2\/users\/342"}],"version-history":[{"count":2,"href":"https:\/\/www.gastro-pacht.de\/gastronomie\/wp-json\/wp\/v2\/properties\/22699\/revisions"}],"predecessor-version":[{"id":22861,"href":"https:\/\/www.gastro-pacht.de\/gastronomie\/wp-json\/wp\/v2\/properties\/22699\/revisions\/22861"}],"wp:featuredmedia":[{"embeddable":true,"href":"https:\/\/www.gastro-pacht.de\/gastronomie\/wp-json\/wp\/v2\/media\/22690"}],"wp:attachment":[{"href":"https:\/\/www.gastro-pacht.de\/gastronomie\/wp-json\/wp\/v2\/media?parent=22699"}],"wp:term":[{"taxonomy":"property_type","embeddable":true,"href":"https:\/\/www.gastro-pacht.de\/gastronomie\/wp-json\/wp\/v2\/property_type?post=22699"},{"taxonomy":"property_status","embeddable":true,"href":"https:\/\/www.gastro-pacht.de\/gastronomie\/wp-json\/wp\/v2\/property_status?post=22699"},{"taxonomy":"property_feature","embeddable":true,"href":"https:\/\/www.gastro-pacht.de\/gastronomie\/wp-json\/wp\/v2\/property_feature?post=22699"},{"taxonomy":"property_label","embeddable":true,"href":"https:\/\/www.gastro-pacht.de\/gastronomie\/wp-json\/wp\/v2\/property_label?post=22699"},{"taxonomy":"property_country","embeddable":true,"href":"https:\/\/www.gastro-pacht.de\/gastronomie\/wp-json\/wp\/v2\/property_country?post=22699"},{"taxonomy":"property_state","embeddable":true,"href":"https:\/\/www.gastro-pacht.de\/gastronomie\/wp-json\/wp\/v2\/property_state?post=22699"},{"taxonomy":"property_city","embeddable":true,"href":"https:\/\/www.gastro-pacht.de\/gastronomie\/wp-json\/wp\/v2\/property_city?post=22699"},{"taxonomy":"property_area","embeddable":true,"href":"https:\/\/www.gastro-pacht.de\/gastronomie\/wp-json\/wp\/v2\/property_area?post=22699"}],"curies":[{"name":"wp","href":"https:\/\/api.w.org\/{rel}","templated":true}]}}