{"id":19853,"date":"2024-07-14T10:40:08","date_gmt":"2024-07-14T08:40:08","guid":{"rendered":"https:\/\/www.gastro-pacht.de\/gastronomie\/immobilien\/renommierte-pizzeria-gastwirtschaft-in-bad-staffelstein\/"},"modified":"2024-07-15T11:46:16","modified_gmt":"2024-07-15T09:46:16","slug":"renommierte-pizzeria-gastwirtschaft-in-bad-staffelstein","status":"publish","type":"property","link":"https:\/\/www.gastro-pacht.de\/gastronomie\/immobilien\/renommierte-pizzeria-gastwirtschaft-in-bad-staffelstein\/","title":{"rendered":"Renommierte Pizzeria Gastwirtschaft in Bad Staffelstein"},"content":{"rendered":"<p>Bei diesem Objekt handelt es sich um eine renommierte Pizzeria und Abendlokal direkt in Bad Staffelstein, welche sich seit 1990 an diesem attraktiven Standort und in kurzer N\u00e4he der Obermain Therme befindet.<\/p>\n<p>Der bereits 2015 renovierte Gastraum beinhaltet 60 Sitzpl\u00e4tze und 40 Terrassenpl\u00e4tze. Weiterhin sind renovierte sanit\u00e4re Anlagen, ein Abstellraum, eine K\u00fcche mit zwei K\u00fchlraumen und Abluftanlage, ein Heizungsraum und ein Lieferantenschacht vorhanden.<\/p>\n<p>Eine Abl\u00f6se der gesamten Lokalit\u00e4t ist m\u00f6glich. Es sind alle n\u00f6tigen Kriterien vorhanden somit ist eine reibungslose \u00dcbernahme sehr schnell m\u00f6glich. Eine Einarbeitung bei Komplett\u00fcbernahme ist mit dem aktuellen P\u00e4chter in Absprache m\u00f6glich.<br \/>\nMomentan besteht eine Gastwirtschaft-mit Ausschank Konzession.<\/p>\n<p>Am Haus befindet sich ein Eigent\u00fcmerparkplatz, diverse Kundenparkpl\u00e4tze sind in unmittelbarer N\u00e4he.<\/p>\n<p>Es besteht ebenfalls die M\u00f6glichkeit, eine direkt angrenzende Wohnung (ca. 60m\u00b2 Wohnfl\u00e4che) im Obergeschoss dazu zu mieten.<\/p>\n<p>Ausstattung<br \/>\nPizzeria (ca. 200 m\u00b2): Gastwirtschaft. Lager, Bierlager, K\u00fcche, Technikraum, L\u00fcftung, Herren- und Damen WC, Abstellraum, Notausgang<\/p>\n<p>Heizungsart: Zentralheizung<\/p>\n<p>Wesentliche Energietr\u00e4ger: Gas<\/p>\n<p>Weiter Informationen folgen oder sind telefonisch zu erhalten<\/p>\n<p>Mobil: 015144067211<\/p>\n","protected":false},"excerpt":{"rendered":"<p>Bei diesem Objekt handelt es sich um eine renommierte Pizzeria und Abendlokal direkt in Bad Staffelstein, welche sich seit 1990 an diesem attraktiven Standort und in kurzer N\u00e4he der Obermain Therme befindet. Der bereits 2015 renovierte Gastraum beinhaltet 60 Sitzpl\u00e4tze und 40 Terrassenpl\u00e4tze. Weiterhin sind renovierte sanit\u00e4re Anlagen, ein Abstellraum, eine K\u00fcche mit zwei K\u00fchlraumen [&hellip;]<\/p>\n","protected":false},"author":85,"featured_media":19852,"parent":0,"menu_order":0,"template":"","property_type":[171],"property_status":[34],"property_feature":[125,75,122,97,126,124,74,123],"property_label":[38],"property_country":[87],"property_state":[246],"property_city":[245],"property_area":[],"class_list":["post-19853","property","type-property","status-publish","has-post-thumbnail","hentry","property_type-pizzeria","property_status-zu-verpachten","property_feature-heizstrahler","property_feature-kamin","property_feature-kueche","property_feature-tagungsraeume","property_feature-theke","property_feature-ueberdachte-terrasse","property_feature-wifi","property_feature-wintergarten","property_label-guter-zustand","property_country-deutschland","property_state-oberfranken","property_city-bad-staffelstein"],"aioseo_notices":[],"property_meta":{"fave_auc39fensitzplc3a4tze":["40"],"fave_saal-tagungsrc3a4ume":["60"],"fave_gastraumflc3a4che":["120"],"fave_grundstc3bccksflc3a4che":["200"],"fave_ausstattung":["Vollinventarisiert"],"fave_brauereifrei":["Ja"],"fave_parkplc3a4tze":["20"],"fave_verfc3bcgbar-ab":["01.01.2023"],"fave_status":["Ge\u00f6ffnet"],"fave_objektlage":["1A Lage"],"fave_property_year":["1980\/2015"],"fave_property_id":["19853"],"_thumbnail_id":["19852"],"fave_property_zip":["96231"],"fave_additional_features_enable":["enable"],"floor_plans":["a:1:{i:0;a:1:{s:15:\"fave_plan_price\";s:2:\"VB\";}}"],"fave_featured":["0"],"fave_mortgage_cal":["0"],"fave_payment_status":["not_paid"],"fave_agent_display_option":["author_info"],"fave_property_map_address":["Bahnhofstr 78"],"fave_property_address":["Bahnhofstr 78"],"houzez_geolocation_lat":["50.1081403"],"houzez_geolocation_long":["10.9956967"],"fave_property_location":["50.1081403,10.9956967,14"],"fave_property_map":["1"],"fave_property_map_street_view":["hide"],"houzez_total_property_views":["4354"],"houzez_views_by_date":["a:61:{s:10:\"03-01-2026\";i:5;s:10:\"03-02-2026\";i:4;s:10:\"03-03-2026\";i:9;s:10:\"03-04-2026\";i:5;s:10:\"03-05-2026\";i:5;s:10:\"03-06-2026\";i:7;s:10:\"03-07-2026\";i:8;s:10:\"03-08-2026\";i:6;s:10:\"03-09-2026\";i:1;s:10:\"03-10-2026\";i:8;s:10:\"03-11-2026\";i:6;s:10:\"03-12-2026\";i:6;s:10:\"03-13-2026\";i:5;s:10:\"03-14-2026\";i:4;s:10:\"03-15-2026\";i:6;s:10:\"03-16-2026\";i:7;s:10:\"03-17-2026\";i:5;s:10:\"03-18-2026\";i:9;s:10:\"03-19-2026\";i:7;s:10:\"03-20-2026\";i:6;s:10:\"03-21-2026\";i:3;s:10:\"03-22-2026\";i:4;s:10:\"03-23-2026\";i:2;s:10:\"03-24-2026\";i:7;s:10:\"03-25-2026\";i:12;s:10:\"03-26-2026\";i:6;s:10:\"03-27-2026\";i:2;s:10:\"03-28-2026\";i:4;s:10:\"03-29-2026\";i:1;s:10:\"03-30-2026\";i:2;s:10:\"03-31-2026\";i:3;s:10:\"04-01-2026\";i:4;s:10:\"04-02-2026\";i:4;s:10:\"04-03-2026\";i:5;s:10:\"04-04-2026\";i:4;s:10:\"04-05-2026\";i:7;s:10:\"04-06-2026\";i:2;s:10:\"04-07-2026\";i:1;s:10:\"04-08-2026\";i:6;s:10:\"04-09-2026\";i:2;s:10:\"04-10-2026\";i:5;s:10:\"04-11-2026\";i:5;s:10:\"04-12-2026\";i:12;s:10:\"04-13-2026\";i:1;s:10:\"04-14-2026\";i:9;s:10:\"04-15-2026\";i:5;s:10:\"04-16-2026\";i:4;s:10:\"04-17-2026\";i:6;s:10:\"04-18-2026\";i:5;s:10:\"04-19-2026\";i:1;s:10:\"04-20-2026\";i:3;s:10:\"04-21-2026\";i:9;s:10:\"04-22-2026\";i:7;s:10:\"04-23-2026\";i:6;s:10:\"04-24-2026\";i:2;s:10:\"04-25-2026\";i:4;s:10:\"04-26-2026\";i:8;s:10:\"04-27-2026\";i:3;s:10:\"04-28-2026\";i:5;s:10:\"04-29-2026\";i:1;s:10:\"04-30-2026\";i:2;}"],"houzez_recently_viewed":["2026-04-30 08:05:17"],"_cmplz_scanned_post":["1"],"houzez_featured_listing_date":[""],"_edit_lock":["1721036776:1"],"_edit_last":["1"],"fave_property_images":["19852","19846","19850","19847","19848","19849","19851"],"fave_single_top_area":["global"],"fave_single_content_area":["global"],"_aioseo_title":[null],"_aioseo_description":[null],"_aioseo_keywords":["a:0:{}"],"_aioseo_og_title":[null],"_aioseo_og_description":[null],"_aioseo_og_article_section":[null],"_aioseo_og_article_tags":["a:0:{}"],"_aioseo_twitter_title":[null],"_aioseo_twitter_description":[null],"cmplz_hide_cookiebanner":[""],"_eael_post_view_count":["2778"],"_elementor_page_assets":["a:0:{}"]},"_links":{"self":[{"href":"https:\/\/www.gastro-pacht.de\/gastronomie\/wp-json\/wp\/v2\/properties\/19853","targetHints":{"allow":["GET"]}}],"collection":[{"href":"https:\/\/www.gastro-pacht.de\/gastronomie\/wp-json\/wp\/v2\/properties"}],"about":[{"href":"https:\/\/www.gastro-pacht.de\/gastronomie\/wp-json\/wp\/v2\/types\/property"}],"author":[{"embeddable":true,"href":"https:\/\/www.gastro-pacht.de\/gastronomie\/wp-json\/wp\/v2\/users\/85"}],"version-history":[{"count":1,"href":"https:\/\/www.gastro-pacht.de\/gastronomie\/wp-json\/wp\/v2\/properties\/19853\/revisions"}],"predecessor-version":[{"id":20676,"href":"https:\/\/www.gastro-pacht.de\/gastronomie\/wp-json\/wp\/v2\/properties\/19853\/revisions\/20676"}],"wp:featuredmedia":[{"embeddable":true,"href":"https:\/\/www.gastro-pacht.de\/gastronomie\/wp-json\/wp\/v2\/media\/19852"}],"wp:attachment":[{"href":"https:\/\/www.gastro-pacht.de\/gastronomie\/wp-json\/wp\/v2\/media?parent=19853"}],"wp:term":[{"taxonomy":"property_type","embeddable":true,"href":"https:\/\/www.gastro-pacht.de\/gastronomie\/wp-json\/wp\/v2\/property_type?post=19853"},{"taxonomy":"property_status","embeddable":true,"href":"https:\/\/www.gastro-pacht.de\/gastronomie\/wp-json\/wp\/v2\/property_status?post=19853"},{"taxonomy":"property_feature","embeddable":true,"href":"https:\/\/www.gastro-pacht.de\/gastronomie\/wp-json\/wp\/v2\/property_feature?post=19853"},{"taxonomy":"property_label","embeddable":true,"href":"https:\/\/www.gastro-pacht.de\/gastronomie\/wp-json\/wp\/v2\/property_label?post=19853"},{"taxonomy":"property_country","embeddable":true,"href":"https:\/\/www.gastro-pacht.de\/gastronomie\/wp-json\/wp\/v2\/property_country?post=19853"},{"taxonomy":"property_state","embeddable":true,"href":"https:\/\/www.gastro-pacht.de\/gastronomie\/wp-json\/wp\/v2\/property_state?post=19853"},{"taxonomy":"property_city","embeddable":true,"href":"https:\/\/www.gastro-pacht.de\/gastronomie\/wp-json\/wp\/v2\/property_city?post=19853"},{"taxonomy":"property_area","embeddable":true,"href":"https:\/\/www.gastro-pacht.de\/gastronomie\/wp-json\/wp\/v2\/property_area?post=19853"}],"curies":[{"name":"wp","href":"https:\/\/api.w.org\/{rel}","templated":true}]}}