{"id":18656,"date":"2021-10-26T13:26:17","date_gmt":"2021-10-26T11:26:17","guid":{"rendered":"https:\/\/www.gastro-pacht.de\/gastronomie\/immobilien\/restaurant-mit-wohnungen\/"},"modified":"2021-10-26T14:31:56","modified_gmt":"2021-10-26T12:31:56","slug":"restaurant-mit-wohnungen","status":"publish","type":"property","link":"https:\/\/www.gastro-pacht.de\/gastronomie\/immobilien\/restaurant-mit-wohnungen\/","title":{"rendered":"Restaurant mit Wohnungen"},"content":{"rendered":"<p>Einst M\u00fchle und Jagdschloss mit viel Geschichte- heute \u2013 ein Ort der herzlichen Gastlichkeit mit Restaurant und idyllischem Biergarten und Wald.<br \/>\nDie repr\u00e4sentative He\u00dfm\u00fchle, historisch ein richtiges Liebhaberobjekt!<\/p>\n<p>Im Gr\u00fcnen gelegen ist der nahegelegene Idesbachpfad, ein beliebtes Wandergebiet, welches in dem heutigen hervorragend gef\u00fchrten Gastronomiebetrieb \u2013 neben der sehr gut bekannten K\u00fcche \u2013 immer f\u00fcr ausreichend G\u00e4ste sorgt.<\/p>\n<p>In der He\u00dfm\u00fchle lassen sich Gastronomie &amp; Wohnen unter einem Dach vereinen. Sie erhalten hier die M\u00f6glichkeit, eine geschichtstr\u00e4chtige Immobilie mit bester Ausstattung und sehr gepflegtem Grundst\u00fcck zu erwerben.<br \/>\nAuf ca. 635 m\u00b2 Fl\u00e4che, verteilt auf drei Etagen, erstreckt sich das historische Jagdschlo\u00df, welches von innen \u2013 Modernit\u00e4t und Historie \u2013 auf bemerkenswerte Art und Weise vereint.<br \/>\nDas gro\u00dfz\u00fcgige Grundst\u00fcck im Gr\u00fcnen erstreckt sich \u00fcber ca. 4483 m\u00b2 und l\u00e4dt auch au\u00dferhalb des Hauses zum Verweilen ein.<\/p>\n<p>Der Eingangsbereich zum Restaurant nebst Gr\u00fcnanlagen l\u00e4sst bereits erahnen, welch urgem\u00fctliche einladende Immobilie sich hier vor uns befindet.<br \/>\nLassen Sie uns nun einen Blick ins Innere des Hauses werfen.<\/p>\n<p>Im Erdgeschoss befindet sich der bisherige top gef\u00fchrte und der \u00fcber die Region hinaus bekannte Gastronomiebetrieb, mit ca. 320 m\u00b2. Im freundlich gestalteten Entr\u00e9e werden die G\u00e4ste empfangen. Es folgen ein gro\u00dfer G\u00e4steraum mit Zugang zur Sonnenterrasse, sowie ein kleiner G\u00e4steraum mit gem\u00fctlichem Kamin. Gerade im Winter lassen sich hier harmonische Stunden verbringen.<br \/>\nZudem gibt es einen weiteren gr\u00f6\u00dferen G\u00e4steraum \u2013 Orchideenzimmer genannt \u2013, der ebenfalls \u00fcber einen Kamin verf\u00fcgt.<br \/>\nWeitere R\u00e4umlichkeiten, die derzeit f\u00fcr den gastronomischen Betrieb zur Verf\u00fcgung stehen, sind die Theke, der Abstellraum, die G\u00e4ste-WCs, eine ehemalige Kegelbahn sowie die ger\u00e4umige Koch-K\u00fcche, die sich \u00fcber vier weitere R\u00e4ume erstreckt.<\/p>\n<p>\u00dcber zwei separate Treppenaufg\u00e4nge gelangen Sie ins Obergeschoss, sodass jede der zwei Wohnungen \u00fcber einen eigenen Zugang verf\u00fcgt.<br \/>\nBeide modernen Wohnungen zeichnen sich durch hohe Decken, lichtdurchflutete R\u00e4ume und Laminatb\u00f6den aus und machen das Wohnen in solch einem Ambiente zu etwas ganz Besonderem!<br \/>\nDie gr\u00f6\u00dfere Wohnung besteht, mit ca.135 m\u00b2, aus einem ger\u00e4umigen Flur, einem Schlafzimmer, einer K\u00fcche, einem Wohn- Esszimmer, einem Bad, einem G\u00e4ste-WC sowie zwei weiteren<br \/>\n(Schlaf-)Zimmern.<br \/>\nDie zweite Wohneinheit, mit ca.75 m\u00b2, verf\u00fcgt \u00fcber einen Flur, von dem Schlafzimmer, K\u00fcche, Bad, B\u00fcro und Wohnzimmer abgehen. Besonders erw\u00e4hnenswert sei hier das Duschbad, welches besonders gro\u00dfz\u00fcgig und modern ausgestattet ist.<\/p>\n<p>Im Dachgeschoss besteht die M\u00f6glichkeit, eine weitere Wohneinheit auszubauen.<br \/>\nBereits vorhanden ist ein Tageslichtbad mit Dusche, K\u00fcche, Schlafzimmer nebst weiterem Zimmer.<\/p>\n<p>Abschlie\u00dfend sei noch erw\u00e4hnt, dass mehrere Kellerr\u00e4ume zur Verf\u00fcgung stehen, welche ausreichend Stauraum bieten.<\/p>\n<p>Zur Immobilie nebst Anwesen geh\u00f6rt ferner eine ganze Reihe von Parkpl\u00e4tzen.<\/p>\n<p>Einladend\u2013 hell und gro\u00dfz\u00fcgig ist dies die ideale Immobilie f\u00fcr repr\u00e4sentatives Wohnen &amp; Arbeiten unter einem Dach. Erz\u00e4hlen Sie die Geschichte des Hauses und seien Sie gewiss, dass diese Ihre G\u00e4ste zum Staunen bringen wird.<\/p>\n<p>Bei Erwerbsinteresse vereinbaren Sie einen Besichtigungstermin mit uns!<br \/>\nHier finden Sie weitere Details:<\/p>\n<p>https:\/\/www.von-poll.com\/de\/expose\/saarlouis\/prestigetraechtiges-historisches-anwesen-in-waldlage-15500726951<\/p>\n<p>Energieausweis Bedarfsausweis<br \/>\nEnergieausweis g\u00fcltig bis 09.05.2031<br \/>\nW\u00e4rmewert 150.20<br \/>\nEndenergiebedarf 150,20 kWh\/m\u00b2a<br \/>\nEnergieeffizienzklasse E<br \/>\nWesentlicher Energietr\u00e4ger Gas<\/p>\n<p>Rehlingen-Siersburg ist eine Gemeinde im Landkreis Saarlouis, mit \u00fcber 14.000 Einwohnern in zehn Ortsteilen. Sie entstand 1974 im Zuge der Gebiets- und Verwaltungsreform aus der bis dahin selbst\u00e4ndigen Gemeinde Rehlingen und den neun Gemeinden des Amtsbezirkes Siersburg.<br \/>\nRehlingen befindet sich an der Saar, Siersburg liegt an der Nied. Im Westen grenzt Rehlingen-Siersburg an Frankreich, im Norden an den Landkreis Merzig-Wadern, im Osten an die Stadt Dillingen\/Saar, im S\u00fcden an die Gemeinde Wallerfangen.<br \/>\nSehensw\u00fcrdigkeiten:<br \/>\nBurg Siersburg<br \/>\nDie Tropfsteinh\u00f6hle<br \/>\nKeltensiedlung<br \/>\nDie Lothringerh\u00e4user in Hemmersdorf<br \/>\nKr\u00e4utergarten<br \/>\nHeimatmuseum Hemmersdorf<br \/>\nDie Gemeinde Rehlingen-Siersburg ist aufgrund hervorragender Strukturmerkmale ein pr\u00e4destinierter Standort, insbesondere f\u00fcr handwerklich und mittelst\u00e4ndisch orientierte Unternehmen; hervorzuheben sind:<br \/>\n\u2022 ausgezeichnete Verkehrsinfrastruktur mit unmittelbaren und mittelbaren Anschl\u00fcssen an Bundesbahn, Autobahnen und Schifffahrtsstra\u00dfe Saar.<br \/>\n\u2022 Lage im Herzen des Saar-Lor-Lux-Wirtschaftsraumes<br \/>\n\u2022 Nachbarschaft zu gro\u00dfen Industrie- und Dienstleistungszentren<br \/>\n\u2022 Flugh\u00e4fen Saarbr\u00fccken und Luxemburg im Umkreis von ca. 50 km<\/p>\n<p>GELDW\u00c4SCHE: Als Immobilienmaklerunternehmen ist die von Poll Immobilien GmbH nach \u00a7 2 Abs. 1 Nr. 14 und \u00a7 11 Abs. 1, 2 Geldw\u00e4schegesetz (GwG) dazu verpflichtet, bei der Begr\u00fcndung einer Gesch\u00e4ftsbeziehung die Identit\u00e4t des Vertragspartners festzustellen und zu \u00fcberpr\u00fcfen, bzw. sobald ein ernsthaftes Interesse an der Durchf\u00fchrung des Immobilienkaufvertrages besteht. Hierzu ist es erforderlich, dass wir nach \u00a7 11 Abs. 4 GwG die relevanten Daten Ihres Personalausweises festhalten (wenn Sie als nat\u00fcrliche Person handeln) \u2013 beispielsweise mittels einer Kopie. Bei einer juristischen Person ben\u00f6tigen wir eine Kopie des Handelsregisterauszugs, aus welchem der wirtschaftlich Berechtigte hervorgeht. Das Geldw\u00e4schegesetz sieht vor, dass der Makler die Kopien bzw. Unterlagen f\u00fcnf Jahre aufbewahren muss. Als unser Vertragspartner haben Sie auch ein Mitwirkungspflicht nach \u00a7 11 Abs. 6 GwG.<br \/>\nPROVISIONSHINWEIS: Mit der Anfrage bei und durch Inanspruchnahme der Dienstleistung der Firma von Poll Immobilien GmbH, wird ein Maklervertrag geschlossen. Sofern es durch die T\u00e4tigkeit der Firma VON POLL IMMOBILIEN GmbH zu einem wirksamen Hauptvertrag mit der Eigent\u00fcmerseite kommt, hat der Interessent bei Abschluss<br \/>\n&#8211; eines MIETVERTRAGES keine Provision\/Maklercourtage an die von Poll Immobilien GmbH zu zahlen.<br \/>\n&#8211; eines KAUFVERTRAGES die orts\u00fcbliche Provision\/Maklercourtage an die von Poll Immobilien GmbH gegen Rechnung zu zahlen.<br \/>\nHAFTUNG: Wir weisen darauf hin, dass die von uns weitergegebenen Objektinformationen, Unterlagen, Pl\u00e4ne etc. vom Verk\u00e4ufer bzw. Vermieter stammen. Eine Haftung f\u00fcr die Richtigkeit oder Vollst\u00e4ndigkeit der Angaben \u00fcbernehmen wir daher nicht. Es obliegt daher unseren Kunden, die darin enthaltenen Objektinformationen und Angaben auf ihre Richtigkeit hin zu \u00fcberpr\u00fcfen. Alle Immobilienangebote sind freibleibend und vorbehaltlich Irrt\u00fcmer, Zwischenverkauf- und Vermietung oder sonstiger Zwischenverwertung.<\/p>\n","protected":false},"excerpt":{"rendered":"<p>Einst M\u00fchle und Jagdschloss mit viel Geschichte- heute \u2013 ein Ort der herzlichen Gastlichkeit mit Restaurant und idyllischem Biergarten und Wald. Die repr\u00e4sentative He\u00dfm\u00fchle, historisch ein richtiges Liebhaberobjekt! Im Gr\u00fcnen gelegen ist der nahegelegene Idesbachpfad, ein beliebtes Wandergebiet, welches in dem heutigen hervorragend gef\u00fchrten Gastronomiebetrieb \u2013 neben der sehr gut bekannten K\u00fcche \u2013 immer f\u00fcr [&hellip;]<\/p>\n","protected":false},"author":10,"featured_media":18652,"parent":0,"menu_order":0,"template":"","property_type":[170],"property_status":[35],"property_feature":[],"property_label":[38],"property_country":[87],"property_state":[109],"property_city":[],"property_area":[],"class_list":["post-18656","property","type-property","status-publish","has-post-thumbnail","hentry","property_type-restaurant","property_status-zu-verkaufen","property_label-guter-zustand","property_country-deutschland","property_state-saarland"],"aioseo_notices":[],"property_meta":{"fave_gastraumflc3a4che":["320 m\u00b2"],"fave_grundstc3bccksflc3a4che":["4483 m\u00b2"],"fave_ausstattung":["Vollinventarisiert"],"fave_parkplc3a4tze":["eine ganze Reihe von Parkpl\u00e4tzen"],"fave_status":["Ge\u00f6ffnet"],"fave_objektlage":["Schlo\u00dfpark"],"fave_property_price":["998000"],"fave_property_price_prefix":["Kauf:"],"fave_property_id":["18656"],"additional_features":["a:8:{i:0;a:2:{s:29:\"fave_additional_feature_title\";s:11:\"1. Wohnung \";s:29:\"fave_additional_feature_value\";s:7:\"135 m\u00b2\";}i:1;a:2:{s:29:\"fave_additional_feature_title\";s:11:\"2. Wohnung \";s:29:\"fave_additional_feature_value\";s:6:\"75 m\u00b2\";}i:2;a:2:{s:29:\"fave_additional_feature_title\";s:15:\"Energieausweis \";s:29:\"fave_additional_feature_value\";s:14:\"Bedarfsausweis\";}i:3;a:2:{s:29:\"fave_additional_feature_title\";s:22:\"Energieausweis g\u00fcltig\";s:29:\"fave_additional_feature_value\";s:14:\"bis 09.05.2031\";}i:4;a:2:{s:29:\"fave_additional_feature_title\";s:11:\"W\u00e4rmewert \";s:29:\"fave_additional_feature_value\";s:6:\"150.20\";}i:5;a:2:{s:29:\"fave_additional_feature_title\";s:17:\"Endenergiebedarf \";s:29:\"fave_additional_feature_value\";s:15:\"150,20 kWh\/m\u00b2a\";}i:6;a:2:{s:29:\"fave_additional_feature_title\";s:23:\"Energieeffizienzklasse \";s:29:\"fave_additional_feature_value\";s:1:\"E\";}i:7;a:2:{s:29:\"fave_additional_feature_title\";s:27:\"Wesentlicher Energietr\u00e4ger\";s:29:\"fave_additional_feature_value\";s:3:\"Gas\";}}"],"fave_additional_features_enable":["enable"],"fave_featured":["1"],"fave_loggedintoview":["0"],"fave_mortgage_cal":["0"],"fave_energy_class":["E"],"fave_payment_status":["not_paid"],"fave_agent_display_option":["author_info"],"fave_property_map_address":["Saarland, Deutschland"],"fave_property_address":["Saarland, Deutschland"],"houzez_geolocation_lat":["49.3964234"],"houzez_geolocation_long":["7.0229607"],"fave_property_location":["49.3964234,7.0229607,14"],"fave_property_map":["1"],"fave_property_map_street_view":["hide"],"houzez_total_property_views":["3635"],"houzez_views_by_date":["a:61:{s:10:\"02-19-2026\";i:4;s:10:\"02-20-2026\";i:1;s:10:\"02-21-2026\";i:2;s:10:\"02-22-2026\";i:3;s:10:\"02-23-2026\";i:5;s:10:\"02-24-2026\";i:3;s:10:\"02-25-2026\";i:3;s:10:\"02-26-2026\";i:6;s:10:\"02-27-2026\";i:1;s:10:\"03-01-2026\";i:1;s:10:\"03-02-2026\";i:1;s:10:\"03-03-2026\";i:3;s:10:\"03-04-2026\";i:1;s:10:\"03-06-2026\";i:2;s:10:\"03-07-2026\";i:7;s:10:\"03-09-2026\";i:3;s:10:\"03-10-2026\";i:1;s:10:\"03-11-2026\";i:5;s:10:\"03-12-2026\";i:2;s:10:\"03-13-2026\";i:3;s:10:\"03-14-2026\";i:1;s:10:\"03-15-2026\";i:1;s:10:\"03-16-2026\";i:2;s:10:\"03-17-2026\";i:3;s:10:\"03-18-2026\";i:12;s:10:\"03-19-2026\";i:5;s:10:\"03-20-2026\";i:6;s:10:\"03-21-2026\";i:3;s:10:\"03-22-2026\";i:5;s:10:\"03-24-2026\";i:3;s:10:\"03-25-2026\";i:2;s:10:\"03-27-2026\";i:3;s:10:\"03-28-2026\";i:1;s:10:\"03-29-2026\";i:1;s:10:\"03-30-2026\";i:8;s:10:\"03-31-2026\";i:5;s:10:\"04-01-2026\";i:1;s:10:\"04-02-2026\";i:1;s:10:\"04-03-2026\";i:3;s:10:\"04-04-2026\";i:2;s:10:\"04-05-2026\";i:1;s:10:\"04-07-2026\";i:9;s:10:\"04-08-2026\";i:6;s:10:\"04-10-2026\";i:2;s:10:\"04-12-2026\";i:5;s:10:\"04-13-2026\";i:4;s:10:\"04-15-2026\";i:1;s:10:\"04-16-2026\";i:4;s:10:\"04-17-2026\";i:3;s:10:\"04-18-2026\";i:3;s:10:\"04-19-2026\";i:1;s:10:\"04-20-2026\";i:1;s:10:\"04-21-2026\";i:2;s:10:\"04-23-2026\";i:2;s:10:\"04-25-2026\";i:4;s:10:\"04-27-2026\";i:1;s:10:\"04-28-2026\";i:1;s:10:\"04-29-2026\";i:3;s:10:\"04-30-2026\";i:1;s:10:\"05-01-2026\";i:6;s:10:\"05-02-2026\";i:6;}"],"houzez_recently_viewed":["2026-05-02 15:17:25"],"_oembed_a405312613edb257cb217b2290f4ab4d":["{{unknown}}"],"_thumbnail_id":["18652"],"_edit_last":["1"],"_edit_lock":["1635252175:1"],"_oembed_681c38858053191ec3639cb5ffac0cb0":["{{unknown}}"],"fave_property_images":["18652","18654","18660","18653","18661","18655","18657","18658","18659","18662"],"fave_agents":["-1"],"fave_property_agency":["-1"],"fave_single_top_area":["global"],"fave_single_content_area":["global"],"_aioseo_title":[null],"_aioseo_description":[null],"_aioseo_keywords":[""],"_aioseo_og_title":[null],"_aioseo_og_description":[null],"_aioseo_og_article_section":[""],"_aioseo_og_article_tags":[""],"_aioseo_twitter_title":[null],"_aioseo_twitter_description":[null],"houzez_manual_expire":["0"],"_houzez_expiration_date_status":["saved"],"_eael_post_view_count":["1538"],"_cmplz_scanned_post":["1"],"_elementor_page_assets":["a:0:{}"]},"_links":{"self":[{"href":"https:\/\/www.gastro-pacht.de\/gastronomie\/wp-json\/wp\/v2\/properties\/18656","targetHints":{"allow":["GET"]}}],"collection":[{"href":"https:\/\/www.gastro-pacht.de\/gastronomie\/wp-json\/wp\/v2\/properties"}],"about":[{"href":"https:\/\/www.gastro-pacht.de\/gastronomie\/wp-json\/wp\/v2\/types\/property"}],"author":[{"embeddable":true,"href":"https:\/\/www.gastro-pacht.de\/gastronomie\/wp-json\/wp\/v2\/users\/10"}],"version-history":[{"count":0,"href":"https:\/\/www.gastro-pacht.de\/gastronomie\/wp-json\/wp\/v2\/properties\/18656\/revisions"}],"wp:featuredmedia":[{"embeddable":true,"href":"https:\/\/www.gastro-pacht.de\/gastronomie\/wp-json\/wp\/v2\/media\/18652"}],"wp:attachment":[{"href":"https:\/\/www.gastro-pacht.de\/gastronomie\/wp-json\/wp\/v2\/media?parent=18656"}],"wp:term":[{"taxonomy":"property_type","embeddable":true,"href":"https:\/\/www.gastro-pacht.de\/gastronomie\/wp-json\/wp\/v2\/property_type?post=18656"},{"taxonomy":"property_status","embeddable":true,"href":"https:\/\/www.gastro-pacht.de\/gastronomie\/wp-json\/wp\/v2\/property_status?post=18656"},{"taxonomy":"property_feature","embeddable":true,"href":"https:\/\/www.gastro-pacht.de\/gastronomie\/wp-json\/wp\/v2\/property_feature?post=18656"},{"taxonomy":"property_label","embeddable":true,"href":"https:\/\/www.gastro-pacht.de\/gastronomie\/wp-json\/wp\/v2\/property_label?post=18656"},{"taxonomy":"property_country","embeddable":true,"href":"https:\/\/www.gastro-pacht.de\/gastronomie\/wp-json\/wp\/v2\/property_country?post=18656"},{"taxonomy":"property_state","embeddable":true,"href":"https:\/\/www.gastro-pacht.de\/gastronomie\/wp-json\/wp\/v2\/property_state?post=18656"},{"taxonomy":"property_city","embeddable":true,"href":"https:\/\/www.gastro-pacht.de\/gastronomie\/wp-json\/wp\/v2\/property_city?post=18656"},{"taxonomy":"property_area","embeddable":true,"href":"https:\/\/www.gastro-pacht.de\/gastronomie\/wp-json\/wp\/v2\/property_area?post=18656"}],"curies":[{"name":"wp","href":"https:\/\/api.w.org\/{rel}","templated":true}]}}