{"id":17566,"date":"2020-02-18T11:42:31","date_gmt":"2020-02-18T09:42:31","guid":{"rendered":"https:\/\/demo03.houzez.co\/?page_id=26"},"modified":"2026-03-24T18:55:24","modified_gmt":"2026-03-24T17:55:24","slug":"startseite-gastro-pacht","status":"publish","type":"page","link":"https:\/\/www.gastro-pacht.de\/gastronomie\/","title":{"rendered":"STARTSEITE &#8211; Gastro-Pacht"},"content":{"rendered":"\t\t<div data-elementor-type=\"wp-page\" data-elementor-id=\"17566\" class=\"elementor elementor-17566\" data-elementor-settings=\"{&quot;ha_cmc_init_switcher&quot;:&quot;no&quot;}\" data-elementor-post-type=\"page\">\n\t\t\t\t\t\t<section data-particle_enable=\"false\" data-particle-mobile-disabled=\"false\" class=\"elementor-section elementor-top-section elementor-element elementor-element-81ad768 elementor-section-full_width elementor-section-height-min-height elementor-section-height-default elementor-section-items-middle\" data-id=\"81ad768\" data-element_type=\"section\" data-e-type=\"section\" data-settings=\"{&quot;_ha_eqh_enable&quot;:false}\">\n\t\t\t\t\t\t<div class=\"elementor-container elementor-column-gap-no\">\n\t\t\t\t\t<div class=\"elementor-column elementor-col-100 elementor-top-column elementor-element elementor-element-d07ef64\" data-id=\"d07ef64\" data-element_type=\"column\" data-e-type=\"column\">\n\t\t\t<div class=\"elementor-widget-wrap elementor-element-populated\">\n\t\t\t\t\t\t<div class=\"elementor-element elementor-element-17caa28 elementor--h-position-center elementor--v-position-middle elementor-arrows-position-inside elementor-pagination-position-inside elementor-widget elementor-widget-slides\" data-id=\"17caa28\" data-element_type=\"widget\" data-e-type=\"widget\" data-settings=\"{&quot;autoplay_speed&quot;:8000,&quot;transition_speed&quot;:1200,&quot;navigation&quot;:&quot;both&quot;,&quot;autoplay&quot;:&quot;yes&quot;,&quot;pause_on_hover&quot;:&quot;yes&quot;,&quot;pause_on_interaction&quot;:&quot;yes&quot;,&quot;infinite&quot;:&quot;yes&quot;,&quot;transition&quot;:&quot;slide&quot;}\" data-widget_type=\"slides.default\">\n\t\t\t\t<div class=\"elementor-widget-container\">\n\t\t\t\t\t\t\t\t\t<div class=\"elementor-swiper\">\n\t\t\t\t\t<div class=\"elementor-slides-wrapper elementor-main-swiper swiper\" role=\"region\" aria-roledescription=\"carousel\" aria-label=\"Slider\" dir=\"ltr\" data-animation=\"fadeInUp\">\n\t\t\t\t<div class=\"swiper-wrapper elementor-slides\">\n\t\t\t\t\t\t\t\t\t\t<div class=\"elementor-repeater-item-b30520e swiper-slide\" role=\"group\" aria-roledescription=\"slide\"><div class=\"swiper-slide-bg\" role=\"img\" aria-label=\"hotel-pachten-kaufen-foaje\"><\/div><a class=\"swiper-slide-inner\" href=\"\/gastronomie\/unsere-preise\/\"><div class=\"swiper-slide-contents\"><div class=\"elementor-slide-description\"><h1 class=\"gastro\">Kauf-, Und Pachtb\u00f6rse F\u00fcr Hotels Und Gastronomie<\/h1>\n<\/div><div  class=\"elementor-button elementor-slide-button elementor-size-sm\">jetzt inserieren<\/div><\/div><\/a><\/div><div class=\"elementor-repeater-item-c6ef22c swiper-slide\" role=\"group\" aria-roledescription=\"slide\"><div class=\"swiper-slide-bg\" role=\"img\" aria-label=\"gastronomie-pachten-weinkeller-banner-kl\"><\/div><a class=\"swiper-slide-inner\" href=\"\/gastronomie\/unsere-preise\/\"><div class=\"swiper-slide-contents\"><div  class=\"elementor-button elementor-slide-button elementor-size-sm\">jetzt inserieren<\/div><\/div><\/a><\/div><div class=\"elementor-repeater-item-948fc3c swiper-slide\" role=\"group\" aria-roledescription=\"slide\"><div class=\"swiper-slide-bg\" role=\"img\" aria-label=\"hotel-kaufen-kaufboerse\"><\/div><a class=\"swiper-slide-inner\" href=\"\/gastronomie\/unsere-preise\/\"><div class=\"swiper-slide-contents\"><div  class=\"elementor-button elementor-slide-button elementor-size-sm\">jetzt inserieren<\/div><\/div><\/a><\/div>\t\t\t\t<\/div>\n\t\t\t\t\t\t\t\t\t\t\t\t\t\t\t<div class=\"elementor-swiper-button elementor-swiper-button-prev\" role=\"button\" tabindex=\"0\" aria-label=\"Vorheriger Slide\">\n\t\t\t\t\t\t\t<i aria-hidden=\"true\" class=\"eicon-chevron-left\"><\/i>\t\t\t\t\t\t<\/div>\n\t\t\t\t\t\t<div class=\"elementor-swiper-button elementor-swiper-button-next\" role=\"button\" tabindex=\"0\" aria-label=\"N\u00e4chster Slide\">\n\t\t\t\t\t\t\t<i aria-hidden=\"true\" class=\"eicon-chevron-right\"><\/i>\t\t\t\t\t\t<\/div>\n\t\t\t\t\t\t\t\t\t\t\t\t\t\t\t\t<div class=\"swiper-pagination\"><\/div>\n\t\t\t\t\t\t\t\t\t\t\t\t<\/div>\n\t\t\t\t<\/div>\n\t\t\t\t\t\t\t\t<\/div>\n\t\t\t\t<\/div>\n\t\t\t\t\t<\/div>\n\t\t<\/div>\n\t\t\t\t\t<\/div>\n\t\t<\/section>\n\t\t\t\t<section data-particle_enable=\"false\" data-particle-mobile-disabled=\"false\" class=\"elementor-section elementor-top-section elementor-element elementor-element-0b37c65 elementor-section-boxed elementor-section-height-default elementor-section-height-default\" data-id=\"0b37c65\" data-element_type=\"section\" data-e-type=\"section\" data-settings=\"{&quot;_ha_eqh_enable&quot;:false}\">\n\t\t\t\t\t\t<div class=\"elementor-container elementor-column-gap-default\">\n\t\t\t\t\t<div class=\"elementor-column elementor-col-100 elementor-top-column elementor-element elementor-element-2646d69\" data-id=\"2646d69\" data-element_type=\"column\" data-e-type=\"column\">\n\t\t\t<div class=\"elementor-widget-wrap elementor-element-populated\">\n\t\t\t\t\t\t<section data-particle_enable=\"false\" data-particle-mobile-disabled=\"false\" class=\"elementor-section elementor-inner-section elementor-element elementor-element-465acdc elementor-section-boxed elementor-section-height-default elementor-section-height-default\" data-id=\"465acdc\" data-element_type=\"section\" data-e-type=\"section\" data-settings=\"{&quot;_ha_eqh_enable&quot;:false}\">\n\t\t\t\t\t\t<div class=\"elementor-container elementor-column-gap-wide\">\n\t\t\t\t\t<div class=\"elementor-column elementor-col-100 elementor-inner-column elementor-element elementor-element-9aecbab\" data-id=\"9aecbab\" data-element_type=\"column\" data-e-type=\"column\">\n\t\t\t<div class=\"elementor-widget-wrap elementor-element-populated\">\n\t\t\t\t\t\t<div class=\"elementor-element elementor-element-659b137 animated-slow elementor-invisible elementor-widget elementor-widget-houzez_elementor_section_title\" data-id=\"659b137\" data-element_type=\"widget\" data-e-type=\"widget\" data-settings=\"{&quot;_animation&quot;:&quot;fadeIn&quot;}\" data-widget_type=\"houzez_elementor_section_title.default\">\n\t\t\t\t<div class=\"elementor-widget-container\">\n\t\t\t\t\t            <div class=\"houzez_section_title_wrap section-title-module\">\n                                    <h2 class=\"houzez_section_title\">Hotel-, und Gastronomie Anzeigen<\/h2>\n                \n                                    <p class=\"houzez_section_subtitle\">Finden Sie Ihr n\u00e4chstes Restaurant oder Hotel zum Kaufen, Pachten oder Mieten in der meist durchsuchten Immobiliendatenbank der Hotellerie \/ Gastronomie. \n\nErstellen Sie ihre Anzeige einfach in wenigen Minuten. Wir machen es Ihnen mit unserer optimierten, benutzerfreundlichen Oberfl\u00e4che leicht.<\/p>\n                            <\/div>\n            \t\t\t\t<\/div>\n\t\t\t\t<\/div>\n\t\t\t\t\t<\/div>\n\t\t<\/div>\n\t\t\t\t\t<\/div>\n\t\t<\/section>\n\t\t\t\t<section data-particle_enable=\"false\" data-particle-mobile-disabled=\"false\" class=\"elementor-section elementor-inner-section elementor-element elementor-element-7f110b0 elementor-section-boxed elementor-section-height-default elementor-section-height-default\" data-id=\"7f110b0\" data-element_type=\"section\" data-e-type=\"section\" data-settings=\"{&quot;_ha_eqh_enable&quot;:false}\">\n\t\t\t\t\t\t<div class=\"elementor-container elementor-column-gap-wide\">\n\t\t\t\t\t<div class=\"elementor-column elementor-col-33 elementor-inner-column elementor-element elementor-element-baeaa94\" data-id=\"baeaa94\" data-element_type=\"column\" data-e-type=\"column\">\n\t\t\t<div class=\"elementor-widget-wrap elementor-element-populated\">\n\t\t\t\t\t\t<div class=\"elementor-element elementor-element-f2e7906 animated-slow elementor-position-top ha-has-bg-overlay elementor-invisible elementor-widget elementor-widget-image-box\" data-id=\"f2e7906\" data-element_type=\"widget\" data-e-type=\"widget\" data-settings=\"{&quot;_animation&quot;:&quot;fadeIn&quot;}\" data-widget_type=\"image-box.default\">\n\t\t\t\t<div class=\"elementor-widget-container\">\n\t\t\t\t\t<div class=\"elementor-image-box-wrapper\"><figure class=\"elementor-image-box-img\"><a href=\"\/gastronomie\/pachtboerse\/\" tabindex=\"-1\"><img decoding=\"async\" src=\"https:\/\/www.gastro-pacht.de\/gastronomie\/wp-content\/uploads\/2021\/10\/pachten-592x444.jpg\" title=\"pachten\" alt=\"pachten\" class=\"elementor-animation-shrink\" loading=\"lazy\" \/><\/a><\/figure><div class=\"elementor-image-box-content\"><h3 class=\"elementor-image-box-title\"><a href=\"\/gastronomie\/pachtboerse\/\">Pachten<\/a><\/h3><p class=\"elementor-image-box-description\">Wir listen Hotels und Gastronomiebetriebe in jedem Budgetbereich auf. Ob Sie Ihr neues Restaurant, Hotel oder Catering-Objekt suchen, wir haben es!<\/p><\/div><\/div>\t\t\t\t<\/div>\n\t\t\t\t<\/div>\n\t\t\t\t\t<\/div>\n\t\t<\/div>\n\t\t\t\t<div class=\"elementor-column elementor-col-33 elementor-inner-column elementor-element elementor-element-17a446b\" data-id=\"17a446b\" data-element_type=\"column\" data-e-type=\"column\">\n\t\t\t<div class=\"elementor-widget-wrap elementor-element-populated\">\n\t\t\t\t\t\t<div class=\"elementor-element elementor-element-b540faa animated-slow elementor-position-top ha-has-bg-overlay elementor-invisible elementor-widget elementor-widget-image-box\" data-id=\"b540faa\" data-element_type=\"widget\" data-e-type=\"widget\" data-settings=\"{&quot;_animation&quot;:&quot;fadeIn&quot;}\" data-widget_type=\"image-box.default\">\n\t\t\t\t<div class=\"elementor-widget-container\">\n\t\t\t\t\t<div class=\"elementor-image-box-wrapper\"><figure class=\"elementor-image-box-img\"><a href=\"\/gastronomie\/kaufboerse\/\" tabindex=\"-1\"><img decoding=\"async\" src=\"https:\/\/www.gastro-pacht.de\/gastronomie\/wp-content\/uploads\/2021\/10\/kaufen-592x444.jpg\" title=\"kaufen\" alt=\"kaufen\" class=\"elementor-animation-shrink\" loading=\"lazy\" \/><\/a><\/figure><div class=\"elementor-image-box-content\"><h3 class=\"elementor-image-box-title\"><a href=\"\/gastronomie\/kaufboerse\/\">Kaufen<\/a><\/h3><p class=\"elementor-image-box-description\">Holen Sie sich Ihre n\u00e4chste Gastro-, Hotel-, Renditeimmobilie bei uns. Hoteliers, hier sind Sie richtig, Wir helfen Ihnen, Ihren n\u00e4chsten Hotel zu finden<\/p><\/div><\/div>\t\t\t\t<\/div>\n\t\t\t\t<\/div>\n\t\t\t\t\t<\/div>\n\t\t<\/div>\n\t\t\t\t<div class=\"elementor-column elementor-col-33 elementor-inner-column elementor-element elementor-element-19eaa77\" data-id=\"19eaa77\" data-element_type=\"column\" data-e-type=\"column\">\n\t\t\t<div class=\"elementor-widget-wrap elementor-element-populated\">\n\t\t\t\t\t\t<div class=\"elementor-element elementor-element-c44dead animated-slow elementor-position-top ha-has-bg-overlay elementor-invisible elementor-widget elementor-widget-image-box\" data-id=\"c44dead\" data-element_type=\"widget\" data-e-type=\"widget\" data-settings=\"{&quot;_animation&quot;:&quot;fadeIn&quot;}\" data-widget_type=\"image-box.default\">\n\t\t\t\t<div class=\"elementor-widget-container\">\n\t\t\t\t\t<div class=\"elementor-image-box-wrapper\"><figure class=\"elementor-image-box-img\"><a href=\"\/gastronomie\/inseraten-preise-buchungspakete\/\" tabindex=\"-1\"><img decoding=\"async\" src=\"https:\/\/www.gastro-pacht.de\/gastronomie\/wp-content\/uploads\/2021\/10\/inserat-anzeige-erstellen.jpg\" title=\"inserat-anzeige-erstellen\" alt=\"inserat-anzeige-erstellen\" class=\"elementor-animation-shrink\" loading=\"lazy\" \/><\/a><\/figure><div class=\"elementor-image-box-content\"><h3 class=\"elementor-image-box-title\"><a href=\"\/gastronomie\/inseraten-preise-buchungspakete\/\">Inserieren<\/a><\/h3><p class=\"elementor-image-box-description\">Hier k\u00f6nnen Sie Ihre Immobilie inserieren. Platzieren Sie Ihre Anzeigen und bekommen Sie zus\u00e4tzlich <b>40 Tage Verl\u00e4ngerung gratis<\/b>.<\/p><\/div><\/div>\t\t\t\t<\/div>\n\t\t\t\t<\/div>\n\t\t\t\t\t<\/div>\n\t\t<\/div>\n\t\t\t\t\t<\/div>\n\t\t<\/section>\n\t\t\t\t<div class=\"elementor-element elementor-element-c940a42 elementor-widget elementor-widget-spacer\" data-id=\"c940a42\" data-element_type=\"widget\" data-e-type=\"widget\" data-widget_type=\"spacer.default\">\n\t\t\t\t<div class=\"elementor-widget-container\">\n\t\t\t\t\t\t\t<div class=\"elementor-spacer\">\n\t\t\t<div class=\"elementor-spacer-inner\"><\/div>\n\t\t<\/div>\n\t\t\t\t\t\t<\/div>\n\t\t\t\t<\/div>\n\t\t\t\t\t<\/div>\n\t\t<\/div>\n\t\t\t\t\t<\/div>\n\t\t<\/section>\n\t\t\t\t<section data-particle_enable=\"false\" data-particle-mobile-disabled=\"false\" class=\"elementor-section elementor-top-section elementor-element elementor-element-5d311516 elementor-section-boxed elementor-section-height-default elementor-section-height-default\" data-id=\"5d311516\" data-element_type=\"section\" data-e-type=\"section\" data-settings=\"{&quot;background_background&quot;:&quot;classic&quot;,&quot;_ha_eqh_enable&quot;:false}\">\n\t\t\t\t\t\t<div class=\"elementor-container elementor-column-gap-default\">\n\t\t\t\t\t<div class=\"elementor-column elementor-col-100 elementor-top-column elementor-element elementor-element-411bef3e\" data-id=\"411bef3e\" data-element_type=\"column\" data-e-type=\"column\">\n\t\t\t<div class=\"elementor-widget-wrap elementor-element-populated\">\n\t\t\t\t\t\t<section data-particle_enable=\"false\" data-particle-mobile-disabled=\"false\" class=\"elementor-section elementor-inner-section elementor-element elementor-element-fc56f00 elementor-section-boxed elementor-section-height-default elementor-section-height-default\" data-id=\"fc56f00\" data-element_type=\"section\" data-e-type=\"section\" data-settings=\"{&quot;_ha_eqh_enable&quot;:false}\">\n\t\t\t\t\t\t<div class=\"elementor-container elementor-column-gap-default\">\n\t\t\t\t\t<div class=\"elementor-column elementor-col-100 elementor-inner-column elementor-element elementor-element-6ba86f8\" data-id=\"6ba86f8\" data-element_type=\"column\" data-e-type=\"column\">\n\t\t\t<div class=\"elementor-widget-wrap elementor-element-populated\">\n\t\t\t\t\t\t<div class=\"elementor-element elementor-element-a38e3ec elementor-widget elementor-widget-heading\" data-id=\"a38e3ec\" data-element_type=\"widget\" data-e-type=\"widget\" data-widget_type=\"heading.default\">\n\t\t\t\t<div class=\"elementor-widget-container\">\n\t\t\t\t\t<h3 class=\"elementor-heading-title elementor-size-default\">Empfohlen<\/h3>\t\t\t\t<\/div>\n\t\t\t\t<\/div>\n\t\t\t\t\t<\/div>\n\t\t<\/div>\n\t\t\t\t\t<\/div>\n\t\t<\/section>\n\t\t\t\t<div class=\"elementor-element elementor-element-3a9271bc animated-slow elementor-invisible elementor-widget elementor-widget-houzez_elementor_properties_carousel_v2n\" data-id=\"3a9271bc\" data-element_type=\"widget\" data-e-type=\"widget\" data-settings=\"{&quot;_animation&quot;:&quot;fadeIn&quot;}\" data-widget_type=\"houzez_elementor_properties_carousel_v2n.default\">\n\t\t\t\t<div class=\"elementor-widget-container\">\n\t\t\t\t\t        <div class=\"property-carousel-module property-carousel-module-v2 property-carousel-module-v2-2cols houzez-carousel-arrows-K1O84\">\n            <div class=\"property-carousel-buttons-wrap \">\n                                <button type=\"button\" class=\"slick-prev-js-K1O84 slick-prev btn-primary-outlined\">Vorherige<\/button>\n                <button type=\"button\" class=\"slick-next-js-K1O84 slick-next btn-primary-outlined\">N\u00e4chster<\/button>\n                                            <\/div><!-- property-carousel-buttons-wrap -->\n\n            <div class=\"listing-view grid-view\">\n                <div id=\"houzez-properties-carousel-K1O84\" data-token=\"K1O84\" class=\"houzez-properties-carousel-js houzez-all-slider-wrap property-carousel-wrap-v2-2cols\">\n                    <div class=\"item-listing-wrap item-wrap-v2 hz-item-gallery-js hz-map-trigger\" data-hz-id=\"23379\" data-images=\"[{&quot;image&quot;:&quot;https:\\\/\\\/www.gastro-pacht.de\\\/gastronomie\\\/wp-content\\\/uploads\\\/2026\\\/03\\\/nir_design-paragliding-4175520_1920-584x438.jpg&quot;,&quot;alt&quot;:&quot;&quot;,&quot;width&quot;:584,&quot;height&quot;:438,&quot;srcset&quot;:&quot;https:\\\/\\\/www.gastro-pacht.de\\\/gastronomie\\\/wp-content\\\/uploads\\\/2026\\\/03\\\/nir_design-paragliding-4175520_1920-584x438.jpg 584w, https:\\\/\\\/www.gastro-pacht.de\\\/gastronomie\\\/wp-content\\\/uploads\\\/2026\\\/03\\\/nir_design-paragliding-4175520_1920-1536x1154.jpg 1536w, https:\\\/\\\/www.gastro-pacht.de\\\/gastronomie\\\/wp-content\\\/uploads\\\/2026\\\/03\\\/nir_design-paragliding-4175520_1920.jpg 1920w&quot;,&quot;sizes&quot;:&quot;(max-width: 584px) 100vw, 584px&quot;},{&quot;image&quot;:&quot;https:\\\/\\\/www.gastro-pacht.de\\\/gastronomie\\\/wp-content\\\/uploads\\\/2026\\\/03\\\/nir_design-paragliding-4175520_1920-584x438.jpg&quot;,&quot;alt&quot;:&quot;&quot;,&quot;width&quot;:584,&quot;height&quot;:438,&quot;srcset&quot;:&quot;https:\\\/\\\/www.gastro-pacht.de\\\/gastronomie\\\/wp-content\\\/uploads\\\/2026\\\/03\\\/nir_design-paragliding-4175520_1920-584x438.jpg 584w, https:\\\/\\\/www.gastro-pacht.de\\\/gastronomie\\\/wp-content\\\/uploads\\\/2026\\\/03\\\/nir_design-paragliding-4175520_1920-1536x1154.jpg 1536w, https:\\\/\\\/www.gastro-pacht.de\\\/gastronomie\\\/wp-content\\\/uploads\\\/2026\\\/03\\\/nir_design-paragliding-4175520_1920.jpg 1920w&quot;,&quot;sizes&quot;:&quot;(max-width: 584px) 100vw, 584px&quot;}]\">\n\t<div class=\"item-wrap item-wrap-no-frame h-100\">\n\t\t<div class=\"d-flex flex-column align-items-center h-100\">\n\t\t\t<div class=\"item-header\">\n\t\t\t\t<span class=\"label-featured label me-1\" role=\"status\">Empfehlung<\/span>\t\t\t\t<div class=\"labels-wrap d-flex align-items-center gap-1\" role=\"group\"> \n\n\t<a href=\"https:\/\/www.gastro-pacht.de\/gastronomie\/pachten-kaufen\/zu-verkaufen\/\" class=\"label-status label status-color-35\">\n\t\t\t\t\tzu verkaufen\n\t\t\t\t<\/a><a href=\"https:\/\/www.gastro-pacht.de\/gastronomie\/zustand\/neu\/\" class=\"hz-label label label-color-54\">\n\t\t\t\t\tNeu\n\t\t\t\t<\/a>       \n\n<\/div>\n\t\t\t\t<ul class=\"item-price-wrap d-flex flex-column gap-2\" role=\"list\">\n\t<li class=\"item-price\"><span class=\"price\">3.680.000\u20ac<\/span><span class=\"price-postfix\"><\/span><\/li><\/ul>\t\t\t\t<ul class=\"item-tools d-flex align-items-center justify-content-center gap-1\">\n        <li class=\"item-tool item-preview\">\n        <span class=\"hz-show-lightbox-js item-tool-preview text-center\" data-listid=\"23379\">\n            <span data-bs-toggle=\"tooltip\" data-bs-placement=\"top\" title=\"Vorschau\">\n                <i class=\"houzez-icon icon-expand-3\"><\/i>   \n            <\/span>\n        <\/span><!-- item-tool-favorite -->\n    <\/li><!-- item-tool -->\n        \n        <li class=\"item-tool item-favorite\">\n        <span class=\"add-favorite-js item-tool-favorite text-center\" data-bs-toggle=\"tooltip\" data-bs-placement=\"top\" title=\"Favoriten\" data-listid=\"23379\">\n            <i class=\"houzez-icon icon-love-it \"><\/i>\n        <\/span><!-- item-tool-favorite -->\n    <\/li><!-- item-tool -->\n    \n        <li class=\"item-tool item-compare\">\n        <span class=\"houzez_compare compare-23379 item-tool-compare text-center\" data-bs-toggle=\"tooltip\" data-bs-placement=\"top\" title=\"Zum Vergleich hinzuf\u00fcgen\" data-listing_id=\"23379\" data-listing_image=\"https:\/\/www.gastro-pacht.de\/gastronomie\/wp-content\/uploads\/2026\/03\/nir_design-paragliding-4175520_1920-584x438.jpg\">\n            <i class=\"houzez-icon icon-add-circle\"><\/i>\n            <!-- <i class=\"houzez-icon icon-subtract-circle\"><\/i> -->\n        <\/span><!-- item-tool-compare -->\n    <\/li><!-- item-tool -->\n    <\/ul><!-- item-tools -->\n\t\t\t\t<div class=\"listing-image-wrap\">\n\t<div class=\"listing-thumb\">\n\t\t<a target=\"_self\" href=\"https:\/\/www.gastro-pacht.de\/gastronomie\/immobilien\/hotel-resortprojekt-im-nordschwarzwald\/\" class=\"listing-featured-thumb hover-effect image-wrap\" role=\"link\">\n\t\t\t<img fetchpriority=\"high\" decoding=\"async\" width=\"584\" height=\"438\" src=\"https:\/\/www.gastro-pacht.de\/gastronomie\/wp-content\/uploads\/2026\/03\/nir_design-paragliding-4175520_1920-584x438.jpg\" class=\"img-fluid wp-post-image\" alt=\"\" srcset=\"https:\/\/www.gastro-pacht.de\/gastronomie\/wp-content\/uploads\/2026\/03\/nir_design-paragliding-4175520_1920-584x438.jpg 584w, https:\/\/www.gastro-pacht.de\/gastronomie\/wp-content\/uploads\/2026\/03\/nir_design-paragliding-4175520_1920-1536x1154.jpg 1536w, https:\/\/www.gastro-pacht.de\/gastronomie\/wp-content\/uploads\/2026\/03\/nir_design-paragliding-4175520_1920.jpg 1920w\" sizes=\"(max-width: 584px) 100vw, 584px\" \/>\t\t<\/a><!-- hover-effect -->\n\t<\/div>\n<\/div>\t\t\t\t<div class=\"preview_loader\"><\/div>\n\t\t\t<\/div>\n\t\t\t<div class=\"item-body w-100 flex-grow-1\">\n\t\t\t\t<h2 class=\"item-title mb-2 \">\n\t<a target=\"_self\" href=\"https:\/\/www.gastro-pacht.de\/gastronomie\/immobilien\/hotel-resortprojekt-im-nordschwarzwald\/\" role=\"link\">Hotel- &amp; Resortprojekt im Nordschwarzwald<\/a>\n<\/h2><!-- item-title -->\t\t\t\t<address class=\"item-address mb-2\"><i class=\"houzez-icon icon-pin me-1\" aria-hidden=\"true\"><\/i><span><\/span><\/address>\t\t\t\t\t\t\t\t<ul class=\"item-amenities item-amenities-with-icons d-flex flex-wrap align-items-center gap-2\" role=\"list\">\n\t<li class=\"h-type d-flex w-100 mb-2\" role=\"listitem\"><span>Hotel-Restaurant, Hotel<\/span><\/li><\/ul>\t\t\t<\/div>\n\t\t\t\t\t<\/div>\n\t<\/div>\n<\/div><div class=\"item-listing-wrap item-wrap-v2 hz-item-gallery-js hz-map-trigger\" data-hz-id=\"22478\" data-images=\"[{&quot;image&quot;:&quot;https:\\\/\\\/www.gastro-pacht.de\\\/gastronomie\\\/wp-content\\\/uploads\\\/2025\\\/08\\\/DJI_49-584x438.jpg&quot;,&quot;alt&quot;:&quot;&quot;,&quot;width&quot;:584,&quot;height&quot;:438,&quot;srcset&quot;:false,&quot;sizes&quot;:&quot;(max-width: 584px) 100vw, 584px&quot;},{&quot;image&quot;:&quot;https:\\\/\\\/www.gastro-pacht.de\\\/gastronomie\\\/wp-content\\\/uploads\\\/2025\\\/08\\\/DJI_49-584x438.jpg&quot;,&quot;alt&quot;:&quot;&quot;,&quot;width&quot;:584,&quot;height&quot;:438,&quot;srcset&quot;:false,&quot;sizes&quot;:&quot;(max-width: 584px) 100vw, 584px&quot;},{&quot;image&quot;:&quot;https:\\\/\\\/www.gastro-pacht.de\\\/gastronomie\\\/wp-content\\\/uploads\\\/2025\\\/08\\\/DSC_4959-584x438.jpg&quot;,&quot;alt&quot;:&quot;&quot;,&quot;width&quot;:584,&quot;height&quot;:438,&quot;srcset&quot;:false,&quot;sizes&quot;:&quot;(max-width: 584px) 100vw, 584px&quot;},{&quot;image&quot;:&quot;https:\\\/\\\/www.gastro-pacht.de\\\/gastronomie\\\/wp-content\\\/uploads\\\/2025\\\/08\\\/DSC_4965-584x438.jpg&quot;,&quot;alt&quot;:&quot;&quot;,&quot;width&quot;:584,&quot;height&quot;:438,&quot;srcset&quot;:false,&quot;sizes&quot;:&quot;(max-width: 584px) 100vw, 584px&quot;},{&quot;image&quot;:&quot;https:\\\/\\\/www.gastro-pacht.de\\\/gastronomie\\\/wp-content\\\/uploads\\\/2025\\\/08\\\/Eingang-innen-584x438.jpg&quot;,&quot;alt&quot;:&quot;&quot;,&quot;width&quot;:584,&quot;height&quot;:438,&quot;srcset&quot;:false,&quot;sizes&quot;:&quot;(max-width: 584px) 100vw, 584px&quot;},{&quot;image&quot;:&quot;https:\\\/\\\/www.gastro-pacht.de\\\/gastronomie\\\/wp-content\\\/uploads\\\/2025\\\/08\\\/Gastraum-noerdlich-584x438.jpg&quot;,&quot;alt&quot;:&quot;&quot;,&quot;width&quot;:584,&quot;height&quot;:438,&quot;srcset&quot;:false,&quot;sizes&quot;:&quot;(max-width: 584px) 100vw, 584px&quot;},{&quot;image&quot;:&quot;https:\\\/\\\/www.gastro-pacht.de\\\/gastronomie\\\/wp-content\\\/uploads\\\/2025\\\/08\\\/Gastraum-suedlich-2-584x438.jpg&quot;,&quot;alt&quot;:&quot;&quot;,&quot;width&quot;:584,&quot;height&quot;:438,&quot;srcset&quot;:false,&quot;sizes&quot;:&quot;(max-width: 584px) 100vw, 584px&quot;},{&quot;image&quot;:&quot;https:\\\/\\\/www.gastro-pacht.de\\\/gastronomie\\\/wp-content\\\/uploads\\\/2025\\\/08\\\/Gastraum-suedlich-584x438.jpg&quot;,&quot;alt&quot;:&quot;&quot;,&quot;width&quot;:584,&quot;height&quot;:438,&quot;srcset&quot;:false,&quot;sizes&quot;:&quot;(max-width: 584px) 100vw, 584px&quot;}]\">\n\t<div class=\"item-wrap item-wrap-no-frame h-100\">\n\t\t<div class=\"d-flex flex-column align-items-center h-100\">\n\t\t\t<div class=\"item-header\">\n\t\t\t\t<span class=\"label-featured label me-1\" role=\"status\">Empfehlung<\/span>\t\t\t\t<div class=\"labels-wrap d-flex align-items-center gap-1\" role=\"group\"> \n\n\t<a href=\"https:\/\/www.gastro-pacht.de\/gastronomie\/pachten-kaufen\/zu-verpachten\/\" class=\"label-status label status-color-34\">\n\t\t\t\t\tzu verpachten\n\t\t\t\t<\/a>       \n\n<\/div>\n\t\t\t\t<ul class=\"item-price-wrap d-flex flex-column gap-2\" role=\"list\">\n\t<li class=\"item-price item-price-text\"><\/li><\/ul>\t\t\t\t<ul class=\"item-tools d-flex align-items-center justify-content-center gap-1\">\n        <li class=\"item-tool item-preview\">\n        <span class=\"hz-show-lightbox-js item-tool-preview text-center\" data-listid=\"22478\">\n            <span data-bs-toggle=\"tooltip\" data-bs-placement=\"top\" title=\"Vorschau\">\n                <i class=\"houzez-icon icon-expand-3\"><\/i>   \n            <\/span>\n        <\/span><!-- item-tool-favorite -->\n    <\/li><!-- item-tool -->\n        \n        <li class=\"item-tool item-favorite\">\n        <span class=\"add-favorite-js item-tool-favorite text-center\" data-bs-toggle=\"tooltip\" data-bs-placement=\"top\" title=\"Favoriten\" data-listid=\"22478\">\n            <i class=\"houzez-icon icon-love-it \"><\/i>\n        <\/span><!-- item-tool-favorite -->\n    <\/li><!-- item-tool -->\n    \n        <li class=\"item-tool item-compare\">\n        <span class=\"houzez_compare compare-22478 item-tool-compare text-center\" data-bs-toggle=\"tooltip\" data-bs-placement=\"top\" title=\"Zum Vergleich hinzuf\u00fcgen\" data-listing_id=\"22478\" data-listing_image=\"https:\/\/www.gastro-pacht.de\/gastronomie\/wp-content\/uploads\/2025\/08\/DJI_49-584x438.jpg\">\n            <i class=\"houzez-icon icon-add-circle\"><\/i>\n            <!-- <i class=\"houzez-icon icon-subtract-circle\"><\/i> -->\n        <\/span><!-- item-tool-compare -->\n    <\/li><!-- item-tool -->\n    <\/ul><!-- item-tools -->\n\t\t\t\t<div class=\"listing-image-wrap\">\n\t<div class=\"listing-thumb\">\n\t\t<a target=\"_self\" href=\"https:\/\/www.gastro-pacht.de\/gastronomie\/immobilien\/gastronomie-am-meer\/\" class=\"listing-featured-thumb hover-effect image-wrap\" role=\"link\">\n\t\t\t<img decoding=\"async\" width=\"584\" height=\"438\" src=\"https:\/\/www.gastro-pacht.de\/gastronomie\/wp-content\/uploads\/2025\/08\/DJI_49-584x438.jpg\" class=\"img-fluid wp-post-image\" alt=\"\" \/>\t\t<\/a><!-- hover-effect -->\n\t<\/div>\n<\/div>\t\t\t\t<div class=\"preview_loader\"><\/div>\n\t\t\t<\/div>\n\t\t\t<div class=\"item-body w-100 flex-grow-1\">\n\t\t\t\t<h2 class=\"item-title mb-2 \">\n\t<a target=\"_self\" href=\"https:\/\/www.gastro-pacht.de\/gastronomie\/immobilien\/gastronomie-am-meer\/\" role=\"link\">Gastronomie am Meer<\/a>\n<\/h2><!-- item-title -->\t\t\t\t<address class=\"item-address mb-2\"><i class=\"houzez-icon icon-pin me-1\" aria-hidden=\"true\"><\/i><span>Andreas-Dirks-Stra\u00dfe 10<\/span><\/address>\t\t\t\t\t\t\t\t<ul class=\"item-amenities item-amenities-with-icons d-flex flex-wrap align-items-center gap-2\" role=\"list\">\n\t<li class=\"h-type d-flex w-100 mb-2\" role=\"listitem\"><span>Caf\u00e8 Restaurant, Gastronomie<\/span><\/li><\/ul>\t\t\t<\/div>\n\t\t\t\t\t<\/div>\n\t<\/div>\n<\/div><div class=\"item-listing-wrap item-wrap-v2 hz-item-gallery-js hz-map-trigger\" data-hz-id=\"21149\" data-images=\"[{&quot;image&quot;:&quot;https:\\\/\\\/www.gastro-pacht.de\\\/gastronomie\\\/wp-content\\\/uploads\\\/2024\\\/03\\\/1000018764-584x438.jpg&quot;,&quot;alt&quot;:&quot;&quot;,&quot;width&quot;:584,&quot;height&quot;:438,&quot;srcset&quot;:&quot;https:\\\/\\\/www.gastro-pacht.de\\\/gastronomie\\\/wp-content\\\/uploads\\\/2024\\\/03\\\/1000018764-584x438.jpg 584w, https:\\\/\\\/www.gastro-pacht.de\\\/gastronomie\\\/wp-content\\\/uploads\\\/2024\\\/03\\\/1000018764-592x444.jpg 592w, https:\\\/\\\/www.gastro-pacht.de\\\/gastronomie\\\/wp-content\\\/uploads\\\/2024\\\/03\\\/1000018764-120x90.jpg 120w&quot;,&quot;sizes&quot;:&quot;(max-width: 584px) 100vw, 584px&quot;},{&quot;image&quot;:&quot;https:\\\/\\\/www.gastro-pacht.de\\\/gastronomie\\\/wp-content\\\/uploads\\\/2024\\\/03\\\/1000018764-584x438.jpg&quot;,&quot;alt&quot;:&quot;&quot;,&quot;width&quot;:584,&quot;height&quot;:438,&quot;srcset&quot;:&quot;https:\\\/\\\/www.gastro-pacht.de\\\/gastronomie\\\/wp-content\\\/uploads\\\/2024\\\/03\\\/1000018764-584x438.jpg 584w, https:\\\/\\\/www.gastro-pacht.de\\\/gastronomie\\\/wp-content\\\/uploads\\\/2024\\\/03\\\/1000018764-592x444.jpg 592w, https:\\\/\\\/www.gastro-pacht.de\\\/gastronomie\\\/wp-content\\\/uploads\\\/2024\\\/03\\\/1000018764-120x90.jpg 120w&quot;,&quot;sizes&quot;:&quot;(max-width: 584px) 100vw, 584px&quot;},{&quot;image&quot;:&quot;https:\\\/\\\/www.gastro-pacht.de\\\/gastronomie\\\/wp-content\\\/uploads\\\/2024\\\/03\\\/1000016747-584x438.jpg&quot;,&quot;alt&quot;:&quot;&quot;,&quot;width&quot;:584,&quot;height&quot;:438,&quot;srcset&quot;:&quot;https:\\\/\\\/www.gastro-pacht.de\\\/gastronomie\\\/wp-content\\\/uploads\\\/2024\\\/03\\\/1000016747-584x438.jpg 584w, https:\\\/\\\/www.gastro-pacht.de\\\/gastronomie\\\/wp-content\\\/uploads\\\/2024\\\/03\\\/1000016747-592x444.jpg 592w, https:\\\/\\\/www.gastro-pacht.de\\\/gastronomie\\\/wp-content\\\/uploads\\\/2024\\\/03\\\/1000016747-120x90.jpg 120w&quot;,&quot;sizes&quot;:&quot;(max-width: 584px) 100vw, 584px&quot;},{&quot;image&quot;:&quot;https:\\\/\\\/www.gastro-pacht.de\\\/gastronomie\\\/wp-content\\\/uploads\\\/2024\\\/03\\\/1000016757-584x438.jpg&quot;,&quot;alt&quot;:&quot;&quot;,&quot;width&quot;:584,&quot;height&quot;:438,&quot;srcset&quot;:&quot;https:\\\/\\\/www.gastro-pacht.de\\\/gastronomie\\\/wp-content\\\/uploads\\\/2024\\\/03\\\/1000016757-584x438.jpg 584w, https:\\\/\\\/www.gastro-pacht.de\\\/gastronomie\\\/wp-content\\\/uploads\\\/2024\\\/03\\\/1000016757-592x444.jpg 592w, https:\\\/\\\/www.gastro-pacht.de\\\/gastronomie\\\/wp-content\\\/uploads\\\/2024\\\/03\\\/1000016757-120x90.jpg 120w&quot;,&quot;sizes&quot;:&quot;(max-width: 584px) 100vw, 584px&quot;},{&quot;image&quot;:&quot;https:\\\/\\\/www.gastro-pacht.de\\\/gastronomie\\\/wp-content\\\/uploads\\\/2024\\\/03\\\/1000016748-584x438.jpg&quot;,&quot;alt&quot;:&quot;&quot;,&quot;width&quot;:584,&quot;height&quot;:438,&quot;srcset&quot;:&quot;https:\\\/\\\/www.gastro-pacht.de\\\/gastronomie\\\/wp-content\\\/uploads\\\/2024\\\/03\\\/1000016748-584x438.jpg 584w, https:\\\/\\\/www.gastro-pacht.de\\\/gastronomie\\\/wp-content\\\/uploads\\\/2024\\\/03\\\/1000016748-592x444.jpg 592w, https:\\\/\\\/www.gastro-pacht.de\\\/gastronomie\\\/wp-content\\\/uploads\\\/2024\\\/03\\\/1000016748-120x90.jpg 120w&quot;,&quot;sizes&quot;:&quot;(max-width: 584px) 100vw, 584px&quot;},{&quot;image&quot;:&quot;https:\\\/\\\/www.gastro-pacht.de\\\/gastronomie\\\/wp-content\\\/uploads\\\/2024\\\/03\\\/1000018096-584x438.jpg&quot;,&quot;alt&quot;:&quot;&quot;,&quot;width&quot;:584,&quot;height&quot;:438,&quot;srcset&quot;:&quot;https:\\\/\\\/www.gastro-pacht.de\\\/gastronomie\\\/wp-content\\\/uploads\\\/2024\\\/03\\\/1000018096-584x438.jpg 584w, https:\\\/\\\/www.gastro-pacht.de\\\/gastronomie\\\/wp-content\\\/uploads\\\/2024\\\/03\\\/1000018096-592x444.jpg 592w, https:\\\/\\\/www.gastro-pacht.de\\\/gastronomie\\\/wp-content\\\/uploads\\\/2024\\\/03\\\/1000018096-120x90.jpg 120w&quot;,&quot;sizes&quot;:&quot;(max-width: 584px) 100vw, 584px&quot;},{&quot;image&quot;:&quot;https:\\\/\\\/www.gastro-pacht.de\\\/gastronomie\\\/wp-content\\\/uploads\\\/2024\\\/03\\\/1000016751-584x438.jpg&quot;,&quot;alt&quot;:&quot;&quot;,&quot;width&quot;:584,&quot;height&quot;:438,&quot;srcset&quot;:&quot;https:\\\/\\\/www.gastro-pacht.de\\\/gastronomie\\\/wp-content\\\/uploads\\\/2024\\\/03\\\/1000016751-584x438.jpg 584w, https:\\\/\\\/www.gastro-pacht.de\\\/gastronomie\\\/wp-content\\\/uploads\\\/2024\\\/03\\\/1000016751-592x444.jpg 592w, https:\\\/\\\/www.gastro-pacht.de\\\/gastronomie\\\/wp-content\\\/uploads\\\/2024\\\/03\\\/1000016751-120x90.jpg 120w&quot;,&quot;sizes&quot;:&quot;(max-width: 584px) 100vw, 584px&quot;},{&quot;image&quot;:&quot;https:\\\/\\\/www.gastro-pacht.de\\\/gastronomie\\\/wp-content\\\/uploads\\\/2024\\\/03\\\/1000018286-584x438.jpg&quot;,&quot;alt&quot;:&quot;&quot;,&quot;width&quot;:584,&quot;height&quot;:438,&quot;srcset&quot;:&quot;https:\\\/\\\/www.gastro-pacht.de\\\/gastronomie\\\/wp-content\\\/uploads\\\/2024\\\/03\\\/1000018286-584x438.jpg 584w, https:\\\/\\\/www.gastro-pacht.de\\\/gastronomie\\\/wp-content\\\/uploads\\\/2024\\\/03\\\/1000018286-300x226.jpg 300w, https:\\\/\\\/www.gastro-pacht.de\\\/gastronomie\\\/wp-content\\\/uploads\\\/2024\\\/03\\\/1000018286-592x444.jpg 592w, https:\\\/\\\/www.gastro-pacht.de\\\/gastronomie\\\/wp-content\\\/uploads\\\/2024\\\/03\\\/1000018286-120x90.jpg 120w&quot;,&quot;sizes&quot;:&quot;(max-width: 584px) 100vw, 584px&quot;},{&quot;image&quot;:&quot;https:\\\/\\\/www.gastro-pacht.de\\\/gastronomie\\\/wp-content\\\/uploads\\\/2024\\\/03\\\/1000016741-584x438.jpg&quot;,&quot;alt&quot;:&quot;&quot;,&quot;width&quot;:584,&quot;height&quot;:438,&quot;srcset&quot;:&quot;https:\\\/\\\/www.gastro-pacht.de\\\/gastronomie\\\/wp-content\\\/uploads\\\/2024\\\/03\\\/1000016741-584x438.jpg 584w, https:\\\/\\\/www.gastro-pacht.de\\\/gastronomie\\\/wp-content\\\/uploads\\\/2024\\\/03\\\/1000016741-592x444.jpg 592w, https:\\\/\\\/www.gastro-pacht.de\\\/gastronomie\\\/wp-content\\\/uploads\\\/2024\\\/03\\\/1000016741-120x90.jpg 120w&quot;,&quot;sizes&quot;:&quot;(max-width: 584px) 100vw, 584px&quot;},{&quot;image&quot;:&quot;https:\\\/\\\/www.gastro-pacht.de\\\/gastronomie\\\/wp-content\\\/uploads\\\/2024\\\/03\\\/1000016740-584x438.jpg&quot;,&quot;alt&quot;:&quot;&quot;,&quot;width&quot;:584,&quot;height&quot;:438,&quot;srcset&quot;:&quot;https:\\\/\\\/www.gastro-pacht.de\\\/gastronomie\\\/wp-content\\\/uploads\\\/2024\\\/03\\\/1000016740-584x438.jpg 584w, https:\\\/\\\/www.gastro-pacht.de\\\/gastronomie\\\/wp-content\\\/uploads\\\/2024\\\/03\\\/1000016740-592x444.jpg 592w, https:\\\/\\\/www.gastro-pacht.de\\\/gastronomie\\\/wp-content\\\/uploads\\\/2024\\\/03\\\/1000016740-120x90.jpg 120w&quot;,&quot;sizes&quot;:&quot;(max-width: 584px) 100vw, 584px&quot;}]\">\n\t<div class=\"item-wrap item-wrap-no-frame h-100\">\n\t\t<div class=\"d-flex flex-column align-items-center h-100\">\n\t\t\t<div class=\"item-header\">\n\t\t\t\t<span class=\"label-featured label me-1\" role=\"status\">Empfehlung<\/span>\t\t\t\t<div class=\"labels-wrap d-flex align-items-center gap-1\" role=\"group\"> \n\n\t<a href=\"https:\/\/www.gastro-pacht.de\/gastronomie\/pachten-kaufen\/zu-verpachten\/\" class=\"label-status label status-color-34\">\n\t\t\t\t\tzu verpachten\n\t\t\t\t<\/a><a href=\"https:\/\/www.gastro-pacht.de\/gastronomie\/zustand\/guter-zustand\/\" class=\"hz-label label label-color-38\">\n\t\t\t\t\tguter Zustand\n\t\t\t\t<\/a>       \n\n<\/div>\n\t\t\t\t<ul class=\"item-price-wrap d-flex flex-column gap-2\" role=\"list\">\n\t<li class=\"item-price item-price-text\">Umsatzabh\u00e4ngige Pacht<\/li><\/ul>\t\t\t\t<ul class=\"item-tools d-flex align-items-center justify-content-center gap-1\">\n        <li class=\"item-tool item-preview\">\n        <span class=\"hz-show-lightbox-js item-tool-preview text-center\" data-listid=\"21149\">\n            <span data-bs-toggle=\"tooltip\" data-bs-placement=\"top\" title=\"Vorschau\">\n                <i class=\"houzez-icon icon-expand-3\"><\/i>   \n            <\/span>\n        <\/span><!-- item-tool-favorite -->\n    <\/li><!-- item-tool -->\n        \n        <li class=\"item-tool item-favorite\">\n        <span class=\"add-favorite-js item-tool-favorite text-center\" data-bs-toggle=\"tooltip\" data-bs-placement=\"top\" title=\"Favoriten\" data-listid=\"21149\">\n            <i class=\"houzez-icon icon-love-it \"><\/i>\n        <\/span><!-- item-tool-favorite -->\n    <\/li><!-- item-tool -->\n    \n        <li class=\"item-tool item-compare\">\n        <span class=\"houzez_compare compare-21149 item-tool-compare text-center\" data-bs-toggle=\"tooltip\" data-bs-placement=\"top\" title=\"Zum Vergleich hinzuf\u00fcgen\" data-listing_id=\"21149\" data-listing_image=\"https:\/\/www.gastro-pacht.de\/gastronomie\/wp-content\/uploads\/2024\/03\/1000018764-584x438.jpg\">\n            <i class=\"houzez-icon icon-add-circle\"><\/i>\n            <!-- <i class=\"houzez-icon icon-subtract-circle\"><\/i> -->\n        <\/span><!-- item-tool-compare -->\n    <\/li><!-- item-tool -->\n    <\/ul><!-- item-tools -->\n\t\t\t\t<div class=\"listing-image-wrap\">\n\t<div class=\"listing-thumb\">\n\t\t<a target=\"_self\" href=\"https:\/\/www.gastro-pacht.de\/gastronomie\/immobilien\/gastraum-heinrich-auf-burg-tannroda-zu-verpachten\/\" class=\"listing-featured-thumb hover-effect image-wrap\" role=\"link\">\n\t\t\t<img decoding=\"async\" width=\"584\" height=\"438\" src=\"https:\/\/www.gastro-pacht.de\/gastronomie\/wp-content\/uploads\/2024\/03\/1000018764-584x438.jpg\" class=\"img-fluid wp-post-image\" alt=\"\" srcset=\"https:\/\/www.gastro-pacht.de\/gastronomie\/wp-content\/uploads\/2024\/03\/1000018764-584x438.jpg 584w, https:\/\/www.gastro-pacht.de\/gastronomie\/wp-content\/uploads\/2024\/03\/1000018764-592x444.jpg 592w, https:\/\/www.gastro-pacht.de\/gastronomie\/wp-content\/uploads\/2024\/03\/1000018764-120x90.jpg 120w\" sizes=\"(max-width: 584px) 100vw, 584px\" \/>\t\t<\/a><!-- hover-effect -->\n\t<\/div>\n<\/div>\t\t\t\t<div class=\"preview_loader\"><\/div>\n\t\t\t<\/div>\n\t\t\t<div class=\"item-body w-100 flex-grow-1\">\n\t\t\t\t<h2 class=\"item-title mb-2 \">\n\t<a target=\"_self\" href=\"https:\/\/www.gastro-pacht.de\/gastronomie\/immobilien\/gastraum-heinrich-auf-burg-tannroda-zu-verpachten\/\" role=\"link\">GastRaum Heinrich auf Burg Tannroda zu verpachten<\/a>\n<\/h2><!-- item-title -->\t\t\t\t<address class=\"item-address mb-2\"><i class=\"houzez-icon icon-pin me-1\" aria-hidden=\"true\"><\/i><span>Tannroda, Bad Berka, Deutschland<\/span><\/address>\t\t\t\t\t\t\t\t<ul class=\"item-amenities item-amenities-with-icons d-flex flex-wrap align-items-center gap-2\" role=\"list\">\n\t<li class=\"h-type d-flex w-100 mb-2\" role=\"listitem\"><span>Ausflugslokal<\/span><\/li><\/ul>\t\t\t<\/div>\n\t\t\t\t\t<\/div>\n\t<\/div>\n<\/div><div class=\"item-listing-wrap item-wrap-v2 hz-item-gallery-js hz-map-trigger\" data-hz-id=\"21123\" data-images=\"[{&quot;image&quot;:&quot;https:\\\/\\\/www.gastro-pacht.de\\\/gastronomie\\\/wp-content\\\/uploads\\\/2024\\\/03\\\/Aussenansicht-Nacht-541x438.jpg&quot;,&quot;alt&quot;:&quot;&quot;,&quot;width&quot;:541,&quot;height&quot;:438,&quot;srcset&quot;:false,&quot;sizes&quot;:&quot;(max-width: 541px) 100vw, 541px&quot;},{&quot;image&quot;:&quot;https:\\\/\\\/www.gastro-pacht.de\\\/gastronomie\\\/wp-content\\\/uploads\\\/2024\\\/03\\\/Aussenansicht-Nacht-541x438.jpg&quot;,&quot;alt&quot;:&quot;&quot;,&quot;width&quot;:541,&quot;height&quot;:438,&quot;srcset&quot;:false,&quot;sizes&quot;:&quot;(max-width: 541px) 100vw, 541px&quot;},{&quot;image&quot;:&quot;https:\\\/\\\/www.gastro-pacht.de\\\/gastronomie\\\/wp-content\\\/uploads\\\/2024\\\/03\\\/Eingang-Restaurant-584x438.jpg&quot;,&quot;alt&quot;:&quot;&quot;,&quot;width&quot;:584,&quot;height&quot;:438,&quot;srcset&quot;:&quot;https:\\\/\\\/www.gastro-pacht.de\\\/gastronomie\\\/wp-content\\\/uploads\\\/2024\\\/03\\\/Eingang-Restaurant-584x438.jpg 584w, https:\\\/\\\/www.gastro-pacht.de\\\/gastronomie\\\/wp-content\\\/uploads\\\/2024\\\/03\\\/Eingang-Restaurant-592x444.jpg 592w, https:\\\/\\\/www.gastro-pacht.de\\\/gastronomie\\\/wp-content\\\/uploads\\\/2024\\\/03\\\/Eingang-Restaurant-120x90.jpg 120w&quot;,&quot;sizes&quot;:&quot;(max-width: 584px) 100vw, 584px&quot;},{&quot;image&quot;:&quot;https:\\\/\\\/www.gastro-pacht.de\\\/gastronomie\\\/wp-content\\\/uploads\\\/2024\\\/03\\\/Feratel-Restaurant2-584x438.jpg&quot;,&quot;alt&quot;:&quot;&quot;,&quot;width&quot;:584,&quot;height&quot;:438,&quot;srcset&quot;:&quot;https:\\\/\\\/www.gastro-pacht.de\\\/gastronomie\\\/wp-content\\\/uploads\\\/2024\\\/03\\\/Feratel-Restaurant2-584x438.jpg 584w, https:\\\/\\\/www.gastro-pacht.de\\\/gastronomie\\\/wp-content\\\/uploads\\\/2024\\\/03\\\/Feratel-Restaurant2-300x225.jpg 300w, https:\\\/\\\/www.gastro-pacht.de\\\/gastronomie\\\/wp-content\\\/uploads\\\/2024\\\/03\\\/Feratel-Restaurant2-1024x768.jpg 1024w, https:\\\/\\\/www.gastro-pacht.de\\\/gastronomie\\\/wp-content\\\/uploads\\\/2024\\\/03\\\/Feratel-Restaurant2-768x576.jpg 768w, https:\\\/\\\/www.gastro-pacht.de\\\/gastronomie\\\/wp-content\\\/uploads\\\/2024\\\/03\\\/Feratel-Restaurant2-1536x1152.jpg 1536w, https:\\\/\\\/www.gastro-pacht.de\\\/gastronomie\\\/wp-content\\\/uploads\\\/2024\\\/03\\\/Feratel-Restaurant2-592x444.jpg 592w, https:\\\/\\\/www.gastro-pacht.de\\\/gastronomie\\\/wp-content\\\/uploads\\\/2024\\\/03\\\/Feratel-Restaurant2-800x600.jpg 800w, https:\\\/\\\/www.gastro-pacht.de\\\/gastronomie\\\/wp-content\\\/uploads\\\/2024\\\/03\\\/Feratel-Restaurant2-120x90.jpg 120w, https:\\\/\\\/www.gastro-pacht.de\\\/gastronomie\\\/wp-content\\\/uploads\\\/2024\\\/03\\\/Feratel-Restaurant2-496x372.jpg 496w, https:\\\/\\\/www.gastro-pacht.de\\\/gastronomie\\\/wp-content\\\/uploads\\\/2024\\\/03\\\/Feratel-Restaurant2.jpg 1920w&quot;,&quot;sizes&quot;:&quot;(max-width: 584px) 100vw, 584px&quot;},{&quot;image&quot;:&quot;https:\\\/\\\/www.gastro-pacht.de\\\/gastronomie\\\/wp-content\\\/uploads\\\/2024\\\/03\\\/Feratel-Restaurant1-584x438.jpg&quot;,&quot;alt&quot;:&quot;&quot;,&quot;width&quot;:584,&quot;height&quot;:438,&quot;srcset&quot;:&quot;https:\\\/\\\/www.gastro-pacht.de\\\/gastronomie\\\/wp-content\\\/uploads\\\/2024\\\/03\\\/Feratel-Restaurant1-584x438.jpg 584w, https:\\\/\\\/www.gastro-pacht.de\\\/gastronomie\\\/wp-content\\\/uploads\\\/2024\\\/03\\\/Feratel-Restaurant1-300x225.jpg 300w, https:\\\/\\\/www.gastro-pacht.de\\\/gastronomie\\\/wp-content\\\/uploads\\\/2024\\\/03\\\/Feratel-Restaurant1-1024x768.jpg 1024w, https:\\\/\\\/www.gastro-pacht.de\\\/gastronomie\\\/wp-content\\\/uploads\\\/2024\\\/03\\\/Feratel-Restaurant1-768x576.jpg 768w, https:\\\/\\\/www.gastro-pacht.de\\\/gastronomie\\\/wp-content\\\/uploads\\\/2024\\\/03\\\/Feratel-Restaurant1-1536x1152.jpg 1536w, https:\\\/\\\/www.gastro-pacht.de\\\/gastronomie\\\/wp-content\\\/uploads\\\/2024\\\/03\\\/Feratel-Restaurant1-592x444.jpg 592w, https:\\\/\\\/www.gastro-pacht.de\\\/gastronomie\\\/wp-content\\\/uploads\\\/2024\\\/03\\\/Feratel-Restaurant1-800x600.jpg 800w, https:\\\/\\\/www.gastro-pacht.de\\\/gastronomie\\\/wp-content\\\/uploads\\\/2024\\\/03\\\/Feratel-Restaurant1-120x90.jpg 120w, https:\\\/\\\/www.gastro-pacht.de\\\/gastronomie\\\/wp-content\\\/uploads\\\/2024\\\/03\\\/Feratel-Restaurant1-496x372.jpg 496w, https:\\\/\\\/www.gastro-pacht.de\\\/gastronomie\\\/wp-content\\\/uploads\\\/2024\\\/03\\\/Feratel-Restaurant1.jpg 1920w&quot;,&quot;sizes&quot;:&quot;(max-width: 584px) 100vw, 584px&quot;},{&quot;image&quot;:&quot;https:\\\/\\\/www.gastro-pacht.de\\\/gastronomie\\\/wp-content\\\/uploads\\\/2024\\\/03\\\/20210622_113432-584x438.jpg&quot;,&quot;alt&quot;:&quot;&quot;,&quot;width&quot;:584,&quot;height&quot;:438,&quot;srcset&quot;:&quot;https:\\\/\\\/www.gastro-pacht.de\\\/gastronomie\\\/wp-content\\\/uploads\\\/2024\\\/03\\\/20210622_113432-584x438.jpg 584w, https:\\\/\\\/www.gastro-pacht.de\\\/gastronomie\\\/wp-content\\\/uploads\\\/2024\\\/03\\\/20210622_113432-300x225.jpg 300w, https:\\\/\\\/www.gastro-pacht.de\\\/gastronomie\\\/wp-content\\\/uploads\\\/2024\\\/03\\\/20210622_113432-1024x768.jpg 1024w, https:\\\/\\\/www.gastro-pacht.de\\\/gastronomie\\\/wp-content\\\/uploads\\\/2024\\\/03\\\/20210622_113432-768x576.jpg 768w, https:\\\/\\\/www.gastro-pacht.de\\\/gastronomie\\\/wp-content\\\/uploads\\\/2024\\\/03\\\/20210622_113432-1536x1152.jpg 1536w, https:\\\/\\\/www.gastro-pacht.de\\\/gastronomie\\\/wp-content\\\/uploads\\\/2024\\\/03\\\/20210622_113432-592x444.jpg 592w, https:\\\/\\\/www.gastro-pacht.de\\\/gastronomie\\\/wp-content\\\/uploads\\\/2024\\\/03\\\/20210622_113432-800x600.jpg 800w, https:\\\/\\\/www.gastro-pacht.de\\\/gastronomie\\\/wp-content\\\/uploads\\\/2024\\\/03\\\/20210622_113432-120x90.jpg 120w, https:\\\/\\\/www.gastro-pacht.de\\\/gastronomie\\\/wp-content\\\/uploads\\\/2024\\\/03\\\/20210622_113432-496x372.jpg 496w, https:\\\/\\\/www.gastro-pacht.de\\\/gastronomie\\\/wp-content\\\/uploads\\\/2024\\\/03\\\/20210622_113432.jpg 1920w&quot;,&quot;sizes&quot;:&quot;(max-width: 584px) 100vw, 584px&quot;},{&quot;image&quot;:&quot;https:\\\/\\\/www.gastro-pacht.de\\\/gastronomie\\\/wp-content\\\/uploads\\\/2024\\\/03\\\/Schrothkur-Einstieg-584x438.jpg&quot;,&quot;alt&quot;:&quot;&quot;,&quot;width&quot;:584,&quot;height&quot;:438,&quot;srcset&quot;:&quot;https:\\\/\\\/www.gastro-pacht.de\\\/gastronomie\\\/wp-content\\\/uploads\\\/2024\\\/03\\\/Schrothkur-Einstieg-584x438.jpg 584w, https:\\\/\\\/www.gastro-pacht.de\\\/gastronomie\\\/wp-content\\\/uploads\\\/2024\\\/03\\\/Schrothkur-Einstieg-592x444.jpg 592w, https:\\\/\\\/www.gastro-pacht.de\\\/gastronomie\\\/wp-content\\\/uploads\\\/2024\\\/03\\\/Schrothkur-Einstieg-120x90.jpg 120w&quot;,&quot;sizes&quot;:&quot;(max-width: 584px) 100vw, 584px&quot;},{&quot;image&quot;:&quot;https:\\\/\\\/www.gastro-pacht.de\\\/gastronomie\\\/wp-content\\\/uploads\\\/2024\\\/03\\\/Saeule-584x427.jpg&quot;,&quot;alt&quot;:&quot;&quot;,&quot;width&quot;:584,&quot;height&quot;:427,&quot;srcset&quot;:false,&quot;sizes&quot;:&quot;(max-width: 584px) 100vw, 584px&quot;},{&quot;image&quot;:&quot;https:\\\/\\\/www.gastro-pacht.de\\\/gastronomie\\\/wp-content\\\/uploads\\\/2024\\\/03\\\/Feratel-Hotelansicht-1-584x438.jpg&quot;,&quot;alt&quot;:&quot;&quot;,&quot;width&quot;:584,&quot;height&quot;:438,&quot;srcset&quot;:&quot;https:\\\/\\\/www.gastro-pacht.de\\\/gastronomie\\\/wp-content\\\/uploads\\\/2024\\\/03\\\/Feratel-Hotelansicht-1-584x438.jpg 584w, https:\\\/\\\/www.gastro-pacht.de\\\/gastronomie\\\/wp-content\\\/uploads\\\/2024\\\/03\\\/Feratel-Hotelansicht-1-300x225.jpg 300w, https:\\\/\\\/www.gastro-pacht.de\\\/gastronomie\\\/wp-content\\\/uploads\\\/2024\\\/03\\\/Feratel-Hotelansicht-1-1024x768.jpg 1024w, https:\\\/\\\/www.gastro-pacht.de\\\/gastronomie\\\/wp-content\\\/uploads\\\/2024\\\/03\\\/Feratel-Hotelansicht-1-768x576.jpg 768w, https:\\\/\\\/www.gastro-pacht.de\\\/gastronomie\\\/wp-content\\\/uploads\\\/2024\\\/03\\\/Feratel-Hotelansicht-1-1536x1152.jpg 1536w, https:\\\/\\\/www.gastro-pacht.de\\\/gastronomie\\\/wp-content\\\/uploads\\\/2024\\\/03\\\/Feratel-Hotelansicht-1-592x444.jpg 592w, https:\\\/\\\/www.gastro-pacht.de\\\/gastronomie\\\/wp-content\\\/uploads\\\/2024\\\/03\\\/Feratel-Hotelansicht-1-800x600.jpg 800w, https:\\\/\\\/www.gastro-pacht.de\\\/gastronomie\\\/wp-content\\\/uploads\\\/2024\\\/03\\\/Feratel-Hotelansicht-1-120x90.jpg 120w, https:\\\/\\\/www.gastro-pacht.de\\\/gastronomie\\\/wp-content\\\/uploads\\\/2024\\\/03\\\/Feratel-Hotelansicht-1-496x372.jpg 496w, https:\\\/\\\/www.gastro-pacht.de\\\/gastronomie\\\/wp-content\\\/uploads\\\/2024\\\/03\\\/Feratel-Hotelansicht-1.jpg 1920w&quot;,&quot;sizes&quot;:&quot;(max-width: 584px) 100vw, 584px&quot;}]\">\n\t<div class=\"item-wrap item-wrap-no-frame h-100\">\n\t\t<div class=\"d-flex flex-column align-items-center h-100\">\n\t\t\t<div class=\"item-header\">\n\t\t\t\t<span class=\"label-featured label me-1\" role=\"status\">Empfehlung<\/span>\t\t\t\t<div class=\"labels-wrap d-flex align-items-center gap-1\" role=\"group\"> \n\n\t<a href=\"https:\/\/www.gastro-pacht.de\/gastronomie\/pachten-kaufen\/zu-verpachten\/\" class=\"label-status label status-color-34\">\n\t\t\t\t\tzu verpachten\n\t\t\t\t<\/a><a href=\"https:\/\/www.gastro-pacht.de\/gastronomie\/zustand\/guter-zustand\/\" class=\"hz-label label label-color-38\">\n\t\t\t\t\tguter Zustand\n\t\t\t\t<\/a>       \n\n<\/div>\n\t\t\t\t<ul class=\"item-price-wrap d-flex flex-column gap-2\" role=\"list\">\n\t<li class=\"item-price item-price-text\"><\/li><\/ul>\t\t\t\t<ul class=\"item-tools d-flex align-items-center justify-content-center gap-1\">\n        <li class=\"item-tool item-preview\">\n        <span class=\"hz-show-lightbox-js item-tool-preview text-center\" data-listid=\"21123\">\n            <span data-bs-toggle=\"tooltip\" data-bs-placement=\"top\" title=\"Vorschau\">\n                <i class=\"houzez-icon icon-expand-3\"><\/i>   \n            <\/span>\n        <\/span><!-- item-tool-favorite -->\n    <\/li><!-- item-tool -->\n        \n        <li class=\"item-tool item-favorite\">\n        <span class=\"add-favorite-js item-tool-favorite text-center\" data-bs-toggle=\"tooltip\" data-bs-placement=\"top\" title=\"Favoriten\" data-listid=\"21123\">\n            <i class=\"houzez-icon icon-love-it \"><\/i>\n        <\/span><!-- item-tool-favorite -->\n    <\/li><!-- item-tool -->\n    \n        <li class=\"item-tool item-compare\">\n        <span class=\"houzez_compare compare-21123 item-tool-compare text-center\" data-bs-toggle=\"tooltip\" data-bs-placement=\"top\" title=\"Zum Vergleich hinzuf\u00fcgen\" data-listing_id=\"21123\" data-listing_image=\"https:\/\/www.gastro-pacht.de\/gastronomie\/wp-content\/uploads\/2024\/03\/Aussenansicht-Nacht-541x438.jpg\">\n            <i class=\"houzez-icon icon-add-circle\"><\/i>\n            <!-- <i class=\"houzez-icon icon-subtract-circle\"><\/i> -->\n        <\/span><!-- item-tool-compare -->\n    <\/li><!-- item-tool -->\n    <\/ul><!-- item-tools -->\n\t\t\t\t<div class=\"listing-image-wrap\">\n\t<div class=\"listing-thumb\">\n\t\t<a target=\"_self\" href=\"https:\/\/www.gastro-pacht.de\/gastronomie\/immobilien\/paechter-fuer-etabliertes-hotelrestaurant-im-allgaeu-gesucht\/\" class=\"listing-featured-thumb hover-effect image-wrap\" role=\"link\">\n\t\t\t<img loading=\"lazy\" decoding=\"async\" width=\"541\" height=\"438\" src=\"https:\/\/www.gastro-pacht.de\/gastronomie\/wp-content\/uploads\/2024\/03\/Aussenansicht-Nacht-541x438.jpg\" class=\"img-fluid wp-post-image\" alt=\"\" \/>\t\t<\/a><!-- hover-effect -->\n\t<\/div>\n<\/div>\t\t\t\t<div class=\"preview_loader\"><\/div>\n\t\t\t<\/div>\n\t\t\t<div class=\"item-body w-100 flex-grow-1\">\n\t\t\t\t<h2 class=\"item-title mb-2 \">\n\t<a target=\"_self\" href=\"https:\/\/www.gastro-pacht.de\/gastronomie\/immobilien\/paechter-fuer-etabliertes-hotelrestaurant-im-allgaeu-gesucht\/\" role=\"link\">Etabliertes Hotelrestaurant im Allg\u00e4u sucht K\u00fcchenchef als Nachp\u00e4chter<\/a>\n<\/h2><!-- item-title -->\t\t\t\t<address class=\"item-address mb-2\"><i class=\"houzez-icon icon-pin me-1\" aria-hidden=\"true\"><\/i><span>Oberstaufen 87534, Oberstaufen, Deutschland<\/span><\/address>\t\t\t\t\t\t\t\t<ul class=\"item-amenities item-amenities-with-icons d-flex flex-wrap align-items-center gap-2\" role=\"list\">\n\t<li class=\"h-type d-flex w-100 mb-2\" role=\"listitem\"><span>Hotel-Restaurant, Gastst\u00e4tte, Restaurant, Restaurant-Gastst\u00e4tte, Gastronomie<\/span><\/li><\/ul>\t\t\t<\/div>\n\t\t\t\t\t<\/div>\n\t<\/div>\n<\/div>                <\/div><!-- carousel-wrap -->\n            <\/div><!-- listing-view grid-view -->\n            \n                    <\/div><!-- property-carousel-module -->\n        \t\t\t\t<\/div>\n\t\t\t\t<\/div>\n\t\t\t\t<div class=\"elementor-element elementor-element-79cc9f2 elementor-widget elementor-widget-heading\" data-id=\"79cc9f2\" data-element_type=\"widget\" data-e-type=\"widget\" data-widget_type=\"heading.default\">\n\t\t\t\t<div class=\"elementor-widget-container\">\n\t\t\t\t\t<h3 class=\"elementor-heading-title elementor-size-default\">Neu angekommen<\/h3>\t\t\t\t<\/div>\n\t\t\t\t<\/div>\n\t\t\t\t<div class=\"elementor-element elementor-element-9d67cf4 animated-slow elementor-invisible elementor-widget elementor-widget-houzez_elementor_properties_carousel_v2n\" data-id=\"9d67cf4\" data-element_type=\"widget\" data-e-type=\"widget\" data-settings=\"{&quot;_animation&quot;:&quot;fadeIn&quot;}\" data-widget_type=\"houzez_elementor_properties_carousel_v2n.default\">\n\t\t\t\t<div class=\"elementor-widget-container\">\n\t\t\t\t\t        <div class=\"property-carousel-module property-carousel-module-v2 property-carousel-module-v2-3cols houzez-carousel-arrows-FvI9S\">\n            <div class=\"property-carousel-buttons-wrap \">\n                                <button type=\"button\" class=\"slick-prev-js-FvI9S slick-prev btn-primary-outlined\">Vorherige<\/button>\n                <button type=\"button\" class=\"slick-next-js-FvI9S slick-next btn-primary-outlined\">N\u00e4chster<\/button>\n                                            <\/div><!-- property-carousel-buttons-wrap -->\n\n            <div class=\"listing-view grid-view\">\n                <div id=\"houzez-properties-carousel-FvI9S\" data-token=\"FvI9S\" class=\"houzez-properties-carousel-js houzez-all-slider-wrap property-carousel-wrap-v2-3cols\">\n                    <div class=\"item-listing-wrap item-wrap-v2 hz-item-gallery-js hz-map-trigger\" data-hz-id=\"23474\" data-images=\"[{&quot;image&quot;:&quot;https:\\\/\\\/www.gastro-pacht.de\\\/gastronomie\\\/wp-content\\\/uploads\\\/2026\\\/04\\\/IMG_2064-584x359.jpg&quot;,&quot;alt&quot;:&quot;&quot;,&quot;width&quot;:584,&quot;height&quot;:359,&quot;srcset&quot;:false,&quot;sizes&quot;:&quot;(max-width: 584px) 100vw, 584px&quot;},{&quot;image&quot;:&quot;https:\\\/\\\/www.gastro-pacht.de\\\/gastronomie\\\/wp-content\\\/uploads\\\/2026\\\/04\\\/IMG_2064-584x359.jpg&quot;,&quot;alt&quot;:&quot;&quot;,&quot;width&quot;:584,&quot;height&quot;:359,&quot;srcset&quot;:false,&quot;sizes&quot;:&quot;(max-width: 584px) 100vw, 584px&quot;},{&quot;image&quot;:&quot;https:\\\/\\\/www.gastro-pacht.de\\\/gastronomie\\\/wp-content\\\/uploads\\\/2026\\\/04\\\/8096348363_8b42fe160a_o-584x437.jpg&quot;,&quot;alt&quot;:&quot;&quot;,&quot;width&quot;:584,&quot;height&quot;:437,&quot;srcset&quot;:false,&quot;sizes&quot;:&quot;(max-width: 584px) 100vw, 584px&quot;},{&quot;image&quot;:&quot;https:\\\/\\\/www.gastro-pacht.de\\\/gastronomie\\\/wp-content\\\/uploads\\\/2026\\\/04\\\/IMG_0098-584x438.jpg&quot;,&quot;alt&quot;:&quot;&quot;,&quot;width&quot;:584,&quot;height&quot;:438,&quot;srcset&quot;:false,&quot;sizes&quot;:&quot;(max-width: 584px) 100vw, 584px&quot;},{&quot;image&quot;:&quot;https:\\\/\\\/www.gastro-pacht.de\\\/gastronomie\\\/wp-content\\\/uploads\\\/2026\\\/04\\\/Innenansicht-gedeckte-Tische-festlich-584x438.jpg&quot;,&quot;alt&quot;:&quot;&quot;,&quot;width&quot;:584,&quot;height&quot;:438,&quot;srcset&quot;:&quot;https:\\\/\\\/www.gastro-pacht.de\\\/gastronomie\\\/wp-content\\\/uploads\\\/2026\\\/04\\\/Innenansicht-gedeckte-Tische-festlich-584x438.jpg 584w, https:\\\/\\\/www.gastro-pacht.de\\\/gastronomie\\\/wp-content\\\/uploads\\\/2026\\\/04\\\/Innenansicht-gedeckte-Tische-festlich.jpg 1024w&quot;,&quot;sizes&quot;:&quot;(max-width: 584px) 100vw, 584px&quot;},{&quot;image&quot;:&quot;https:\\\/\\\/www.gastro-pacht.de\\\/gastronomie\\\/wp-content\\\/uploads\\\/2026\\\/04\\\/Innenansicht-Abendstimmung-584x438.jpg&quot;,&quot;alt&quot;:&quot;&quot;,&quot;width&quot;:584,&quot;height&quot;:438,&quot;srcset&quot;:false,&quot;sizes&quot;:&quot;(max-width: 584px) 100vw, 584px&quot;},{&quot;image&quot;:&quot;https:\\\/\\\/www.gastro-pacht.de\\\/gastronomie\\\/wp-content\\\/uploads\\\/2026\\\/04\\\/Kirche.jpg&quot;,&quot;alt&quot;:&quot;&quot;,&quot;width&quot;:584,&quot;height&quot;:438,&quot;srcset&quot;:false,&quot;sizes&quot;:&quot;(max-width: 284px) 100vw, 284px&quot;}]\">\n\t<div class=\"item-wrap item-wrap-no-frame h-100\">\n\t\t<div class=\"d-flex flex-column align-items-center h-100\">\n\t\t\t<div class=\"item-header\">\n\t\t\t\t\t\t\t\t<div class=\"labels-wrap d-flex align-items-center gap-1\" role=\"group\"> \n\n\t<a href=\"https:\/\/www.gastro-pacht.de\/gastronomie\/pachten-kaufen\/zu-verpachten\/\" class=\"label-status label status-color-34\">\n\t\t\t\t\tzu verpachten\n\t\t\t\t<\/a><a href=\"https:\/\/www.gastro-pacht.de\/gastronomie\/zustand\/guter-zustand\/\" class=\"hz-label label label-color-38\">\n\t\t\t\t\tguter Zustand\n\t\t\t\t<\/a>       \n\n<\/div>\n\t\t\t\t<ul class=\"item-price-wrap d-flex flex-column gap-2\" role=\"list\">\n\t<li class=\"item-price item-price-text\">auf Anfrage<\/li><\/ul>\t\t\t\t<ul class=\"item-tools d-flex align-items-center justify-content-center gap-1\">\n        <li class=\"item-tool item-preview\">\n        <span class=\"hz-show-lightbox-js item-tool-preview text-center\" data-listid=\"23474\">\n            <span data-bs-toggle=\"tooltip\" data-bs-placement=\"top\" title=\"Vorschau\">\n                <i class=\"houzez-icon icon-expand-3\"><\/i>   \n            <\/span>\n        <\/span><!-- item-tool-favorite -->\n    <\/li><!-- item-tool -->\n        \n        <li class=\"item-tool item-favorite\">\n        <span class=\"add-favorite-js item-tool-favorite text-center\" data-bs-toggle=\"tooltip\" data-bs-placement=\"top\" title=\"Favoriten\" data-listid=\"23474\">\n            <i class=\"houzez-icon icon-love-it \"><\/i>\n        <\/span><!-- item-tool-favorite -->\n    <\/li><!-- item-tool -->\n    \n        <li class=\"item-tool item-compare\">\n        <span class=\"houzez_compare compare-23474 item-tool-compare text-center\" data-bs-toggle=\"tooltip\" data-bs-placement=\"top\" title=\"Zum Vergleich hinzuf\u00fcgen\" data-listing_id=\"23474\" data-listing_image=\"https:\/\/www.gastro-pacht.de\/gastronomie\/wp-content\/uploads\/2026\/04\/IMG_2064-584x359.jpg\">\n            <i class=\"houzez-icon icon-add-circle\"><\/i>\n            <!-- <i class=\"houzez-icon icon-subtract-circle\"><\/i> -->\n        <\/span><!-- item-tool-compare -->\n    <\/li><!-- item-tool -->\n    <\/ul><!-- item-tools -->\n\t\t\t\t<div class=\"listing-image-wrap\">\n\t<div class=\"listing-thumb\">\n\t\t<a target=\"_self\" href=\"https:\/\/www.gastro-pacht.de\/gastronomie\/immobilien\/berglocation-zu-verpachten\/\" class=\"listing-featured-thumb hover-effect image-wrap\" role=\"link\">\n\t\t\t<img loading=\"lazy\" decoding=\"async\" width=\"584\" height=\"359\" src=\"https:\/\/www.gastro-pacht.de\/gastronomie\/wp-content\/uploads\/2026\/04\/IMG_2064-584x359.jpg\" class=\"img-fluid wp-post-image\" alt=\"\" \/>\t\t<\/a><!-- hover-effect -->\n\t<\/div>\n<\/div>\t\t\t\t<div class=\"preview_loader\"><\/div>\n\t\t\t<\/div>\n\t\t\t<div class=\"item-body w-100 flex-grow-1\">\n\t\t\t\t<h2 class=\"item-title mb-2 \">\n\t<a target=\"_self\" href=\"https:\/\/www.gastro-pacht.de\/gastronomie\/immobilien\/berglocation-zu-verpachten\/\" role=\"link\">Wundersch\u00f6ne Berglocation zu verpachten<\/a>\n<\/h2><!-- item-title -->\t\t\t\t<address class=\"item-address mb-2\"><i class=\"houzez-icon icon-pin me-1\" aria-hidden=\"true\"><\/i><span>Aich<\/span><\/address>\t\t\t\t\t\t\t\t<ul class=\"item-amenities item-amenities-with-icons d-flex flex-wrap align-items-center gap-2\" role=\"list\">\n\t<li class=\"h-type d-flex w-100 mb-2\" role=\"listitem\"><span>Ausflugslokal, Gasthof, Gastst\u00e4tte, Restaurant, Restaurant-Gastst\u00e4tte<\/span><\/li><\/ul>\t\t\t<\/div>\n\t\t\t\t\t<\/div>\n\t<\/div>\n<\/div><div class=\"item-listing-wrap item-wrap-v2 hz-item-gallery-js hz-map-trigger\" data-hz-id=\"23448\" data-images=\"[{&quot;image&quot;:&quot;https:\\\/\\\/www.gastro-pacht.de\\\/gastronomie\\\/wp-content\\\/uploads\\\/2026\\\/04\\\/IMG_0227-584x438.jpg&quot;,&quot;alt&quot;:&quot;&quot;,&quot;width&quot;:584,&quot;height&quot;:438,&quot;srcset&quot;:&quot;https:\\\/\\\/www.gastro-pacht.de\\\/gastronomie\\\/wp-content\\\/uploads\\\/2026\\\/04\\\/IMG_0227-584x438.jpg 584w, https:\\\/\\\/www.gastro-pacht.de\\\/gastronomie\\\/wp-content\\\/uploads\\\/2026\\\/04\\\/IMG_0227.jpg 1195w&quot;,&quot;sizes&quot;:&quot;(max-width: 584px) 100vw, 584px&quot;},{&quot;image&quot;:&quot;https:\\\/\\\/www.gastro-pacht.de\\\/gastronomie\\\/wp-content\\\/uploads\\\/2026\\\/04\\\/IMG_0227-584x438.jpg&quot;,&quot;alt&quot;:&quot;&quot;,&quot;width&quot;:584,&quot;height&quot;:438,&quot;srcset&quot;:&quot;https:\\\/\\\/www.gastro-pacht.de\\\/gastronomie\\\/wp-content\\\/uploads\\\/2026\\\/04\\\/IMG_0227-584x438.jpg 584w, https:\\\/\\\/www.gastro-pacht.de\\\/gastronomie\\\/wp-content\\\/uploads\\\/2026\\\/04\\\/IMG_0227.jpg 1195w&quot;,&quot;sizes&quot;:&quot;(max-width: 584px) 100vw, 584px&quot;},{&quot;image&quot;:&quot;https:\\\/\\\/www.gastro-pacht.de\\\/gastronomie\\\/wp-content\\\/uploads\\\/2026\\\/04\\\/IMG_0221-584x438.jpg&quot;,&quot;alt&quot;:&quot;&quot;,&quot;width&quot;:584,&quot;height&quot;:438,&quot;srcset&quot;:&quot;https:\\\/\\\/www.gastro-pacht.de\\\/gastronomie\\\/wp-content\\\/uploads\\\/2026\\\/04\\\/IMG_0221-584x438.jpg 584w, https:\\\/\\\/www.gastro-pacht.de\\\/gastronomie\\\/wp-content\\\/uploads\\\/2026\\\/04\\\/IMG_0221.jpg 1195w&quot;,&quot;sizes&quot;:&quot;(max-width: 584px) 100vw, 584px&quot;},{&quot;image&quot;:&quot;https:\\\/\\\/www.gastro-pacht.de\\\/gastronomie\\\/wp-content\\\/uploads\\\/2026\\\/04\\\/IMG_0232-584x438.jpg&quot;,&quot;alt&quot;:&quot;&quot;,&quot;width&quot;:584,&quot;height&quot;:438,&quot;srcset&quot;:false,&quot;sizes&quot;:&quot;(max-width: 584px) 100vw, 584px&quot;},{&quot;image&quot;:&quot;https:\\\/\\\/www.gastro-pacht.de\\\/gastronomie\\\/wp-content\\\/uploads\\\/2026\\\/04\\\/IMG_0215-584x438.jpg&quot;,&quot;alt&quot;:&quot;&quot;,&quot;width&quot;:584,&quot;height&quot;:438,&quot;srcset&quot;:&quot;https:\\\/\\\/www.gastro-pacht.de\\\/gastronomie\\\/wp-content\\\/uploads\\\/2026\\\/04\\\/IMG_0215-584x438.jpg 584w, https:\\\/\\\/www.gastro-pacht.de\\\/gastronomie\\\/wp-content\\\/uploads\\\/2026\\\/04\\\/IMG_0215.jpg 1195w&quot;,&quot;sizes&quot;:&quot;(max-width: 584px) 100vw, 584px&quot;},{&quot;image&quot;:&quot;https:\\\/\\\/www.gastro-pacht.de\\\/gastronomie\\\/wp-content\\\/uploads\\\/2026\\\/04\\\/IMG_0222-584x438.jpg&quot;,&quot;alt&quot;:&quot;&quot;,&quot;width&quot;:584,&quot;height&quot;:438,&quot;srcset&quot;:false,&quot;sizes&quot;:&quot;(max-width: 584px) 100vw, 584px&quot;},{&quot;image&quot;:&quot;https:\\\/\\\/www.gastro-pacht.de\\\/gastronomie\\\/wp-content\\\/uploads\\\/2026\\\/04\\\/IMG_0219-584x438.jpg&quot;,&quot;alt&quot;:&quot;&quot;,&quot;width&quot;:584,&quot;height&quot;:438,&quot;srcset&quot;:false,&quot;sizes&quot;:&quot;(max-width: 584px) 100vw, 584px&quot;},{&quot;image&quot;:&quot;https:\\\/\\\/www.gastro-pacht.de\\\/gastronomie\\\/wp-content\\\/uploads\\\/2026\\\/04\\\/IMG_0231-584x438.jpg&quot;,&quot;alt&quot;:&quot;&quot;,&quot;width&quot;:584,&quot;height&quot;:438,&quot;srcset&quot;:&quot;https:\\\/\\\/www.gastro-pacht.de\\\/gastronomie\\\/wp-content\\\/uploads\\\/2026\\\/04\\\/IMG_0231-584x438.jpg 584w, https:\\\/\\\/www.gastro-pacht.de\\\/gastronomie\\\/wp-content\\\/uploads\\\/2026\\\/04\\\/IMG_0231.jpg 1195w&quot;,&quot;sizes&quot;:&quot;(max-width: 584px) 100vw, 584px&quot;},{&quot;image&quot;:&quot;https:\\\/\\\/www.gastro-pacht.de\\\/gastronomie\\\/wp-content\\\/uploads\\\/2026\\\/04\\\/IMG_0220-584x438.jpg&quot;,&quot;alt&quot;:&quot;&quot;,&quot;width&quot;:584,&quot;height&quot;:438,&quot;srcset&quot;:&quot;https:\\\/\\\/www.gastro-pacht.de\\\/gastronomie\\\/wp-content\\\/uploads\\\/2026\\\/04\\\/IMG_0220-584x438.jpg 584w, https:\\\/\\\/www.gastro-pacht.de\\\/gastronomie\\\/wp-content\\\/uploads\\\/2026\\\/04\\\/IMG_0220.jpg 1195w&quot;,&quot;sizes&quot;:&quot;(max-width: 584px) 100vw, 584px&quot;},{&quot;image&quot;:&quot;https:\\\/\\\/www.gastro-pacht.de\\\/gastronomie\\\/wp-content\\\/uploads\\\/2026\\\/04\\\/IMG_0224-584x438.jpg&quot;,&quot;alt&quot;:&quot;&quot;,&quot;width&quot;:584,&quot;height&quot;:438,&quot;srcset&quot;:false,&quot;sizes&quot;:&quot;(max-width: 584px) 100vw, 584px&quot;}]\">\n\t<div class=\"item-wrap item-wrap-no-frame h-100\">\n\t\t<div class=\"d-flex flex-column align-items-center h-100\">\n\t\t\t<div class=\"item-header\">\n\t\t\t\t\t\t\t\t<div class=\"labels-wrap d-flex align-items-center gap-1\" role=\"group\"> \n\n\t<a href=\"https:\/\/www.gastro-pacht.de\/gastronomie\/pachten-kaufen\/zu-verpachten\/\" class=\"label-status label status-color-34\">\n\t\t\t\t\tzu verpachten\n\t\t\t\t<\/a><a href=\"https:\/\/www.gastro-pacht.de\/gastronomie\/zustand\/guter-zustand\/\" class=\"hz-label label label-color-38\">\n\t\t\t\t\tguter Zustand\n\t\t\t\t<\/a>       \n\n<\/div>\n\t\t\t\t<ul class=\"item-price-wrap d-flex flex-column gap-2\" role=\"list\">\n\t<li class=\"item-price item-price-text\"><\/li><\/ul>\t\t\t\t<ul class=\"item-tools d-flex align-items-center justify-content-center gap-1\">\n        <li class=\"item-tool item-preview\">\n        <span class=\"hz-show-lightbox-js item-tool-preview text-center\" data-listid=\"23448\">\n            <span data-bs-toggle=\"tooltip\" data-bs-placement=\"top\" title=\"Vorschau\">\n                <i class=\"houzez-icon icon-expand-3\"><\/i>   \n            <\/span>\n        <\/span><!-- item-tool-favorite -->\n    <\/li><!-- item-tool -->\n        \n        <li class=\"item-tool item-favorite\">\n        <span class=\"add-favorite-js item-tool-favorite text-center\" data-bs-toggle=\"tooltip\" data-bs-placement=\"top\" title=\"Favoriten\" data-listid=\"23448\">\n            <i class=\"houzez-icon icon-love-it \"><\/i>\n        <\/span><!-- item-tool-favorite -->\n    <\/li><!-- item-tool -->\n    \n        <li class=\"item-tool item-compare\">\n        <span class=\"houzez_compare compare-23448 item-tool-compare text-center\" data-bs-toggle=\"tooltip\" data-bs-placement=\"top\" title=\"Zum Vergleich hinzuf\u00fcgen\" data-listing_id=\"23448\" data-listing_image=\"https:\/\/www.gastro-pacht.de\/gastronomie\/wp-content\/uploads\/2026\/04\/IMG_0227-584x438.jpg\">\n            <i class=\"houzez-icon icon-add-circle\"><\/i>\n            <!-- <i class=\"houzez-icon icon-subtract-circle\"><\/i> -->\n        <\/span><!-- item-tool-compare -->\n    <\/li><!-- item-tool -->\n    <\/ul><!-- item-tools -->\n\t\t\t\t<div class=\"listing-image-wrap\">\n\t<div class=\"listing-thumb\">\n\t\t<a target=\"_self\" href=\"https:\/\/www.gastro-pacht.de\/gastronomie\/immobilien\/einzigartige-eventlocation-in-nuernberg-rittersaal-biergarten-historisches-fachwerk-betreiber-gesucht\/\" class=\"listing-featured-thumb hover-effect image-wrap\" role=\"link\">\n\t\t\t<img loading=\"lazy\" decoding=\"async\" width=\"584\" height=\"438\" src=\"https:\/\/www.gastro-pacht.de\/gastronomie\/wp-content\/uploads\/2026\/04\/IMG_0227-584x438.jpg\" class=\"img-fluid wp-post-image\" alt=\"\" srcset=\"https:\/\/www.gastro-pacht.de\/gastronomie\/wp-content\/uploads\/2026\/04\/IMG_0227-584x438.jpg 584w, https:\/\/www.gastro-pacht.de\/gastronomie\/wp-content\/uploads\/2026\/04\/IMG_0227.jpg 1195w\" sizes=\"(max-width: 584px) 100vw, 584px\" \/>\t\t<\/a><!-- hover-effect -->\n\t<\/div>\n<\/div>\t\t\t\t<div class=\"preview_loader\"><\/div>\n\t\t\t<\/div>\n\t\t\t<div class=\"item-body w-100 flex-grow-1\">\n\t\t\t\t<h2 class=\"item-title mb-2 \">\n\t<a target=\"_self\" href=\"https:\/\/www.gastro-pacht.de\/gastronomie\/immobilien\/einzigartige-eventlocation-in-nuernberg-rittersaal-biergarten-historisches-fachwerk-betreiber-gesucht\/\" role=\"link\">Einzigartige Eventlocation in N\u00fcrnberg \u2013 Rittersaal, Biergarten &amp; historisches Fachwerk (Betreiber gesucht)<\/a>\n<\/h2><!-- item-title -->\t\t\t\t<address class=\"item-address mb-2\"><i class=\"houzez-icon icon-pin me-1\" aria-hidden=\"true\"><\/i><span>M\u00f6geldorfer Hauptstra\u00dfe 63, 90482 N\u00fcrnberg<\/span><\/address>\t\t\t\t\t\t\t\t<ul class=\"item-amenities item-amenities-with-icons d-flex flex-wrap align-items-center gap-2\" role=\"list\">\n\t<li class=\"h-type d-flex w-100 mb-2\" role=\"listitem\"><span>Restaurant<\/span><\/li><\/ul>\t\t\t<\/div>\n\t\t\t\t\t<\/div>\n\t<\/div>\n<\/div><div class=\"item-listing-wrap item-wrap-v2 hz-item-gallery-js hz-map-trigger\" data-hz-id=\"23419\" data-images=\"[{&quot;image&quot;:&quot;https:\\\/\\\/www.gastro-pacht.de\\\/gastronomie\\\/wp-content\\\/uploads\\\/2026\\\/04\\\/Frontansicht-1-584x438.jpg&quot;,&quot;alt&quot;:&quot;&quot;,&quot;width&quot;:584,&quot;height&quot;:438,&quot;srcset&quot;:false,&quot;sizes&quot;:&quot;(max-width: 584px) 100vw, 584px&quot;},{&quot;image&quot;:&quot;https:\\\/\\\/www.gastro-pacht.de\\\/gastronomie\\\/wp-content\\\/uploads\\\/2026\\\/04\\\/Frontansicht-1-584x438.jpg&quot;,&quot;alt&quot;:&quot;&quot;,&quot;width&quot;:584,&quot;height&quot;:438,&quot;srcset&quot;:false,&quot;sizes&quot;:&quot;(max-width: 584px) 100vw, 584px&quot;},{&quot;image&quot;:&quot;https:\\\/\\\/www.gastro-pacht.de\\\/gastronomie\\\/wp-content\\\/uploads\\\/2026\\\/04\\\/Aussenterrasse-800-584x438.jpg&quot;,&quot;alt&quot;:&quot;&quot;,&quot;width&quot;:584,&quot;height&quot;:438,&quot;srcset&quot;:false,&quot;sizes&quot;:&quot;(max-width: 584px) 100vw, 584px&quot;},{&quot;image&quot;:&quot;https:\\\/\\\/www.gastro-pacht.de\\\/gastronomie\\\/wp-content\\\/uploads\\\/2026\\\/04\\\/IMG-20210813-WA0003-500x438.jpg&quot;,&quot;alt&quot;:&quot;&quot;,&quot;width&quot;:500,&quot;height&quot;:438,&quot;srcset&quot;:false,&quot;sizes&quot;:&quot;(max-width: 500px) 100vw, 500px&quot;},{&quot;image&quot;:&quot;https:\\\/\\\/www.gastro-pacht.de\\\/gastronomie\\\/wp-content\\\/uploads\\\/2026\\\/04\\\/IMG-20210813-WA0004.jpg&quot;,&quot;alt&quot;:&quot;&quot;,&quot;width&quot;:584,&quot;height&quot;:438,&quot;srcset&quot;:false,&quot;sizes&quot;:&quot;(max-width: 500px) 100vw, 500px&quot;},{&quot;image&quot;:&quot;https:\\\/\\\/www.gastro-pacht.de\\\/gastronomie\\\/wp-content\\\/uploads\\\/2026\\\/04\\\/Gastraum-800-584x438.jpg&quot;,&quot;alt&quot;:&quot;&quot;,&quot;width&quot;:584,&quot;height&quot;:438,&quot;srcset&quot;:&quot;https:\\\/\\\/www.gastro-pacht.de\\\/gastronomie\\\/wp-content\\\/uploads\\\/2026\\\/04\\\/Gastraum-800-584x438.jpg 584w, https:\\\/\\\/www.gastro-pacht.de\\\/gastronomie\\\/wp-content\\\/uploads\\\/2026\\\/04\\\/Gastraum-800.jpg 800w&quot;,&quot;sizes&quot;:&quot;(max-width: 584px) 100vw, 584px&quot;},{&quot;image&quot;:&quot;https:\\\/\\\/www.gastro-pacht.de\\\/gastronomie\\\/wp-content\\\/uploads\\\/2026\\\/04\\\/IMG_20201119_195445_resized_20201120_085051470-584x438.jpg&quot;,&quot;alt&quot;:&quot;&quot;,&quot;width&quot;:584,&quot;height&quot;:438,&quot;srcset&quot;:&quot;https:\\\/\\\/www.gastro-pacht.de\\\/gastronomie\\\/wp-content\\\/uploads\\\/2026\\\/04\\\/IMG_20201119_195445_resized_20201120_085051470-584x438.jpg 584w, https:\\\/\\\/www.gastro-pacht.de\\\/gastronomie\\\/wp-content\\\/uploads\\\/2026\\\/04\\\/IMG_20201119_195445_resized_20201120_085051470-1536x1152.jpg 1536w, https:\\\/\\\/www.gastro-pacht.de\\\/gastronomie\\\/wp-content\\\/uploads\\\/2026\\\/04\\\/IMG_20201119_195445_resized_20201120_085051470.jpg 1920w&quot;,&quot;sizes&quot;:&quot;(max-width: 584px) 100vw, 584px&quot;},{&quot;image&quot;:&quot;https:\\\/\\\/www.gastro-pacht.de\\\/gastronomie\\\/wp-content\\\/uploads\\\/2026\\\/04\\\/IMG_20201119_195642_resized_20201120_085052422-584x438.jpg&quot;,&quot;alt&quot;:&quot;&quot;,&quot;width&quot;:584,&quot;height&quot;:438,&quot;srcset&quot;:&quot;https:\\\/\\\/www.gastro-pacht.de\\\/gastronomie\\\/wp-content\\\/uploads\\\/2026\\\/04\\\/IMG_20201119_195642_resized_20201120_085052422-584x438.jpg 584w, https:\\\/\\\/www.gastro-pacht.de\\\/gastronomie\\\/wp-content\\\/uploads\\\/2026\\\/04\\\/IMG_20201119_195642_resized_20201120_085052422-1536x1152.jpg 1536w, https:\\\/\\\/www.gastro-pacht.de\\\/gastronomie\\\/wp-content\\\/uploads\\\/2026\\\/04\\\/IMG_20201119_195642_resized_20201120_085052422.jpg 1920w&quot;,&quot;sizes&quot;:&quot;(max-width: 584px) 100vw, 584px&quot;},{&quot;image&quot;:&quot;https:\\\/\\\/www.gastro-pacht.de\\\/gastronomie\\\/wp-content\\\/uploads\\\/2026\\\/04\\\/IMG_20210119_165323_resized_20210119_051158014-584x438.jpg&quot;,&quot;alt&quot;:&quot;&quot;,&quot;width&quot;:584,&quot;height&quot;:438,&quot;srcset&quot;:false,&quot;sizes&quot;:&quot;(max-width: 584px) 100vw, 584px&quot;},{&quot;image&quot;:&quot;https:\\\/\\\/www.gastro-pacht.de\\\/gastronomie\\\/wp-content\\\/uploads\\\/2026\\\/04\\\/IMG_20210119_165529_resized_20210119_051157035-584x438.jpg&quot;,&quot;alt&quot;:&quot;&quot;,&quot;width&quot;:584,&quot;height&quot;:438,&quot;srcset&quot;:&quot;https:\\\/\\\/www.gastro-pacht.de\\\/gastronomie\\\/wp-content\\\/uploads\\\/2026\\\/04\\\/IMG_20210119_165529_resized_20210119_051157035-584x438.jpg 584w, https:\\\/\\\/www.gastro-pacht.de\\\/gastronomie\\\/wp-content\\\/uploads\\\/2026\\\/04\\\/IMG_20210119_165529_resized_20210119_051157035-1536x1152.jpg 1536w, https:\\\/\\\/www.gastro-pacht.de\\\/gastronomie\\\/wp-content\\\/uploads\\\/2026\\\/04\\\/IMG_20210119_165529_resized_20210119_051157035.jpg 1920w&quot;,&quot;sizes&quot;:&quot;(max-width: 584px) 100vw, 584px&quot;}]\">\n\t<div class=\"item-wrap item-wrap-no-frame h-100\">\n\t\t<div class=\"d-flex flex-column align-items-center h-100\">\n\t\t\t<div class=\"item-header\">\n\t\t\t\t\t\t\t\t<div class=\"labels-wrap d-flex align-items-center gap-1\" role=\"group\"> \n\n\t<a href=\"https:\/\/www.gastro-pacht.de\/gastronomie\/pachten-kaufen\/zu-verpachten\/\" class=\"label-status label status-color-34\">\n\t\t\t\t\tzu verpachten\n\t\t\t\t<\/a><a href=\"https:\/\/www.gastro-pacht.de\/gastronomie\/zustand\/neu\/\" class=\"hz-label label label-color-54\">\n\t\t\t\t\tNeu\n\t\t\t\t<\/a>       \n\n<\/div>\n\t\t\t\t<ul class=\"item-price-wrap d-flex flex-column gap-2\" role=\"list\">\n\t<li class=\"item-price\"><span class=\"price-prefix\">Pacht <\/span><span class=\"price\">3.000\u20ac<\/span><span class=\"price-postfix\"><\/span><\/li><\/ul>\t\t\t\t<ul class=\"item-tools d-flex align-items-center justify-content-center gap-1\">\n        <li class=\"item-tool item-preview\">\n        <span class=\"hz-show-lightbox-js item-tool-preview text-center\" data-listid=\"23419\">\n            <span data-bs-toggle=\"tooltip\" data-bs-placement=\"top\" title=\"Vorschau\">\n                <i class=\"houzez-icon icon-expand-3\"><\/i>   \n            <\/span>\n        <\/span><!-- item-tool-favorite -->\n    <\/li><!-- item-tool -->\n        \n        <li class=\"item-tool item-favorite\">\n        <span class=\"add-favorite-js item-tool-favorite text-center\" data-bs-toggle=\"tooltip\" data-bs-placement=\"top\" title=\"Favoriten\" data-listid=\"23419\">\n            <i class=\"houzez-icon icon-love-it \"><\/i>\n        <\/span><!-- item-tool-favorite -->\n    <\/li><!-- item-tool -->\n    \n        <li class=\"item-tool item-compare\">\n        <span class=\"houzez_compare compare-23419 item-tool-compare text-center\" data-bs-toggle=\"tooltip\" data-bs-placement=\"top\" title=\"Zum Vergleich hinzuf\u00fcgen\" data-listing_id=\"23419\" data-listing_image=\"https:\/\/www.gastro-pacht.de\/gastronomie\/wp-content\/uploads\/2026\/04\/Frontansicht-1-584x438.jpg\">\n            <i class=\"houzez-icon icon-add-circle\"><\/i>\n            <!-- <i class=\"houzez-icon icon-subtract-circle\"><\/i> -->\n        <\/span><!-- item-tool-compare -->\n    <\/li><!-- item-tool -->\n    <\/ul><!-- item-tools -->\n\t\t\t\t<div class=\"listing-image-wrap\">\n\t<div class=\"listing-thumb\">\n\t\t<a target=\"_self\" href=\"https:\/\/www.gastro-pacht.de\/gastronomie\/immobilien\/neuer-betreiber-fuer-den-grebiner-krug-gesucht-mit-herz-koennen-und-leidenschaft-fuer-gute-kueche\/\" class=\"listing-featured-thumb hover-effect image-wrap\" role=\"link\">\n\t\t\t<img loading=\"lazy\" decoding=\"async\" width=\"584\" height=\"438\" src=\"https:\/\/www.gastro-pacht.de\/gastronomie\/wp-content\/uploads\/2026\/04\/Frontansicht-1-584x438.jpg\" class=\"img-fluid wp-post-image\" alt=\"\" \/>\t\t<\/a><!-- hover-effect -->\n\t<\/div>\n<\/div>\t\t\t\t<div class=\"preview_loader\"><\/div>\n\t\t\t<\/div>\n\t\t\t<div class=\"item-body w-100 flex-grow-1\">\n\t\t\t\t<h2 class=\"item-title mb-2 \">\n\t<a target=\"_self\" href=\"https:\/\/www.gastro-pacht.de\/gastronomie\/immobilien\/neuer-betreiber-fuer-den-grebiner-krug-gesucht-mit-herz-koennen-und-leidenschaft-fuer-gute-kueche\/\" role=\"link\">Neuer Betreiber f\u00fcr den Grebiner Krug gesucht \u2013 mit Herz, K\u00f6nnen und Leidenschaft f\u00fcr gute K\u00fcche<\/a>\n<\/h2><!-- item-title -->\t\t\t\t<address class=\"item-address mb-2\"><i class=\"houzez-icon icon-pin me-1\" aria-hidden=\"true\"><\/i><span>Dorfstra\u00dfe 24<\/span><\/address>\t\t\t\t\t\t\t\t<ul class=\"item-amenities item-amenities-with-icons d-flex flex-wrap align-items-center gap-2\" role=\"list\">\n\t<li class=\"h-type d-flex w-100 mb-2\" role=\"listitem\"><span>Gasthof, Gastst\u00e4tte, Ferienwohnungen<\/span><\/li><\/ul>\t\t\t<\/div>\n\t\t\t\t\t<\/div>\n\t<\/div>\n<\/div><div class=\"item-listing-wrap item-wrap-v2 hz-item-gallery-js hz-map-trigger\" data-hz-id=\"23412\" data-images=\"[{&quot;image&quot;:&quot;https:\\\/\\\/www.gastro-pacht.de\\\/gastronomie\\\/wp-content\\\/uploads\\\/2026\\\/03\\\/20240201-020_klein-584x438.jpg&quot;,&quot;alt&quot;:&quot;&quot;,&quot;width&quot;:584,&quot;height&quot;:438,&quot;srcset&quot;:&quot;https:\\\/\\\/www.gastro-pacht.de\\\/gastronomie\\\/wp-content\\\/uploads\\\/2026\\\/03\\\/20240201-020_klein-584x438.jpg 584w, https:\\\/\\\/www.gastro-pacht.de\\\/gastronomie\\\/wp-content\\\/uploads\\\/2026\\\/03\\\/20240201-020_klein-1536x1150.jpg 1536w, https:\\\/\\\/www.gastro-pacht.de\\\/gastronomie\\\/wp-content\\\/uploads\\\/2026\\\/03\\\/20240201-020_klein.jpg 1920w&quot;,&quot;sizes&quot;:&quot;(max-width: 584px) 100vw, 584px&quot;},{&quot;image&quot;:&quot;https:\\\/\\\/www.gastro-pacht.de\\\/gastronomie\\\/wp-content\\\/uploads\\\/2026\\\/03\\\/20240201-020_klein-584x438.jpg&quot;,&quot;alt&quot;:&quot;&quot;,&quot;width&quot;:584,&quot;height&quot;:438,&quot;srcset&quot;:&quot;https:\\\/\\\/www.gastro-pacht.de\\\/gastronomie\\\/wp-content\\\/uploads\\\/2026\\\/03\\\/20240201-020_klein-584x438.jpg 584w, https:\\\/\\\/www.gastro-pacht.de\\\/gastronomie\\\/wp-content\\\/uploads\\\/2026\\\/03\\\/20240201-020_klein-1536x1150.jpg 1536w, https:\\\/\\\/www.gastro-pacht.de\\\/gastronomie\\\/wp-content\\\/uploads\\\/2026\\\/03\\\/20240201-020_klein.jpg 1920w&quot;,&quot;sizes&quot;:&quot;(max-width: 584px) 100vw, 584px&quot;},{&quot;image&quot;:&quot;https:\\\/\\\/www.gastro-pacht.de\\\/gastronomie\\\/wp-content\\\/uploads\\\/2026\\\/03\\\/Nikon-15683-584x438.jpg&quot;,&quot;alt&quot;:&quot;&quot;,&quot;width&quot;:584,&quot;height&quot;:438,&quot;srcset&quot;:false,&quot;sizes&quot;:&quot;(max-width: 584px) 100vw, 584px&quot;},{&quot;image&quot;:&quot;https:\\\/\\\/www.gastro-pacht.de\\\/gastronomie\\\/wp-content\\\/uploads\\\/2026\\\/03\\\/Nikon-15701-584x438.jpg&quot;,&quot;alt&quot;:&quot;&quot;,&quot;width&quot;:584,&quot;height&quot;:438,&quot;srcset&quot;:false,&quot;sizes&quot;:&quot;(max-width: 584px) 100vw, 584px&quot;},{&quot;image&quot;:&quot;https:\\\/\\\/www.gastro-pacht.de\\\/gastronomie\\\/wp-content\\\/uploads\\\/2026\\\/03\\\/Nikon-15704-584x438.jpg&quot;,&quot;alt&quot;:&quot;&quot;,&quot;width&quot;:584,&quot;height&quot;:438,&quot;srcset&quot;:false,&quot;sizes&quot;:&quot;(max-width: 584px) 100vw, 584px&quot;},{&quot;image&quot;:&quot;https:\\\/\\\/www.gastro-pacht.de\\\/gastronomie\\\/wp-content\\\/uploads\\\/2026\\\/03\\\/IMG_7130.jpg&quot;,&quot;alt&quot;:&quot;&quot;,&quot;width&quot;:584,&quot;height&quot;:438,&quot;srcset&quot;:false,&quot;sizes&quot;:&quot;(max-width: 482px) 100vw, 482px&quot;},{&quot;image&quot;:&quot;https:\\\/\\\/www.gastro-pacht.de\\\/gastronomie\\\/wp-content\\\/uploads\\\/2026\\\/03\\\/Nikon-15718-584x438.jpg&quot;,&quot;alt&quot;:&quot;&quot;,&quot;width&quot;:584,&quot;height&quot;:438,&quot;srcset&quot;:false,&quot;sizes&quot;:&quot;(max-width: 584px) 100vw, 584px&quot;},{&quot;image&quot;:&quot;https:\\\/\\\/www.gastro-pacht.de\\\/gastronomie\\\/wp-content\\\/uploads\\\/2026\\\/03\\\/IMG_7109.jpg&quot;,&quot;alt&quot;:&quot;&quot;,&quot;width&quot;:584,&quot;height&quot;:438,&quot;srcset&quot;:false,&quot;sizes&quot;:&quot;(max-width: 482px) 100vw, 482px&quot;},{&quot;image&quot;:&quot;https:\\\/\\\/www.gastro-pacht.de\\\/gastronomie\\\/wp-content\\\/uploads\\\/2026\\\/03\\\/IMG_7110.jpg&quot;,&quot;alt&quot;:&quot;&quot;,&quot;width&quot;:584,&quot;height&quot;:438,&quot;srcset&quot;:false,&quot;sizes&quot;:&quot;(max-width: 482px) 100vw, 482px&quot;},{&quot;image&quot;:&quot;https:\\\/\\\/www.gastro-pacht.de\\\/gastronomie\\\/wp-content\\\/uploads\\\/2026\\\/03\\\/IMG_7111.jpg&quot;,&quot;alt&quot;:&quot;&quot;,&quot;width&quot;:584,&quot;height&quot;:438,&quot;srcset&quot;:false,&quot;sizes&quot;:&quot;(max-width: 482px) 100vw, 482px&quot;}]\">\n\t<div class=\"item-wrap item-wrap-no-frame h-100\">\n\t\t<div class=\"d-flex flex-column align-items-center h-100\">\n\t\t\t<div class=\"item-header\">\n\t\t\t\t\t\t\t\t<div class=\"labels-wrap d-flex align-items-center gap-1\" role=\"group\"> \n\n\t<a href=\"https:\/\/www.gastro-pacht.de\/gastronomie\/pachten-kaufen\/zu-verpachten\/\" class=\"label-status label status-color-34\">\n\t\t\t\t\tzu verpachten\n\t\t\t\t<\/a><a href=\"https:\/\/www.gastro-pacht.de\/gastronomie\/zustand\/renoviert\/\" class=\"hz-label label label-color-66\">\n\t\t\t\t\tRenoviert\n\t\t\t\t<\/a>       \n\n<\/div>\n\t\t\t\t<ul class=\"item-price-wrap d-flex flex-column gap-2\" role=\"list\">\n\t<li class=\"item-price item-price-text\"><\/li><\/ul>\t\t\t\t<ul class=\"item-tools d-flex align-items-center justify-content-center gap-1\">\n        <li class=\"item-tool item-preview\">\n        <span class=\"hz-show-lightbox-js item-tool-preview text-center\" data-listid=\"23412\">\n            <span data-bs-toggle=\"tooltip\" data-bs-placement=\"top\" title=\"Vorschau\">\n                <i class=\"houzez-icon icon-expand-3\"><\/i>   \n            <\/span>\n        <\/span><!-- item-tool-favorite -->\n    <\/li><!-- item-tool -->\n        \n        <li class=\"item-tool item-favorite\">\n        <span class=\"add-favorite-js item-tool-favorite text-center\" data-bs-toggle=\"tooltip\" data-bs-placement=\"top\" title=\"Favoriten\" data-listid=\"23412\">\n            <i class=\"houzez-icon icon-love-it \"><\/i>\n        <\/span><!-- item-tool-favorite -->\n    <\/li><!-- item-tool -->\n    \n        <li class=\"item-tool item-compare\">\n        <span class=\"houzez_compare compare-23412 item-tool-compare text-center\" data-bs-toggle=\"tooltip\" data-bs-placement=\"top\" title=\"Zum Vergleich hinzuf\u00fcgen\" data-listing_id=\"23412\" data-listing_image=\"https:\/\/www.gastro-pacht.de\/gastronomie\/wp-content\/uploads\/2026\/03\/20240201-020_klein-584x438.jpg\">\n            <i class=\"houzez-icon icon-add-circle\"><\/i>\n            <!-- <i class=\"houzez-icon icon-subtract-circle\"><\/i> -->\n        <\/span><!-- item-tool-compare -->\n    <\/li><!-- item-tool -->\n    <\/ul><!-- item-tools -->\n\t\t\t\t<div class=\"listing-image-wrap\">\n\t<div class=\"listing-thumb\">\n\t\t<a target=\"_self\" href=\"https:\/\/www.gastro-pacht.de\/gastronomie\/immobilien\/uriges-wirtshaus-an-skilift-ganzjaehrig-zu-verpachten\/\" class=\"listing-featured-thumb hover-effect image-wrap\" role=\"link\">\n\t\t\t<img loading=\"lazy\" decoding=\"async\" width=\"584\" height=\"438\" src=\"https:\/\/www.gastro-pacht.de\/gastronomie\/wp-content\/uploads\/2026\/03\/20240201-020_klein-584x438.jpg\" class=\"img-fluid wp-post-image\" alt=\"\" srcset=\"https:\/\/www.gastro-pacht.de\/gastronomie\/wp-content\/uploads\/2026\/03\/20240201-020_klein-584x438.jpg 584w, https:\/\/www.gastro-pacht.de\/gastronomie\/wp-content\/uploads\/2026\/03\/20240201-020_klein-1536x1150.jpg 1536w, https:\/\/www.gastro-pacht.de\/gastronomie\/wp-content\/uploads\/2026\/03\/20240201-020_klein.jpg 1920w\" sizes=\"(max-width: 584px) 100vw, 584px\" \/>\t\t<\/a><!-- hover-effect -->\n\t<\/div>\n<\/div>\t\t\t\t<div class=\"preview_loader\"><\/div>\n\t\t\t<\/div>\n\t\t\t<div class=\"item-body w-100 flex-grow-1\">\n\t\t\t\t<h2 class=\"item-title mb-2 \">\n\t<a target=\"_self\" href=\"https:\/\/www.gastro-pacht.de\/gastronomie\/immobilien\/uriges-wirtshaus-an-skilift-ganzjaehrig-zu-verpachten\/\" role=\"link\">Uriges Wirtshaus an Skilift ganzj\u00e4hrig zu verpachten<\/a>\n<\/h2><!-- item-title -->\t\t\t\t<address class=\"item-address mb-2\"><i class=\"houzez-icon icon-pin me-1\" aria-hidden=\"true\"><\/i><span>Steinberg 7<\/span><\/address>\t\t\t\t\t\t\t\t<ul class=\"item-amenities item-amenities-with-icons d-flex flex-wrap align-items-center gap-2\" role=\"list\">\n\t<li class=\"h-type d-flex w-100 mb-2\" role=\"listitem\"><span>Restaurant-Gastst\u00e4tte<\/span><\/li><\/ul>\t\t\t<\/div>\n\t\t\t\t\t<\/div>\n\t<\/div>\n<\/div><div class=\"item-listing-wrap item-wrap-v2 hz-item-gallery-js hz-map-trigger\" data-hz-id=\"23379\" data-images=\"[{&quot;image&quot;:&quot;https:\\\/\\\/www.gastro-pacht.de\\\/gastronomie\\\/wp-content\\\/uploads\\\/2026\\\/03\\\/nir_design-paragliding-4175520_1920-584x438.jpg&quot;,&quot;alt&quot;:&quot;&quot;,&quot;width&quot;:584,&quot;height&quot;:438,&quot;srcset&quot;:&quot;https:\\\/\\\/www.gastro-pacht.de\\\/gastronomie\\\/wp-content\\\/uploads\\\/2026\\\/03\\\/nir_design-paragliding-4175520_1920-584x438.jpg 584w, https:\\\/\\\/www.gastro-pacht.de\\\/gastronomie\\\/wp-content\\\/uploads\\\/2026\\\/03\\\/nir_design-paragliding-4175520_1920-1536x1154.jpg 1536w, https:\\\/\\\/www.gastro-pacht.de\\\/gastronomie\\\/wp-content\\\/uploads\\\/2026\\\/03\\\/nir_design-paragliding-4175520_1920.jpg 1920w&quot;,&quot;sizes&quot;:&quot;(max-width: 584px) 100vw, 584px&quot;},{&quot;image&quot;:&quot;https:\\\/\\\/www.gastro-pacht.de\\\/gastronomie\\\/wp-content\\\/uploads\\\/2026\\\/03\\\/nir_design-paragliding-4175520_1920-584x438.jpg&quot;,&quot;alt&quot;:&quot;&quot;,&quot;width&quot;:584,&quot;height&quot;:438,&quot;srcset&quot;:&quot;https:\\\/\\\/www.gastro-pacht.de\\\/gastronomie\\\/wp-content\\\/uploads\\\/2026\\\/03\\\/nir_design-paragliding-4175520_1920-584x438.jpg 584w, https:\\\/\\\/www.gastro-pacht.de\\\/gastronomie\\\/wp-content\\\/uploads\\\/2026\\\/03\\\/nir_design-paragliding-4175520_1920-1536x1154.jpg 1536w, https:\\\/\\\/www.gastro-pacht.de\\\/gastronomie\\\/wp-content\\\/uploads\\\/2026\\\/03\\\/nir_design-paragliding-4175520_1920.jpg 1920w&quot;,&quot;sizes&quot;:&quot;(max-width: 584px) 100vw, 584px&quot;}]\">\n\t<div class=\"item-wrap item-wrap-no-frame h-100\">\n\t\t<div class=\"d-flex flex-column align-items-center h-100\">\n\t\t\t<div class=\"item-header\">\n\t\t\t\t<span class=\"label-featured label me-1\" role=\"status\">Empfehlung<\/span>\t\t\t\t<div class=\"labels-wrap d-flex align-items-center gap-1\" role=\"group\"> \n\n\t<a href=\"https:\/\/www.gastro-pacht.de\/gastronomie\/pachten-kaufen\/zu-verkaufen\/\" class=\"label-status label status-color-35\">\n\t\t\t\t\tzu verkaufen\n\t\t\t\t<\/a><a href=\"https:\/\/www.gastro-pacht.de\/gastronomie\/zustand\/neu\/\" class=\"hz-label label label-color-54\">\n\t\t\t\t\tNeu\n\t\t\t\t<\/a>       \n\n<\/div>\n\t\t\t\t<ul class=\"item-price-wrap d-flex flex-column gap-2\" role=\"list\">\n\t<li class=\"item-price\"><span class=\"price\">3.680.000\u20ac<\/span><span class=\"price-postfix\"><\/span><\/li><\/ul>\t\t\t\t<ul class=\"item-tools d-flex align-items-center justify-content-center gap-1\">\n        <li class=\"item-tool item-preview\">\n        <span class=\"hz-show-lightbox-js item-tool-preview text-center\" data-listid=\"23379\">\n            <span data-bs-toggle=\"tooltip\" data-bs-placement=\"top\" title=\"Vorschau\">\n                <i class=\"houzez-icon icon-expand-3\"><\/i>   \n            <\/span>\n        <\/span><!-- item-tool-favorite -->\n    <\/li><!-- item-tool -->\n        \n        <li class=\"item-tool item-favorite\">\n        <span class=\"add-favorite-js item-tool-favorite text-center\" data-bs-toggle=\"tooltip\" data-bs-placement=\"top\" title=\"Favoriten\" data-listid=\"23379\">\n            <i class=\"houzez-icon icon-love-it \"><\/i>\n        <\/span><!-- item-tool-favorite -->\n    <\/li><!-- item-tool -->\n    \n        <li class=\"item-tool item-compare\">\n        <span class=\"houzez_compare compare-23379 item-tool-compare text-center\" data-bs-toggle=\"tooltip\" data-bs-placement=\"top\" title=\"Zum Vergleich hinzuf\u00fcgen\" data-listing_id=\"23379\" data-listing_image=\"https:\/\/www.gastro-pacht.de\/gastronomie\/wp-content\/uploads\/2026\/03\/nir_design-paragliding-4175520_1920-584x438.jpg\">\n            <i class=\"houzez-icon icon-add-circle\"><\/i>\n            <!-- <i class=\"houzez-icon icon-subtract-circle\"><\/i> -->\n        <\/span><!-- item-tool-compare -->\n    <\/li><!-- item-tool -->\n    <\/ul><!-- item-tools -->\n\t\t\t\t<div class=\"listing-image-wrap\">\n\t<div class=\"listing-thumb\">\n\t\t<a target=\"_self\" href=\"https:\/\/www.gastro-pacht.de\/gastronomie\/immobilien\/hotel-resortprojekt-im-nordschwarzwald\/\" class=\"listing-featured-thumb hover-effect image-wrap\" role=\"link\">\n\t\t\t<img fetchpriority=\"high\" decoding=\"async\" width=\"584\" height=\"438\" src=\"https:\/\/www.gastro-pacht.de\/gastronomie\/wp-content\/uploads\/2026\/03\/nir_design-paragliding-4175520_1920-584x438.jpg\" class=\"img-fluid wp-post-image\" alt=\"\" srcset=\"https:\/\/www.gastro-pacht.de\/gastronomie\/wp-content\/uploads\/2026\/03\/nir_design-paragliding-4175520_1920-584x438.jpg 584w, https:\/\/www.gastro-pacht.de\/gastronomie\/wp-content\/uploads\/2026\/03\/nir_design-paragliding-4175520_1920-1536x1154.jpg 1536w, https:\/\/www.gastro-pacht.de\/gastronomie\/wp-content\/uploads\/2026\/03\/nir_design-paragliding-4175520_1920.jpg 1920w\" sizes=\"(max-width: 584px) 100vw, 584px\" \/>\t\t<\/a><!-- hover-effect -->\n\t<\/div>\n<\/div>\t\t\t\t<div class=\"preview_loader\"><\/div>\n\t\t\t<\/div>\n\t\t\t<div class=\"item-body w-100 flex-grow-1\">\n\t\t\t\t<h2 class=\"item-title mb-2 \">\n\t<a target=\"_self\" href=\"https:\/\/www.gastro-pacht.de\/gastronomie\/immobilien\/hotel-resortprojekt-im-nordschwarzwald\/\" role=\"link\">Hotel- &amp; Resortprojekt im Nordschwarzwald<\/a>\n<\/h2><!-- item-title -->\t\t\t\t<address class=\"item-address mb-2\"><i class=\"houzez-icon icon-pin me-1\" aria-hidden=\"true\"><\/i><span><\/span><\/address>\t\t\t\t\t\t\t\t<ul class=\"item-amenities item-amenities-with-icons d-flex flex-wrap align-items-center gap-2\" role=\"list\">\n\t<li class=\"h-type d-flex w-100 mb-2\" role=\"listitem\"><span>Hotel-Restaurant, Hotel<\/span><\/li><\/ul>\t\t\t<\/div>\n\t\t\t\t\t<\/div>\n\t<\/div>\n<\/div><div class=\"item-listing-wrap item-wrap-v2 hz-item-gallery-js hz-map-trigger\" data-hz-id=\"23293\" data-images=\"[{&quot;image&quot;:&quot;https:\\\/\\\/www.gastro-pacht.de\\\/gastronomie\\\/wp-content\\\/uploads\\\/2026\\\/03\\\/opernhausannabelldornieden.jpg__1920x1200_q85_crop_subsampling-2_upscale-584x438.jpg&quot;,&quot;alt&quot;:&quot;&quot;,&quot;width&quot;:584,&quot;height&quot;:438,&quot;srcset&quot;:false,&quot;sizes&quot;:&quot;(max-width: 584px) 100vw, 584px&quot;},{&quot;image&quot;:&quot;https:\\\/\\\/www.gastro-pacht.de\\\/gastronomie\\\/wp-content\\\/uploads\\\/2026\\\/03\\\/opernhausannabelldornieden.jpg__1920x1200_q85_crop_subsampling-2_upscale-584x438.jpg&quot;,&quot;alt&quot;:&quot;&quot;,&quot;width&quot;:584,&quot;height&quot;:438,&quot;srcset&quot;:false,&quot;sizes&quot;:&quot;(max-width: 584px) 100vw, 584px&quot;},{&quot;image&quot;:&quot;https:\\\/\\\/www.gastro-pacht.de\\\/gastronomie\\\/wp-content\\\/uploads\\\/2026\\\/03\\\/Foyer_Oper_Eingang-584x438.jpg&quot;,&quot;alt&quot;:&quot;&quot;,&quot;width&quot;:584,&quot;height&quot;:438,&quot;srcset&quot;:false,&quot;sizes&quot;:&quot;(max-width: 584px) 100vw, 584px&quot;},{&quot;image&quot;:&quot;https:\\\/\\\/www.gastro-pacht.de\\\/gastronomie\\\/wp-content\\\/uploads\\\/2026\\\/03\\\/Foyer-Oper_Eingang-584x438.jpg&quot;,&quot;alt&quot;:&quot;&quot;,&quot;width&quot;:584,&quot;height&quot;:438,&quot;srcset&quot;:false,&quot;sizes&quot;:&quot;(max-width: 584px) 100vw, 584px&quot;},{&quot;image&quot;:&quot;https:\\\/\\\/www.gastro-pacht.de\\\/gastronomie\\\/wp-content\\\/uploads\\\/2026\\\/03\\\/Innenansicht-Oper-mit-Lichkunstobjekten-584x438.jpg&quot;,&quot;alt&quot;:&quot;&quot;,&quot;width&quot;:584,&quot;height&quot;:438,&quot;srcset&quot;:false,&quot;sizes&quot;:&quot;(max-width: 584px) 100vw, 584px&quot;},{&quot;image&quot;:&quot;https:\\\/\\\/www.gastro-pacht.de\\\/gastronomie\\\/wp-content\\\/uploads\\\/2026\\\/03\\\/Eingang-Bar-65-Pausengastronomie-Oper-584x438.jpg&quot;,&quot;alt&quot;:&quot;&quot;,&quot;width&quot;:584,&quot;height&quot;:438,&quot;srcset&quot;:false,&quot;sizes&quot;:&quot;(max-width: 584px) 100vw, 584px&quot;},{&quot;image&quot;:&quot;https:\\\/\\\/www.gastro-pacht.de\\\/gastronomie\\\/wp-content\\\/uploads\\\/2026\\\/03\\\/Oper_Bar-65-_1-584x438.jpg&quot;,&quot;alt&quot;:&quot;&quot;,&quot;width&quot;:584,&quot;height&quot;:438,&quot;srcset&quot;:false,&quot;sizes&quot;:&quot;(max-width: 584px) 100vw, 584px&quot;},{&quot;image&quot;:&quot;https:\\\/\\\/www.gastro-pacht.de\\\/gastronomie\\\/wp-content\\\/uploads\\\/2026\\\/03\\\/Theke-Bar-65_Oper_Pausengastronomie_3-584x438.jpg&quot;,&quot;alt&quot;:&quot;&quot;,&quot;width&quot;:584,&quot;height&quot;:438,&quot;srcset&quot;:false,&quot;sizes&quot;:&quot;(max-width: 584px) 100vw, 584px&quot;},{&quot;image&quot;:&quot;https:\\\/\\\/www.gastro-pacht.de\\\/gastronomie\\\/wp-content\\\/uploads\\\/2026\\\/03\\\/Pausenbuffet_Oper_Pausengastronomie-584x438.jpg&quot;,&quot;alt&quot;:&quot;&quot;,&quot;width&quot;:584,&quot;height&quot;:438,&quot;srcset&quot;:false,&quot;sizes&quot;:&quot;(max-width: 584px) 100vw, 584px&quot;},{&quot;image&quot;:&quot;https:\\\/\\\/www.gastro-pacht.de\\\/gastronomie\\\/wp-content\\\/uploads\\\/2026\\\/03\\\/Theke-Pausengastronomie-_-Oper-584x438.jpg&quot;,&quot;alt&quot;:&quot;&quot;,&quot;width&quot;:584,&quot;height&quot;:438,&quot;srcset&quot;:false,&quot;sizes&quot;:&quot;(max-width: 584px) 100vw, 584px&quot;}]\">\n\t<div class=\"item-wrap item-wrap-no-frame h-100\">\n\t\t<div class=\"d-flex flex-column align-items-center h-100\">\n\t\t\t<div class=\"item-header\">\n\t\t\t\t\t\t\t\t<div class=\"labels-wrap d-flex align-items-center gap-1\" role=\"group\"> \n\n\t<a href=\"https:\/\/www.gastro-pacht.de\/gastronomie\/pachten-kaufen\/zu-verpachten\/\" class=\"label-status label status-color-34\">\n\t\t\t\t\tzu verpachten\n\t\t\t\t<\/a><a href=\"https:\/\/www.gastro-pacht.de\/gastronomie\/zustand\/guter-zustand\/\" class=\"hz-label label label-color-38\">\n\t\t\t\t\tguter Zustand\n\t\t\t\t<\/a>       \n\n<\/div>\n\t\t\t\t<ul class=\"item-price-wrap d-flex flex-column gap-2\" role=\"list\">\n\t<li class=\"item-price item-price-text\">Pacht VB<\/li><\/ul>\t\t\t\t<ul class=\"item-tools d-flex align-items-center justify-content-center gap-1\">\n        <li class=\"item-tool item-preview\">\n        <span class=\"hz-show-lightbox-js item-tool-preview text-center\" data-listid=\"23293\">\n            <span data-bs-toggle=\"tooltip\" data-bs-placement=\"top\" title=\"Vorschau\">\n                <i class=\"houzez-icon icon-expand-3\"><\/i>   \n            <\/span>\n        <\/span><!-- item-tool-favorite -->\n    <\/li><!-- item-tool -->\n        \n        <li class=\"item-tool item-favorite\">\n        <span class=\"add-favorite-js item-tool-favorite text-center\" data-bs-toggle=\"tooltip\" data-bs-placement=\"top\" title=\"Favoriten\" data-listid=\"23293\">\n            <i class=\"houzez-icon icon-love-it \"><\/i>\n        <\/span><!-- item-tool-favorite -->\n    <\/li><!-- item-tool -->\n    \n        <li class=\"item-tool item-compare\">\n        <span class=\"houzez_compare compare-23293 item-tool-compare text-center\" data-bs-toggle=\"tooltip\" data-bs-placement=\"top\" title=\"Zum Vergleich hinzuf\u00fcgen\" data-listing_id=\"23293\" data-listing_image=\"https:\/\/www.gastro-pacht.de\/gastronomie\/wp-content\/uploads\/2026\/03\/opernhausannabelldornieden.jpg__1920x1200_q85_crop_subsampling-2_upscale-584x438.jpg\">\n            <i class=\"houzez-icon icon-add-circle\"><\/i>\n            <!-- <i class=\"houzez-icon icon-subtract-circle\"><\/i> -->\n        <\/span><!-- item-tool-compare -->\n    <\/li><!-- item-tool -->\n    <\/ul><!-- item-tools -->\n\t\t\t\t<div class=\"listing-image-wrap\">\n\t<div class=\"listing-thumb\">\n\t\t<a target=\"_self\" href=\"https:\/\/www.gastro-pacht.de\/gastronomie\/immobilien\/direkt-am-rhein-das-theaters-bonn-verpachtet-pausengastronomie-sowie-restaurant\/\" class=\"listing-featured-thumb hover-effect image-wrap\" role=\"link\">\n\t\t\t<img loading=\"lazy\" decoding=\"async\" width=\"584\" height=\"438\" src=\"https:\/\/www.gastro-pacht.de\/gastronomie\/wp-content\/uploads\/2026\/03\/opernhausannabelldornieden.jpg__1920x1200_q85_crop_subsampling-2_upscale-584x438.jpg\" class=\"img-fluid wp-post-image\" alt=\"\" \/>\t\t<\/a><!-- hover-effect -->\n\t<\/div>\n<\/div>\t\t\t\t<div class=\"preview_loader\"><\/div>\n\t\t\t<\/div>\n\t\t\t<div class=\"item-body w-100 flex-grow-1\">\n\t\t\t\t<h2 class=\"item-title mb-2 \">\n\t<a target=\"_self\" href=\"https:\/\/www.gastro-pacht.de\/gastronomie\/immobilien\/direkt-am-rhein-das-theaters-bonn-verpachtet-pausengastronomie-sowie-restaurant\/\" role=\"link\">THEATER BONN: PAUSENGASTRONOMIE UND RESTAURANT ZU VERPACHTEN<\/a>\n<\/h2><!-- item-title -->\t\t\t\t<address class=\"item-address mb-2\"><i class=\"houzez-icon icon-pin me-1\" aria-hidden=\"true\"><\/i><span>Am Boeselagerhof 1<\/span><\/address>\t\t\t\t\t\t\t\t<ul class=\"item-amenities item-amenities-with-icons d-flex flex-wrap align-items-center gap-2\" role=\"list\">\n\t<li class=\"h-type d-flex w-100 mb-2\" role=\"listitem\"><span>Ausflugslokal, Bistro-Restaurant, Ristorante, Gastronomie<\/span><\/li><\/ul>\t\t\t<\/div>\n\t\t\t\t\t<\/div>\n\t<\/div>\n<\/div>                <\/div><!-- carousel-wrap -->\n            <\/div><!-- listing-view grid-view -->\n            \n                    <\/div><!-- property-carousel-module -->\n        \t\t\t\t<\/div>\n\t\t\t\t<\/div>\n\t\t\t\t\t<\/div>\n\t\t<\/div>\n\t\t\t\t\t<\/div>\n\t\t<\/section>\n\t\t\t\t<section data-particle_enable=\"false\" data-particle-mobile-disabled=\"false\" class=\"elementor-section elementor-top-section elementor-element elementor-element-49ff310 elementor-section-content-bottom elementor-section-stretched elementor-section-height-min-height elementor-section-boxed elementor-section-height-default elementor-section-items-middle\" data-id=\"49ff310\" data-element_type=\"section\" data-e-type=\"section\" data-settings=\"{&quot;stretch_section&quot;:&quot;section-stretched&quot;,&quot;background_background&quot;:&quot;classic&quot;,&quot;_ha_eqh_enable&quot;:false}\">\n\t\t\t\t\t\t\t<div class=\"elementor-background-overlay\"><\/div>\n\t\t\t\t\t\t\t<div class=\"elementor-container elementor-column-gap-no\">\n\t\t\t\t\t<div class=\"elementor-column elementor-col-100 elementor-top-column elementor-element elementor-element-48f0e786\" data-id=\"48f0e786\" data-element_type=\"column\" data-e-type=\"column\">\n\t\t\t<div class=\"elementor-widget-wrap elementor-element-populated\">\n\t\t\t\t\t\t<div class=\"elementor-element elementor-element-a405809 elementor-widget elementor-widget-heading\" data-id=\"a405809\" data-element_type=\"widget\" data-e-type=\"widget\" data-widget_type=\"heading.default\">\n\t\t\t\t<div class=\"elementor-widget-container\">\n\t\t\t\t\t<h4 class=\"elementor-heading-title elementor-size-default\">Garni- Hotels gesucht<\/h4>\t\t\t\t<\/div>\n\t\t\t\t<\/div>\n\t\t\t\t<div class=\"elementor-element elementor-element-6f32090 elementor-widget elementor-widget-text-editor\" data-id=\"6f32090\" data-element_type=\"widget\" data-e-type=\"widget\" data-widget_type=\"text-editor.default\">\n\t\t\t\t<div class=\"elementor-widget-container\">\n\t\t\t\t\t\t\t\t\t<p>Da eine hohe Nachfrage von relevanten und bonit\u00e4tsgepr\u00fcften Interessenten besteht, suchen wir deutschlandweit<br \/>weitere zu verpachtende und zu verkaufende Garni-Hotels<span lang=\"de\">.\u00a0<\/span><\/p>\t\t\t\t\t\t\t\t<\/div>\n\t\t\t\t<\/div>\n\t\t\t\t<section data-particle_enable=\"false\" data-particle-mobile-disabled=\"false\" class=\"elementor-section elementor-inner-section elementor-element elementor-element-4c2fd341 elementor-section-full_width elementor-section-height-default elementor-section-height-default\" data-id=\"4c2fd341\" data-element_type=\"section\" data-e-type=\"section\" data-settings=\"{&quot;_ha_eqh_enable&quot;:false}\">\n\t\t\t\t\t\t<div class=\"elementor-container elementor-column-gap-wider\">\n\t\t\t\t\t<div class=\"elementor-column elementor-col-50 elementor-inner-column elementor-element elementor-element-7d952301\" data-id=\"7d952301\" data-element_type=\"column\" data-e-type=\"column\">\n\t\t\t<div class=\"elementor-widget-wrap elementor-element-populated\">\n\t\t\t\t\t\t<div class=\"elementor-element elementor-element-31e6eaff animated-slow elementor-invisible elementor-widget elementor-widget-houzez_elementor_section_title\" data-id=\"31e6eaff\" data-element_type=\"widget\" data-e-type=\"widget\" data-settings=\"{&quot;_animation&quot;:&quot;fadeIn&quot;}\" data-widget_type=\"houzez_elementor_section_title.default\">\n\t\t\t\t<div class=\"elementor-widget-container\">\n\t\t\t\t\t            <div class=\"houzez_section_title_wrap section-title-module\">\n                                    <h2 class=\"houzez_section_title\">Vorteile?<\/h2>\n                \n                            <\/div>\n            \t\t\t\t<\/div>\n\t\t\t\t<\/div>\n\t\t\t\t<div class=\"elementor-element elementor-element-65958c99 elementor-widget-divider--view-line elementor-widget elementor-widget-divider\" data-id=\"65958c99\" data-element_type=\"widget\" data-e-type=\"widget\" data-widget_type=\"divider.default\">\n\t\t\t\t<div class=\"elementor-widget-container\">\n\t\t\t\t\t\t\t<div class=\"elementor-divider\">\n\t\t\t<span class=\"elementor-divider-separator\">\n\t\t\t\t\t\t<\/span>\n\t\t<\/div>\n\t\t\t\t\t\t<\/div>\n\t\t\t\t<\/div>\n\t\t\t\t<div class=\"elementor-element elementor-element-5e4b02bc animated-slow elementor-invisible elementor-widget elementor-widget-heading\" data-id=\"5e4b02bc\" data-element_type=\"widget\" data-e-type=\"widget\" data-settings=\"{&quot;_animation&quot;:&quot;fadeIn&quot;}\" data-widget_type=\"heading.default\">\n\t\t\t\t<div class=\"elementor-widget-container\">\n\t\t\t\t\t<div class=\"elementor-heading-title elementor-size-default\">01.<\/div>\t\t\t\t<\/div>\n\t\t\t\t<\/div>\n\t\t\t\t<div class=\"elementor-element elementor-element-73c3ede8 animated-slow elementor-invisible elementor-widget elementor-widget-houzez_elementor_section_title\" data-id=\"73c3ede8\" data-element_type=\"widget\" data-e-type=\"widget\" data-settings=\"{&quot;_animation&quot;:&quot;fadeIn&quot;}\" data-widget_type=\"houzez_elementor_section_title.default\">\n\t\t\t\t<div class=\"elementor-widget-container\">\n\t\t\t\t\t            <div class=\"houzez_section_title_wrap section-title-module\">\n                                    <h2 class=\"houzez_section_title\">solvente Interessenten<\/h2>\n                \n                                    <p class=\"houzez_section_subtitle\">Durch die gezielte Ansprache von bonit\u00e4tsstarken K\u00e4ufern und Investoren aus unserer Kundendatenbank, wird Ihre Immobilien schnell vermittelt.<\/p>\n                            <\/div>\n            \t\t\t\t<\/div>\n\t\t\t\t<\/div>\n\t\t\t\t<div class=\"elementor-element elementor-element-617839f0 elementor-widget-divider--view-line elementor-widget elementor-widget-divider\" data-id=\"617839f0\" data-element_type=\"widget\" data-e-type=\"widget\" data-widget_type=\"divider.default\">\n\t\t\t\t<div class=\"elementor-widget-container\">\n\t\t\t\t\t\t\t<div class=\"elementor-divider\">\n\t\t\t<span class=\"elementor-divider-separator\">\n\t\t\t\t\t\t<\/span>\n\t\t<\/div>\n\t\t\t\t\t\t<\/div>\n\t\t\t\t<\/div>\n\t\t\t\t<div class=\"elementor-element elementor-element-c67f4e5 animated-slow elementor-invisible elementor-widget elementor-widget-heading\" data-id=\"c67f4e5\" data-element_type=\"widget\" data-e-type=\"widget\" data-settings=\"{&quot;_animation&quot;:&quot;fadeIn&quot;}\" data-widget_type=\"heading.default\">\n\t\t\t\t<div class=\"elementor-widget-container\">\n\t\t\t\t\t<div class=\"elementor-heading-title elementor-size-default\">02.<\/div>\t\t\t\t<\/div>\n\t\t\t\t<\/div>\n\t\t\t\t<div class=\"elementor-element elementor-element-702c376f animated-slow elementor-invisible elementor-widget elementor-widget-houzez_elementor_section_title\" data-id=\"702c376f\" data-element_type=\"widget\" data-e-type=\"widget\" data-settings=\"{&quot;_animation&quot;:&quot;fadeIn&quot;}\" data-widget_type=\"houzez_elementor_section_title.default\">\n\t\t\t\t<div class=\"elementor-widget-container\">\n\t\t\t\t\t            <div class=\"houzez_section_title_wrap section-title-module\">\n                                    <h2 class=\"houzez_section_title\">Wir sind diskret<\/h2>\n                \n                                    <p class=\"houzez_section_subtitle\">Wir ver\u00f6ffentlichen keine Informationen zu den Kauf- oder Kaufvertr\u00e4gen, um Ihre Privatsph\u00e4re zu sch\u00fctzen.<\/p>\n                            <\/div>\n            \t\t\t\t<\/div>\n\t\t\t\t<\/div>\n\t\t\t\t<div class=\"elementor-element elementor-element-705a2097 elementor-widget-divider--view-line elementor-widget elementor-widget-divider\" data-id=\"705a2097\" data-element_type=\"widget\" data-e-type=\"widget\" data-widget_type=\"divider.default\">\n\t\t\t\t<div class=\"elementor-widget-container\">\n\t\t\t\t\t\t\t<div class=\"elementor-divider\">\n\t\t\t<span class=\"elementor-divider-separator\">\n\t\t\t\t\t\t<\/span>\n\t\t<\/div>\n\t\t\t\t\t\t<\/div>\n\t\t\t\t<\/div>\n\t\t\t\t<div class=\"elementor-element elementor-element-138252d9 animated-slow elementor-invisible elementor-widget elementor-widget-heading\" data-id=\"138252d9\" data-element_type=\"widget\" data-e-type=\"widget\" data-settings=\"{&quot;_animation&quot;:&quot;fadeIn&quot;}\" data-widget_type=\"heading.default\">\n\t\t\t\t<div class=\"elementor-widget-container\">\n\t\t\t\t\t<div class=\"elementor-heading-title elementor-size-default\">03.<\/div>\t\t\t\t<\/div>\n\t\t\t\t<\/div>\n\t\t\t\t<div class=\"elementor-element elementor-element-4051249c animated-slow elementor-invisible elementor-widget elementor-widget-houzez_elementor_section_title\" data-id=\"4051249c\" data-element_type=\"widget\" data-e-type=\"widget\" data-settings=\"{&quot;_animation&quot;:&quot;fadeIn&quot;}\" data-widget_type=\"houzez_elementor_section_title.default\">\n\t\t\t\t<div class=\"elementor-widget-container\">\n\t\t\t\t\t            <div class=\"houzez_section_title_wrap section-title-module\">\n                                    <h2 class=\"houzez_section_title\">keine Kosten<\/h2>\n                \n                                    <p class=\"houzez_section_subtitle\">es sei, Sie bestehen darauf.<\/p>\n                            <\/div>\n            \t\t\t\t<\/div>\n\t\t\t\t<\/div>\n\t\t\t\t<div class=\"elementor-element elementor-element-66ebd381 elementor-widget-divider--view-line elementor-widget elementor-widget-divider\" data-id=\"66ebd381\" data-element_type=\"widget\" data-e-type=\"widget\" data-widget_type=\"divider.default\">\n\t\t\t\t<div class=\"elementor-widget-container\">\n\t\t\t\t\t\t\t<div class=\"elementor-divider\">\n\t\t\t<span class=\"elementor-divider-separator\">\n\t\t\t\t\t\t<\/span>\n\t\t<\/div>\n\t\t\t\t\t\t<\/div>\n\t\t\t\t<\/div>\n\t\t\t\t\t<\/div>\n\t\t<\/div>\n\t\t\t\t<div class=\"elementor-column elementor-col-50 elementor-inner-column elementor-element elementor-element-421eee4b animated-slow elementor-invisible\" data-id=\"421eee4b\" data-element_type=\"column\" data-e-type=\"column\" data-settings=\"{&quot;background_background&quot;:&quot;classic&quot;,&quot;animation&quot;:&quot;fadeIn&quot;,&quot;animation_delay&quot;:1000}\">\n\t\t\t<div class=\"elementor-widget-wrap elementor-element-populated\">\n\t\t\t\t\t\t<div class=\"elementor-element elementor-element-88966a7 elementor-widget elementor-widget-heading\" data-id=\"88966a7\" data-element_type=\"widget\" data-e-type=\"widget\" data-widget_type=\"heading.default\">\n\t\t\t\t<div class=\"elementor-widget-container\">\n\t\t\t\t\t<h5 class=\"elementor-heading-title elementor-size-default\">Hotel verkaufen-, verpachten lassen<\/h5>\t\t\t\t<\/div>\n\t\t\t\t<\/div>\n\t\t\t\t<div class=\"elementor-element elementor-element-1573185 animated-slow elementor-invisible elementor-widget elementor-widget-houzez_elementor_section_title\" data-id=\"1573185\" data-element_type=\"widget\" data-e-type=\"widget\" data-settings=\"{&quot;_animation&quot;:&quot;fadeIn&quot;}\" data-widget_type=\"houzez_elementor_section_title.default\">\n\t\t\t\t<div class=\"elementor-widget-container\">\n\t\t\t\t\t            <div class=\"houzez_section_title_wrap section-title-module\">\n                \n                                    <p class=\"houzez_section_subtitle\">Treten Sie in Kontakt mit uns auf. <br>\nHaben Sie ein Expos\u00e9, oder ein paar sch\u00f6ne Bilder?<br>Schreiben Sie vorweg nur paar Worte zum Hotel. <br>Wir melden uns zur\u00fcck.<\/p>\n                            <\/div>\n            \t\t\t\t<\/div>\n\t\t\t\t<\/div>\n\t\t\t\t<div class=\"elementor-element elementor-element-59df9fa elementor-button-align-stretch elementor-widget elementor-widget-form\" data-id=\"59df9fa\" data-element_type=\"widget\" data-e-type=\"widget\" data-settings=\"{&quot;step_next_label&quot;:&quot;N\\u00e4chster&quot;,&quot;step_previous_label&quot;:&quot;Voriger&quot;,&quot;button_width&quot;:&quot;100&quot;,&quot;step_type&quot;:&quot;number_text&quot;,&quot;step_icon_shape&quot;:&quot;circle&quot;}\" data-widget_type=\"form.default\">\n\t\t\t\t<div class=\"elementor-widget-container\">\n\t\t\t\t\t\t\t<form class=\"elementor-form\" method=\"post\" name=\"Neues Formular\" aria-label=\"Neues Formular\">\n\t\t\t<input type=\"hidden\" name=\"post_id\" value=\"17566\"\/>\n\t\t\t<input type=\"hidden\" name=\"form_id\" value=\"59df9fa\"\/>\n\t\t\t<input type=\"hidden\" name=\"referer_title\" value=\"Gastronomie Anzeigen - Kauf-, und Pachtb\u00f6rse f\u00fcr Hotels-, und Gastronomie\" \/>\n\n\t\t\t\t\t\t\t<input type=\"hidden\" name=\"queried_id\" value=\"17566\"\/>\n\t\t\t\n\t\t\t<div class=\"elementor-form-fields-wrapper elementor-labels-\">\n\t\t\t\t\t\t\t\t<div class=\"elementor-field-type-text elementor-field-group elementor-column elementor-field-group-name elementor-col-100 elementor-field-required\">\n\t\t\t\t\t\t\t\t\t\t\t\t<label for=\"form-field-name\" class=\"elementor-field-label elementor-screen-only\">\n\t\t\t\t\t\t\t\tName\t\t\t\t\t\t\t<\/label>\n\t\t\t\t\t\t\t\t\t\t\t\t\t\t<input size=\"1\" type=\"text\" name=\"form_fields[name]\" id=\"form-field-name\" class=\"elementor-field elementor-size-sm  elementor-field-textual\" placeholder=\"Name\" required=\"required\">\n\t\t\t\t\t\t\t\t\t\t\t<\/div>\n\t\t\t\t\t\t\t\t<div class=\"elementor-field-type-email elementor-field-group elementor-column elementor-field-group-email elementor-col-100 elementor-field-required\">\n\t\t\t\t\t\t\t\t\t\t\t\t<label for=\"form-field-email\" class=\"elementor-field-label elementor-screen-only\">\n\t\t\t\t\t\t\t\tE-Mail\t\t\t\t\t\t\t<\/label>\n\t\t\t\t\t\t\t\t\t\t\t\t\t\t<input size=\"1\" type=\"email\" name=\"form_fields[email]\" id=\"form-field-email\" class=\"elementor-field elementor-size-sm  elementor-field-textual\" placeholder=\"E-Mail\" required=\"required\">\n\t\t\t\t\t\t\t\t\t\t\t<\/div>\n\t\t\t\t\t\t\t\t<div class=\"elementor-field-type-select elementor-field-group elementor-column elementor-field-group-field_a9d3285 elementor-col-100 elementor-field-required\">\n\t\t\t\t\t\t\t\t\t\t\t\t<label for=\"form-field-field_a9d3285\" class=\"elementor-field-label elementor-screen-only\">\n\t\t\t\t\t\t\t\tBetriebsart\t\t\t\t\t\t\t<\/label>\n\t\t\t\t\t\t\t\t<div class=\"elementor-field elementor-select-wrapper remove-before \">\n\t\t\t<div class=\"select-caret-down-wrapper\">\n\t\t\t\t<i aria-hidden=\"true\" class=\"eicon-caret-down\"><\/i>\t\t\t<\/div>\n\t\t\t<select name=\"form_fields[field_a9d3285]\" id=\"form-field-field_a9d3285\" class=\"elementor-field-textual elementor-size-sm\" required=\"required\">\n\t\t\t\t\t\t\t\t\t<option value=\"Hotel Garni\">Hotel Garni<\/option>\n\t\t\t\t\t\t\t\t\t<option value=\"Hotel\">Hotel<\/option>\n\t\t\t\t\t\t\t<\/select>\n\t\t<\/div>\n\t\t\t\t\t\t<\/div>\n\t\t\t\t\t\t\t\t<div class=\"elementor-field-type-textarea elementor-field-group elementor-column elementor-field-group-message elementor-col-100\">\n\t\t\t\t\t\t\t\t\t\t\t\t<label for=\"form-field-message\" class=\"elementor-field-label elementor-screen-only\">\n\t\t\t\t\t\t\t\tNachricht\t\t\t\t\t\t\t<\/label>\n\t\t\t\t\t\t<textarea class=\"elementor-field-textual elementor-field  elementor-size-sm\" name=\"form_fields[message]\" id=\"form-field-message\" rows=\"4\" placeholder=\"Nachricht\"><\/textarea>\t\t\t\t<\/div>\n\t\t\t\t\t\t\t\t<div class=\"elementor-field-type-upload elementor-field-group elementor-column elementor-field-group-field_450f066 elementor-col-100\">\n\t\t\t\t\t\t\t\t\t\t\t\t<label for=\"form-field-field_450f066\" class=\"elementor-field-label elementor-screen-only\">\n\t\t\t\t\t\t\t\tExpos\u00e8\t\t\t\t\t\t\t<\/label>\n\t\t\t\t\t\t\t\t<input type=\"file\" name=\"form_fields[field_450f066][]\" id=\"form-field-field_450f066\" class=\"elementor-field elementor-size-sm  elementor-upload-field\" multiple=\"multiple\" data-maxsize=\"6\" data-maxsize-message=\"Diese Datei \u00fcbersteigt die maximale Dateigr\u00f6\u00dfe.\">\n\n\t\t\t\t\t\t<\/div>\n\t\t\t\t\t\t\t\t<div class=\"elementor-field-type-recaptcha_v3 elementor-field-group elementor-column elementor-field-group-field_b45c3bb elementor-col-100 recaptcha_v3-bottomright\">\n\t\t\t\t\t<div class=\"elementor-field\" id=\"form-field-field_b45c3bb\"><div class=\"elementor-g-recaptcha\" data-sitekey=\"6LesTMccAAAAAJ4WBew7NnWjqGPLq6CXb2e3n-f2\" data-type=\"v3\" data-action=\"Form\" data-badge=\"bottomright\" data-size=\"invisible\"><\/div><\/div>\t\t\t\t<\/div>\n\t\t\t\t\t\t\t\t<div class=\"elementor-field-type-checkbox elementor-field-group elementor-column elementor-field-group-field_bf2337d elementor-col-100\">\n\t\t\t\t\t\t\t\t\t\t\t\t<label for=\"form-field-field_bf2337d\" class=\"elementor-field-label elementor-screen-only\">\n\t\t\t\t\t\t\t\tAGBs und Datenschutz\t\t\t\t\t\t\t<\/label>\n\t\t\t\t\t\t<div class=\"elementor-field-subgroup  \"><span class=\"elementor-field-option\"><input type=\"checkbox\" value=\"Ich habe die &lt;a href=&quot;\/gastronomie\/terms-and-conditions\/&quot; target=&quot;_blank&quot; rel=&quot;noopener&quot;&gt;AGBs und Datenschutz&lt;\/a&gt; gelesen und bin damit einverstanden.\" id=\"form-field-field_bf2337d-0\" name=\"form_fields[field_bf2337d]\"> <label for=\"form-field-field_bf2337d-0\">Ich habe die <a href=\"\/gastronomie\/terms-and-conditions\/\" target=\"_blank\" rel=\"noopener\">AGBs und Datenschutz<\/a> gelesen und bin damit einverstanden.<\/label><\/span><\/div>\t\t\t\t<\/div>\n\t\t\t\t\t\t\t\t<div class=\"elementor-field-group elementor-column elementor-field-type-submit elementor-col-100 e-form__buttons\">\n\t\t\t\t\t<button class=\"elementor-button elementor-size-sm\" type=\"submit\">\n\t\t\t\t\t\t<span class=\"elementor-button-content-wrapper\">\n\t\t\t\t\t\t\t\t\t\t\t\t\t\t\t\t\t\t\t\t\t\t<span class=\"elementor-button-text\">Senden<\/span>\n\t\t\t\t\t\t\t\t\t\t\t\t\t<\/span>\n\t\t\t\t\t<\/button>\n\t\t\t\t<\/div>\n\t\t\t<\/div>\n\t\t<\/form>\n\t\t\t\t\t\t<\/div>\n\t\t\t\t<\/div>\n\t\t\t\t<div class=\"elementor-element elementor-element-af40425 animated-slow elementor-invisible elementor-widget elementor-widget-houzez_elementor_section_title\" data-id=\"af40425\" data-element_type=\"widget\" data-e-type=\"widget\" data-settings=\"{&quot;_animation&quot;:&quot;fadeIn&quot;}\" data-widget_type=\"houzez_elementor_section_title.default\">\n\t\t\t\t<div class=\"elementor-widget-container\">\n\t\t\t\t\t            <div class=\"houzez_section_title_wrap section-title-module\">\n                \n                                    <p class=\"houzez_section_subtitle\">Anders als ein Hotelmakler sind wir kein Teil der Hotellerie.<br>\n\nWir verkaufen im Auftrag von Privatanlegern oder Einzelverk\u00e4ufern, die nicht m\u00f6chten, dass ihre Immobilie auf einer \u00f6ffentlichen Website beworben oder gelistet wird.\n<br> <br>F\u00fcr unsere Kunden arbeiten wir stets diskret und vertraulich.<\/p>\n                            <\/div>\n            \t\t\t\t<\/div>\n\t\t\t\t<\/div>\n\t\t\t\t\t<\/div>\n\t\t<\/div>\n\t\t\t\t\t<\/div>\n\t\t<\/section>\n\t\t\t\t\t<\/div>\n\t\t<\/div>\n\t\t\t\t\t<\/div>\n\t\t<\/section>\n\t\t\t\t<\/div>\n\t\t","protected":false},"excerpt":{"rendered":"<p>Kauf-, Und Pachtb\u00f6rse F\u00fcr Hotels Und Gastronomie jetzt inserierenjetzt inserierenjetzt inserieren Hotel-, und Gastronomie Anzeigen Finden Sie Ihr n\u00e4chstes Restaurant oder Hotel zum Kaufen, Pachten oder Mieten in der meist durchsuchten Immobiliendatenbank der Hotellerie \/ Gastronomie. Erstellen Sie ihre Anzeige einfach in wenigen Minuten. Wir machen es Ihnen mit unserer optimierten, benutzerfreundlichen Oberfl\u00e4che leicht. Pachten [&hellip;]<\/p>\n","protected":false},"author":1,"featured_media":17875,"parent":0,"menu_order":1,"comment_status":"closed","ping_status":"closed","template":"template\/template-homepage.php","meta":{"footnotes":""},"class_list":["post-17566","page","type-page","status-publish","has-post-thumbnail","hentry"],"aioseo_notices":[],"_links":{"self":[{"href":"https:\/\/www.gastro-pacht.de\/gastronomie\/wp-json\/wp\/v2\/pages\/17566","targetHints":{"allow":["GET"]}}],"collection":[{"href":"https:\/\/www.gastro-pacht.de\/gastronomie\/wp-json\/wp\/v2\/pages"}],"about":[{"href":"https:\/\/www.gastro-pacht.de\/gastronomie\/wp-json\/wp\/v2\/types\/page"}],"author":[{"embeddable":true,"href":"https:\/\/www.gastro-pacht.de\/gastronomie\/wp-json\/wp\/v2\/users\/1"}],"replies":[{"embeddable":true,"href":"https:\/\/www.gastro-pacht.de\/gastronomie\/wp-json\/wp\/v2\/comments?post=17566"}],"version-history":[{"count":87,"href":"https:\/\/www.gastro-pacht.de\/gastronomie\/wp-json\/wp\/v2\/pages\/17566\/revisions"}],"predecessor-version":[{"id":23388,"href":"https:\/\/www.gastro-pacht.de\/gastronomie\/wp-json\/wp\/v2\/pages\/17566\/revisions\/23388"}],"wp:featuredmedia":[{"embeddable":true,"href":"https:\/\/www.gastro-pacht.de\/gastronomie\/wp-json\/wp\/v2\/media\/17875"}],"wp:attachment":[{"href":"https:\/\/www.gastro-pacht.de\/gastronomie\/wp-json\/wp\/v2\/media?parent=17566"}],"curies":[{"name":"wp","href":"https:\/\/api.w.org\/{rel}","templated":true}]}}